{"id":330,"date":"2020-01-11T01:31:50","date_gmt":"2020-01-11T01:31:50","guid":{"rendered":"https:\/\/demos.kadencewp.com\/blocks-active\/?page_id=6"},"modified":"2024-06-18T11:35:12","modified_gmt":"2024-06-18T11:35:12","slug":"mediterra-veranda","status":"publish","type":"page","link":"https:\/\/www.mediterra-veranda.de\/wps\/","title":{"rendered":"HK Alutechnik"},"content":{"rendered":"<style>.kb-row-layout-id330_8657ec-6a > .kt-row-column-wrap{align-content:start;}:where(.kb-row-layout-id330_8657ec-6a > .kt-row-column-wrap) > .wp-block-kadence-column{justify-content:start;}.kb-row-layout-id330_8657ec-6a > .kt-row-column-wrap{column-gap:var(--global-kb-gap-md, 2rem);row-gap:var(--global-kb-gap-md, 2rem);padding-top:253px;padding-right:25px;padding-bottom:100px;padding-left:25px;grid-template-columns:minmax(0, 1fr);}.kb-row-layout-id330_8657ec-6a{background-image:url('https:\/\/www.mediterra-veranda.de\/wps\/wp-content\/uploads\/2021\/02\/Lamellendach3-scaled.jpg');background-size:cover;background-position:50% 50%;background-attachment:fixed;background-repeat:no-repeat;}.kb-row-layout-id330_8657ec-6a > .kt-row-layout-overlay{opacity:0.55;background:linear-gradient(180deg, #505050 0%, #000000 100%);}.kb-row-layout-id330_8657ec-6a .kt-row-layout-bottom-sep{height:100px;}.kb-row-layout-id330_8657ec-6a .kt-row-layout-bottom-sep svg{width:100%;}.kb-row-layout-id330_8657ec-6a .kt-row-layout-bottom-sep svg{fill:#ffffff!important;}@media all and (max-width: 1024px), only screen and (min-device-width: 1024px) and (max-device-width: 1366px) and (-webkit-min-device-pixel-ratio: 2) and (orientation: landscape) and (hover: none){.kb-row-layout-id330_8657ec-6a{background-attachment:scroll;}}@media all and (max-width: 1024px){.kb-row-layout-id330_8657ec-6a > .kt-row-column-wrap{grid-template-columns:minmax(0, 1fr);}}@media all and (max-width: 1024px){.kb-row-layout-id330_8657ec-6a .kt-row-layout-bottom-sep{height:px;}}@media all and (max-width: 1024px){.kb-row-layout-id330_8657ec-6a .kt-row-layout-bottom-sep svg{width:%;}}@media all and (max-width: 767px){.kb-row-layout-id330_8657ec-6a > .kt-row-column-wrap{grid-template-columns:minmax(0, 1fr);}.kb-row-layout-id330_8657ec-6a .kt-row-layout-bottom-sep{height:255px;}.kb-row-layout-id330_8657ec-6a .kt-row-layout-bottom-sep svg{width:255%;}}<\/style><div class=\"kb-row-layout-wrap kb-row-layout-id330_8657ec-6a alignnone kt-row-has-bg wp-block-kadence-rowlayout\"><div class=\"kt-row-layout-overlay kt-row-overlay-gradient\"><\/div><div class=\"kt-row-column-wrap kt-has-1-columns kt-row-layout-equal kt-tab-layout-inherit kt-mobile-layout-row kt-row-valign-top\">\n<style>.kadence-column330_78a373-b8 > .kt-inside-inner-col,.kadence-column330_78a373-b8 > .kt-inside-inner-col:before{border-top-left-radius:0px;border-top-right-radius:0px;border-bottom-right-radius:0px;border-bottom-left-radius:0px;}.kadence-column330_78a373-b8 > .kt-inside-inner-col{column-gap:var(--global-kb-gap-sm, 1rem);}.kadence-column330_78a373-b8 > .kt-inside-inner-col{flex-direction:column;}.kadence-column330_78a373-b8 > .kt-inside-inner-col > .aligncenter{width:100%;}.kadence-column330_78a373-b8 > .kt-inside-inner-col:before{opacity:0.3;}.kadence-column330_78a373-b8{position:relative;}@media all and (max-width: 1024px){.kadence-column330_78a373-b8 > .kt-inside-inner-col{flex-direction:column;}}@media all and (max-width: 767px){.kadence-column330_78a373-b8 > .kt-inside-inner-col{flex-direction:column;}}<\/style>\n<div class=\"wp-block-kadence-column kadence-column330_78a373-b8 inner-column-1\"><div class=\"kt-inside-inner-col\"><style>.wp-block-kadence-advancedheading.kt-adv-heading330_894745-6f, .wp-block-kadence-advancedheading.kt-adv-heading330_894745-6f[data-kb-block=\"kb-adv-heading330_894745-6f\"]{margin-bottom:20px;text-align:center;font-size:56px;line-height:1.2em;font-style:normal;color:#ffffff;}.wp-block-kadence-advancedheading.kt-adv-heading330_894745-6f mark, .wp-block-kadence-advancedheading.kt-adv-heading330_894745-6f[data-kb-block=\"kb-adv-heading330_894745-6f\"] mark{font-style:normal;color:#f76a0c;padding-top:0px;padding-right:0px;padding-bottom:0px;padding-left:0px;}@media all and (max-width: 767px){.wp-block-kadence-advancedheading.kt-adv-heading330_894745-6f, .wp-block-kadence-advancedheading.kt-adv-heading330_894745-6f[data-kb-block=\"kb-adv-heading330_894745-6f\"]{font-size:60px;}}<\/style>\n<h2 class=\"kt-adv-heading330_894745-6f wp-block-kadence-advancedheading\" data-kb-block=\"kb-adv-heading330_894745-6f\">Wind-, Wetter- und Sonnenschutz<\/h2>\n\n\n<style>.wp-block-kadence-advancedheading.kt-adv-heading330_d42226-6b, .wp-block-kadence-advancedheading.kt-adv-heading330_d42226-6b[data-kb-block=\"kb-adv-heading330_d42226-6b\"]{margin-top:25px;margin-bottom:50px;text-align:center;font-size:30px;font-weight:300;font-style:normal;text-transform:none;color:#ffffff;}.wp-block-kadence-advancedheading.kt-adv-heading330_d42226-6b mark, .wp-block-kadence-advancedheading.kt-adv-heading330_d42226-6b[data-kb-block=\"kb-adv-heading330_d42226-6b\"] mark{font-style:normal;color:#f76a0c;padding-top:0px;padding-right:0px;padding-bottom:0px;padding-left:0px;}@media all and (max-width: 767px){.wp-block-kadence-advancedheading.kt-adv-heading330_d42226-6b, .wp-block-kadence-advancedheading.kt-adv-heading330_d42226-6b[data-kb-block=\"kb-adv-heading330_d42226-6b\"]{font-size:20px;}}<\/style>\n<p class=\"kt-adv-heading330_d42226-6b wp-block-kadence-advancedheading\" data-kb-block=\"kb-adv-heading330_d42226-6b\">HK-Alutechnik hat die L\u00f6sung f\u00fcr Sie!<\/p>\n\n\n<style>.wp-block-kadence-advancedbtn.kb-btns330_7a93f4-1b{gap:var(--global-kb-gap-xs, 0.5rem );justify-content:center;align-items:center;}.kt-btns330_7a93f4-1b .kt-button{font-weight:normal;font-style:normal;}<\/style>\n<div class=\"wp-block-kadence-advancedbtn kb-buttons-wrap kb-btns330_7a93f4-1b\"><style>ul.menu .wp-block-kadence-advancedbtn .kb-btn330_c96656-06.kb-button{width:initial;}.wp-block-kadence-advancedbtn .kb-btn330_c96656-06.kb-button{color:#ffffff;background:rgba(237, 143, 12, 0.46);font-size:24px;text-transform:none;border-top-left-radius:0px;border-top-right-radius:0px;border-bottom-right-radius:0px;border-bottom-left-radius:0px;border-top:2px solid #ffffff;border-right:2px solid #ffffff;border-bottom:2px solid #ffffff;border-left:2px solid #ffffff;padding-top:10px;padding-right:50px;padding-bottom:10px;padding-left:50px;}.wp-block-kadence-advancedbtn .kb-btn330_c96656-06.kb-button:hover{color:#444;background:#ffffff;border-top-color:#ffffff;border-top-style:solid;border-right-color:#ffffff;border-right-style:solid;border-bottom-color:#ffffff;border-bottom-style:solid;border-left-color:#ffffff;border-left-style:solid;}@media all and (max-width: 1024px){.wp-block-kadence-advancedbtn .kb-btn330_c96656-06.kb-button{border-top:2px solid #ffffff;border-right:2px solid #ffffff;border-bottom:2px solid #ffffff;border-left:2px solid #ffffff;}}@media all and (max-width: 1024px){.wp-block-kadence-advancedbtn .kb-btn330_c96656-06.kb-button:hover{border-top-color:#ffffff;border-top-style:solid;border-right-color:#ffffff;border-right-style:solid;border-bottom-color:#ffffff;border-bottom-style:solid;border-left-color:#ffffff;border-left-style:solid;}}@media all and (max-width: 1024px){.kb-btn330_c96656-06.kb-button .kb-svg-icon-wrap{display:block;}}@media all and (max-width: 767px){.wp-block-kadence-advancedbtn .kb-btn330_c96656-06.kb-button{font-size:20px;border-top:2px solid #ffffff;border-right:2px solid #ffffff;border-bottom:2px solid #ffffff;border-left:2px solid #ffffff;}.wp-block-kadence-advancedbtn .kb-btn330_c96656-06.kb-button:hover{border-top-color:#ffffff;border-top-style:solid;border-right-color:#ffffff;border-right-style:solid;border-bottom-color:#ffffff;border-bottom-style:solid;border-left-color:#ffffff;border-left-style:solid;}}<\/style><a class=\"kb-button kt-button button kb-btn330_c96656-06 kt-btn-size-standard kt-btn-width-type-auto kb-btn-global-outline kt-btn-has-text-true kt-btn-has-svg-false wp-block-kadence-singlebtn\" href=\"https:\/\/www.mediterra-veranda.de\/wps\/index.php\/kontakt\/\"><span class=\"kt-btn-inner-text\">Kontakt<\/span><\/a><\/div>\n\n\n<style>.wp-block-kadence-spacer.kt-block-spacer-330_3401ff-f1 .kt-block-spacer{height:120px;}.wp-block-kadence-spacer.kt-block-spacer-330_3401ff-f1 .kt-divider{border-top-width:1px;height:1px;border-top-color:#eee;width:80%;border-top-style:solid;}<\/style>\n<div class=\"wp-block-kadence-spacer aligncenter kt-block-spacer-330_3401ff-f1\"><div class=\"kt-block-spacer kt-block-spacer-halign-center\"><\/div><\/div>\n<\/div><\/div>\n\n<\/div><\/div>\n\n\n<div class=\"wp-block-columns is-layout-flex wp-container-core-columns-is-layout-2 wp-block-columns-is-layout-flex\">\n<div class=\"wp-block-column is-layout-flow wp-block-column-is-layout-flow\" style=\"flex-basis:100%\"><style>.wp-block-kadence-advancedheading.kt-adv-heading330_8c4a0b-31, .wp-block-kadence-advancedheading.kt-adv-heading330_8c4a0b-31[data-kb-block=\"kb-adv-heading330_8c4a0b-31\"]{margin-bottom:10px;text-align:center;font-size:28px;font-style:normal;color:rgba(120,181,25,0.85);}.wp-block-kadence-advancedheading.kt-adv-heading330_8c4a0b-31 mark, .wp-block-kadence-advancedheading.kt-adv-heading330_8c4a0b-31[data-kb-block=\"kb-adv-heading330_8c4a0b-31\"] mark{font-style:normal;color:#f76a0c;padding-top:0px;padding-right:0px;padding-bottom:0px;padding-left:0px;}<\/style>\n<h4 class=\"kt-adv-heading330_8c4a0b-31 wp-block-kadence-advancedheading\" data-kb-block=\"kb-adv-heading330_8c4a0b-31\"><strong>HK-Alutechnik \u2013 Ihr Partner f\u00fcr Terrassen\u00fcberdachungen aller Art<\/strong><\/h4>\n\n\n\n<p class=\"has-text-align-center\"><strong>Wind- und Wetterschutz oder Wohnraum f\u00fcr Terrasse, Freisitz, Balkon oder Dachloggia<\/strong><\/p>\n\n\n\n<div class=\"wp-block-columns is-layout-flex wp-container-core-columns-is-layout-1 wp-block-columns-is-layout-flex\">\n<div class=\"wp-block-column is-layout-flow wp-block-column-is-layout-flow\" style=\"flex-basis:100%\">\n<p class=\"has-text-align-center has-theme-palette-8-background-color has-background\">      <strong>Wie oft \u2026<\/strong><br>       \u2026 haben Sie sich in den letzten Jahren in Ihrer kostbaren Freizeit zuhause \u00fcber <strong>unbest\u00e4ndiges Wetter<\/strong> ge\u00e4rgert?<br>       \u2026 haben Sie Ihre <strong>Terrassenm\u00f6bel und -polster hin und herger\u00e4umt<\/strong>?<br>       \u2026 haben Sie den gedeckten Tisch <strong>von Ihrer Terrasse nach innen verlegt<\/strong>, da sich eine Wolke genau \u00fcber Ihnen entl\u00e4dt?<br>       \u2026 sind Sie von der Terrasse beim Zeitungslesen gefl\u00fcchtet, weil der <strong>Wind<\/strong> alle Seiten im Garten verteilt hat?<\/p>\n\n\n\n<p><\/p>\n<\/div>\n<\/div>\n\n\n\n<p class=\"has-text-align-center has-theme-palette-1-color has-text-color\" style=\"font-size:20px\">                      <strong> Individuelle Beratung, Aufma\u00df, Fertigung und Montage &#8211; Alles aus einer Hand!<\/strong><\/p>\n\n\n\n<p><\/p>\n\n\n\n<p><\/p>\n<\/div>\n<\/div>\n\n\n<style>.kb-row-layout-id330_ab90fd-2b > .kt-row-column-wrap{align-content:start;}:where(.kb-row-layout-id330_ab90fd-2b > .kt-row-column-wrap) > .wp-block-kadence-column{justify-content:start;}.kb-row-layout-id330_ab90fd-2b > .kt-row-column-wrap{column-gap:var(--global-kb-gap-md, 2rem);row-gap:var(--global-kb-gap-md, 2rem);max-width:1200px;margin-left:auto;margin-right:auto;padding-top:30px;padding-right:25px;padding-bottom:30px;padding-left:25px;grid-template-columns:minmax(0, 1fr);}.kb-row-layout-id330_ab90fd-2b{background-color:rgba(31,41,51,0.07);}.kb-row-layout-id330_ab90fd-2b > .kt-row-layout-overlay{opacity:0.30;}.kb-row-layout-id330_ab90fd-2b .kt-row-layout-bottom-sep{height:100px;}.kb-row-layout-id330_ab90fd-2b .kt-row-layout-bottom-sep svg{width:100%;}.kb-row-layout-id330_ab90fd-2b .kt-row-layout-bottom-sep svg{fill:#ffffff!important;}@media all and (max-width: 1024px){.kb-row-layout-id330_ab90fd-2b > .kt-row-column-wrap{grid-template-columns:minmax(0, 1fr);}}@media all and (max-width: 1024px){.kb-row-layout-id330_ab90fd-2b .kt-row-layout-bottom-sep{height:px;}}@media all and (max-width: 1024px){.kb-row-layout-id330_ab90fd-2b .kt-row-layout-bottom-sep svg{width:%;}}@media all and (max-width: 767px){.kb-row-layout-id330_ab90fd-2b > .kt-row-column-wrap{grid-template-columns:minmax(0, 1fr);}.kb-row-layout-id330_ab90fd-2b .kt-row-layout-bottom-sep{height:px;}.kb-row-layout-id330_ab90fd-2b .kt-row-layout-bottom-sep svg{width:%;}}<\/style><div class=\"kb-row-layout-wrap kb-row-layout-id330_ab90fd-2b alignnone kt-row-has-bg wp-block-kadence-rowlayout\"><div class=\"kt-row-column-wrap kt-has-1-columns kt-row-layout-equal kt-tab-layout-inherit kt-mobile-layout-row kt-row-valign-top\">\n<style>.kadence-column330_37897a-6e > .kt-inside-inner-col,.kadence-column330_37897a-6e > .kt-inside-inner-col:before{border-top-left-radius:0px;border-top-right-radius:0px;border-bottom-right-radius:0px;border-bottom-left-radius:0px;}.kadence-column330_37897a-6e > .kt-inside-inner-col{column-gap:var(--global-kb-gap-sm, 1rem);}.kadence-column330_37897a-6e > .kt-inside-inner-col{flex-direction:column;}.kadence-column330_37897a-6e > .kt-inside-inner-col > .aligncenter{width:100%;}.kadence-column330_37897a-6e > .kt-inside-inner-col:before{opacity:0.3;}.kadence-column330_37897a-6e{position:relative;}@media all and (max-width: 1024px){.kadence-column330_37897a-6e > .kt-inside-inner-col{flex-direction:column;}}@media all and (max-width: 767px){.kadence-column330_37897a-6e > .kt-inside-inner-col{flex-direction:column;}}<\/style>\n<div class=\"wp-block-kadence-column kadence-column330_37897a-6e inner-column-1\"><div class=\"kt-inside-inner-col\">\n<h6 class=\"wp-block-heading has-text-align-center has-theme-palette-7-background-color has-background\"><span class=\"has-inline-color has-theme-palette-4-color\"><strong>Durch uns erhalten Sie eine auf Ihre Bed\u00fcrfnisse zugeschnittene L\u00f6sung:<br>eine komfortable Terrassen\u00fcberdachung oder einen neuen Wohnraum<\/strong>         <strong><br>Lassen Sie sich von den Vorteilen der unterschiedlichen Systeme \u00fcberzeugen:<\/strong><\/span><\/h6>\n\n\n\n<p><\/p>\n<\/div><\/div>\n\n<\/div><\/div>\n\n<style>.kb-row-layout-id330_884c43-1d > .kt-row-column-wrap{align-content:start;}:where(.kb-row-layout-id330_884c43-1d > .kt-row-column-wrap) > .wp-block-kadence-column{justify-content:start;}.kb-row-layout-id330_884c43-1d > .kt-row-column-wrap{column-gap:40px;row-gap:var(--global-kb-gap-md, 2rem);max-width:var( --global-content-width, 1290px );padding-left:var(--global-content-edge-padding);padding-right:var(--global-content-edge-padding);padding-top:50px;padding-right:25px;padding-bottom:80px;padding-left:25px;grid-template-columns:repeat(4, minmax(0, 1fr));}.kb-row-layout-id330_884c43-1d > .kt-row-layout-overlay{opacity:0.30;}@media all and (max-width: 1024px){.kb-row-layout-id330_884c43-1d > .kt-row-column-wrap{grid-template-columns:repeat(4, minmax(0, 1fr));}}@media all and (max-width: 767px){.kb-row-layout-id330_884c43-1d > .kt-row-column-wrap{grid-template-columns:minmax(0, 1fr);}}<\/style><div class=\"kb-row-layout-wrap kb-row-layout-id330_884c43-1d alignnone wp-block-kadence-rowlayout\"><div class=\"kt-row-column-wrap kt-has-4-columns kt-row-layout-equal kt-tab-layout-inherit kt-mobile-layout-row kt-row-valign-top kb-theme-content-width\">\n<style>.kadence-column330_7de69c-cb > .kt-inside-inner-col,.kadence-column330_7de69c-cb > .kt-inside-inner-col:before{border-top-left-radius:0px;border-top-right-radius:0px;border-bottom-right-radius:0px;border-bottom-left-radius:0px;}.kadence-column330_7de69c-cb > .kt-inside-inner-col{column-gap:var(--global-kb-gap-sm, 1rem);}.kadence-column330_7de69c-cb > .kt-inside-inner-col{flex-direction:column;}.kadence-column330_7de69c-cb > .kt-inside-inner-col > .aligncenter{width:100%;}.kadence-column330_7de69c-cb > .kt-inside-inner-col:before{opacity:0.3;}.kadence-column330_7de69c-cb{position:relative;}@media all and (max-width: 1024px){.kadence-column330_7de69c-cb > .kt-inside-inner-col{flex-direction:column;}}@media all and (max-width: 767px){.kadence-column330_7de69c-cb > .kt-inside-inner-col{flex-direction:column;}}<\/style>\n<div class=\"wp-block-kadence-column kadence-column330_7de69c-cb inner-column-1\"><div class=\"kt-inside-inner-col\">\n<figure class=\"wp-block-image size-large\"><img loading=\"lazy\" decoding=\"async\" width=\"1024\" height=\"682\" src=\"https:\/\/www.mediterra-veranda.de\/wps\/wp-content\/uploads\/2021\/02\/Bsp_Standard-1024x682.jpg\" alt=\"\" class=\"wp-image-475\" srcset=\"https:\/\/www.mediterra-veranda.de\/wps\/wp-content\/uploads\/2021\/02\/Bsp_Standard-1024x682.jpg 1024w, https:\/\/www.mediterra-veranda.de\/wps\/wp-content\/uploads\/2021\/02\/Bsp_Standard-300x200.jpg 300w, https:\/\/www.mediterra-veranda.de\/wps\/wp-content\/uploads\/2021\/02\/Bsp_Standard-768x512.jpg 768w, https:\/\/www.mediterra-veranda.de\/wps\/wp-content\/uploads\/2021\/02\/Bsp_Standard-1536x1024.jpg 1536w, https:\/\/www.mediterra-veranda.de\/wps\/wp-content\/uploads\/2021\/02\/Bsp_Standard.jpg 2000w\" sizes=\"(max-width: 1024px) 100vw, 1024px\" \/><\/figure>\n\n\n<style>.wp-block-kadence-advancedheading.kt-adv-heading330_970eb3-4c, .wp-block-kadence-advancedheading.kt-adv-heading330_970eb3-4c[data-kb-block=\"kb-adv-heading330_970eb3-4c\"]{margin-bottom:0px;text-align:center;font-size:14px;font-weight:300;font-style:normal;text-transform:uppercase;}.wp-block-kadence-advancedheading.kt-adv-heading330_970eb3-4c mark, .wp-block-kadence-advancedheading.kt-adv-heading330_970eb3-4c[data-kb-block=\"kb-adv-heading330_970eb3-4c\"] mark{font-style:normal;color:#f76a0c;padding-top:0px;padding-right:0px;padding-bottom:0px;padding-left:0px;}<\/style>\n<p class=\"kt-adv-heading330_970eb3-4c wp-block-kadence-advancedheading\" data-kb-block=\"kb-adv-heading330_970eb3-4c\">\u00fcberdachter Wetterschutz<\/p>\n\n\n<style>.wp-block-kadence-advancedheading.kt-adv-heading330_7b959f-48, .wp-block-kadence-advancedheading.kt-adv-heading330_7b959f-48[data-kb-block=\"kb-adv-heading330_7b959f-48\"]{margin-top:0px;text-align:center;font-size:28px;font-style:normal;}.wp-block-kadence-advancedheading.kt-adv-heading330_7b959f-48 mark, .wp-block-kadence-advancedheading.kt-adv-heading330_7b959f-48[data-kb-block=\"kb-adv-heading330_7b959f-48\"] mark{font-style:normal;color:#f76a0c;padding-top:0px;padding-right:0px;padding-bottom:0px;padding-left:0px;}<\/style>\n<h4 class=\"kt-adv-heading330_7b959f-48 wp-block-kadence-advancedheading\" data-kb-block=\"kb-adv-heading330_7b959f-48\"><strong>Terrassen-<\/strong><br><strong>\u00fcberdachung<\/strong><\/h4>\n\n\n<style>.wp-block-kadence-advancedheading.kt-adv-heading330_eb7e14-91, .wp-block-kadence-advancedheading.kt-adv-heading330_eb7e14-91[data-kb-block=\"kb-adv-heading330_eb7e14-91\"]{margin-bottom:25px;text-align:center;font-size:15px;line-height:30px;font-weight:300;font-style:normal;letter-spacing:0px;}.wp-block-kadence-advancedheading.kt-adv-heading330_eb7e14-91 mark, .wp-block-kadence-advancedheading.kt-adv-heading330_eb7e14-91[data-kb-block=\"kb-adv-heading330_eb7e14-91\"] mark{font-style:normal;color:#f76a0c;padding-top:0px;padding-right:0px;padding-bottom:0px;padding-left:0px;}<\/style>\n<p class=\"kt-adv-heading330_eb7e14-91 wp-block-kadence-advancedheading\" data-kb-block=\"kb-adv-heading330_eb7e14-91\">Klassisches oder kubisches Design aus Aluminium-Systemprofilen<\/p>\n\n\n<style>.wp-block-kadence-advancedbtn.kb-btns330_fdab82-a2{gap:0px;justify-content:center;align-items:center;}.kt-btns330_fdab82-a2 .kt-button{font-weight:normal;font-style:normal;}<\/style>\n<div class=\"wp-block-kadence-advancedbtn kb-buttons-wrap kb-btns330_fdab82-a2\"><style>ul.menu .wp-block-kadence-advancedbtn .kb-btn330_528f7a-09.kb-button{width:initial;}.wp-block-kadence-advancedbtn .kb-btn330_528f7a-09.kb-button{color:var(--global-palette1, #3182CE);font-size:nonepx;border-top-left-radius:0px;border-top-right-radius:0px;border-bottom-right-radius:0px;border-bottom-left-radius:0px;border-top:2px solid var(--global-palette1, #3182CE);border-right:2px solid var(--global-palette1, #3182CE);border-bottom:2px solid var(--global-palette1, #3182CE);border-left:2px solid var(--global-palette1, #3182CE);padding-top:6px;padding-right:22px;padding-bottom:6px;padding-left:22px;}.wp-block-kadence-advancedbtn .kb-btn330_528f7a-09.kb-button:hover{color:#ffffff;background:var(--global-palette1, #3182CE);border-top-color:var(--global-palette1, #3182CE);border-top-style:solid;border-right-color:var(--global-palette1, #3182CE);border-right-style:solid;border-bottom-color:var(--global-palette1, #3182CE);border-bottom-style:solid;border-left-color:var(--global-palette1, #3182CE);border-left-style:solid;}@media all and (max-width: 1024px){.wp-block-kadence-advancedbtn .kb-btn330_528f7a-09.kb-button{border-top:2px solid var(--global-palette1, #3182CE);border-right:2px solid var(--global-palette1, #3182CE);border-bottom:2px solid var(--global-palette1, #3182CE);border-left:2px solid var(--global-palette1, #3182CE);}}@media all and (max-width: 1024px){.wp-block-kadence-advancedbtn .kb-btn330_528f7a-09.kb-button:hover{border-top-color:var(--global-palette1, #3182CE);border-top-style:solid;border-right-color:var(--global-palette1, #3182CE);border-right-style:solid;border-bottom-color:var(--global-palette1, #3182CE);border-bottom-style:solid;border-left-color:var(--global-palette1, #3182CE);border-left-style:solid;}}@media all and (max-width: 1024px){.kb-btn330_528f7a-09.kb-button .kb-svg-icon-wrap{display:block;}}@media all and (max-width: 767px){.wp-block-kadence-advancedbtn .kb-btn330_528f7a-09.kb-button{border-top:2px solid var(--global-palette1, #3182CE);border-right:2px solid var(--global-palette1, #3182CE);border-bottom:2px solid var(--global-palette1, #3182CE);border-left:2px solid var(--global-palette1, #3182CE);}.wp-block-kadence-advancedbtn .kb-btn330_528f7a-09.kb-button:hover{border-top-color:var(--global-palette1, #3182CE);border-top-style:solid;border-right-color:var(--global-palette1, #3182CE);border-right-style:solid;border-bottom-color:var(--global-palette1, #3182CE);border-bottom-style:solid;border-left-color:var(--global-palette1, #3182CE);border-left-style:solid;}}<\/style><a class=\"kb-button kt-button button kb-btn330_528f7a-09 kt-btn-size-standard kt-btn-width-type-auto kb-btn-global-outline kt-btn-has-text-true kt-btn-has-svg-false wp-block-kadence-singlebtn\" href=\"https:\/\/www.mediterra-veranda.de\/wps\/index.php\/terrassenueberdachung\/\"><span class=\"kt-btn-inner-text\">mehr Bilder<\/span><\/a><\/div>\n<\/div><\/div>\n\n\n<style>.kadence-column330_2f0f60-3b > .kt-inside-inner-col,.kadence-column330_2f0f60-3b > .kt-inside-inner-col:before{border-top-left-radius:0px;border-top-right-radius:0px;border-bottom-right-radius:0px;border-bottom-left-radius:0px;}.kadence-column330_2f0f60-3b > .kt-inside-inner-col{column-gap:var(--global-kb-gap-sm, 1rem);}.kadence-column330_2f0f60-3b > .kt-inside-inner-col{flex-direction:column;}.kadence-column330_2f0f60-3b > .kt-inside-inner-col > .aligncenter{width:100%;}.kadence-column330_2f0f60-3b > .kt-inside-inner-col:before{opacity:0.3;}.kadence-column330_2f0f60-3b{position:relative;}@media all and (max-width: 1024px){.kadence-column330_2f0f60-3b > .kt-inside-inner-col{flex-direction:column;}}@media all and (max-width: 767px){.kadence-column330_2f0f60-3b > .kt-inside-inner-col{flex-direction:column;}}<\/style>\n<div class=\"wp-block-kadence-column kadence-column330_2f0f60-3b inner-column-2\"><div class=\"kt-inside-inner-col\">\n<figure class=\"wp-block-image size-large\"><img decoding=\"async\" src=\"https:\/\/www.mediterra-veranda.de\/wps\/wp-content\/uploads\/2021\/02\/Glashaus-2.jpg\" alt=\"\" class=\"wp-image-588\"\/><\/figure>\n\n\n<style>.wp-block-kadence-advancedheading.kt-adv-heading330_aa6892-e5, .wp-block-kadence-advancedheading.kt-adv-heading330_aa6892-e5[data-kb-block=\"kb-adv-heading330_aa6892-e5\"]{margin-bottom:0px;text-align:center;font-size:14px;font-weight:300;font-style:normal;text-transform:uppercase;}.wp-block-kadence-advancedheading.kt-adv-heading330_aa6892-e5 mark, .wp-block-kadence-advancedheading.kt-adv-heading330_aa6892-e5[data-kb-block=\"kb-adv-heading330_aa6892-e5\"] mark{font-style:normal;color:#f76a0c;padding-top:0px;padding-right:0px;padding-bottom:0px;padding-left:0px;}<\/style>\n<p class=\"kt-adv-heading330_aa6892-e5 wp-block-kadence-advancedheading\" data-kb-block=\"kb-adv-heading330_aa6892-e5\">wohnraum erweitern<\/p>\n\n\n<style>.wp-block-kadence-advancedheading.kt-adv-heading330_9b92a8-8d, .wp-block-kadence-advancedheading.kt-adv-heading330_9b92a8-8d[data-kb-block=\"kb-adv-heading330_9b92a8-8d\"]{margin-top:0px;text-align:center;font-size:28px;font-style:normal;}.wp-block-kadence-advancedheading.kt-adv-heading330_9b92a8-8d mark, .wp-block-kadence-advancedheading.kt-adv-heading330_9b92a8-8d[data-kb-block=\"kb-adv-heading330_9b92a8-8d\"] mark{font-style:normal;color:#f76a0c;padding-top:0px;padding-right:0px;padding-bottom:0px;padding-left:0px;}<\/style>\n<h4 class=\"kt-adv-heading330_9b92a8-8d wp-block-kadence-advancedheading\" data-kb-block=\"kb-adv-heading330_9b92a8-8d\"><strong>Sommer- oder Wintergarten<\/strong><\/h4>\n\n\n\n<p class=\"has-text-align-center\" style=\"font-size:15px\">Wind- und wettergesch\u00fctzt im Glashaus oder Wohnkomfort im Wintergarten<\/p>\n\n\n<style>.wp-block-kadence-advancedbtn.kb-btns330_7f93a9-3a{gap:0px;justify-content:center;align-items:center;}.kt-btns330_7f93a9-3a .kt-button{font-weight:normal;font-style:normal;}<\/style>\n<div class=\"wp-block-kadence-advancedbtn kb-buttons-wrap kb-btns330_7f93a9-3a\"><style>ul.menu .wp-block-kadence-advancedbtn .kb-btn330_8a8971-c2.kb-button{width:initial;}.wp-block-kadence-advancedbtn .kb-btn330_8a8971-c2.kb-button{color:var(--global-palette1, #3182CE);border-top-left-radius:0px;border-top-right-radius:0px;border-bottom-right-radius:0px;border-bottom-left-radius:0px;border-top:2px solid var(--global-palette1, #3182CE);border-right:2px solid var(--global-palette1, #3182CE);border-bottom:2px solid var(--global-palette1, #3182CE);border-left:2px solid var(--global-palette1, #3182CE);padding-top:6px;padding-right:22px;padding-bottom:6px;padding-left:22px;}.wp-block-kadence-advancedbtn .kb-btn330_8a8971-c2.kb-button:hover{color:#ffffff;background:var(--global-palette1, #3182CE);border-top-color:var(--global-palette1, #3182CE);border-top-style:solid;border-right-color:var(--global-palette1, #3182CE);border-right-style:solid;border-bottom-color:var(--global-palette1, #3182CE);border-bottom-style:solid;border-left-color:var(--global-palette1, #3182CE);border-left-style:solid;}@media all and (max-width: 1024px){.wp-block-kadence-advancedbtn .kb-btn330_8a8971-c2.kb-button{border-top:2px solid var(--global-palette1, #3182CE);border-right:2px solid var(--global-palette1, #3182CE);border-bottom:2px solid var(--global-palette1, #3182CE);border-left:2px solid var(--global-palette1, #3182CE);}}@media all and (max-width: 1024px){.wp-block-kadence-advancedbtn .kb-btn330_8a8971-c2.kb-button:hover{border-top-color:var(--global-palette1, #3182CE);border-top-style:solid;border-right-color:var(--global-palette1, #3182CE);border-right-style:solid;border-bottom-color:var(--global-palette1, #3182CE);border-bottom-style:solid;border-left-color:var(--global-palette1, #3182CE);border-left-style:solid;}}@media all and (max-width: 1024px){.kb-btn330_8a8971-c2.kb-button .kb-svg-icon-wrap{display:block;}}@media all and (max-width: 767px){.wp-block-kadence-advancedbtn .kb-btn330_8a8971-c2.kb-button{border-top:2px solid var(--global-palette1, #3182CE);border-right:2px solid var(--global-palette1, #3182CE);border-bottom:2px solid var(--global-palette1, #3182CE);border-left:2px solid var(--global-palette1, #3182CE);}.wp-block-kadence-advancedbtn .kb-btn330_8a8971-c2.kb-button:hover{border-top-color:var(--global-palette1, #3182CE);border-top-style:solid;border-right-color:var(--global-palette1, #3182CE);border-right-style:solid;border-bottom-color:var(--global-palette1, #3182CE);border-bottom-style:solid;border-left-color:var(--global-palette1, #3182CE);border-left-style:solid;}}<\/style><a class=\"kb-button kt-button button kb-btn330_8a8971-c2 kt-btn-size-standard kt-btn-width-type-auto kb-btn-global-outline kt-btn-has-text-true kt-btn-has-svg-false wp-block-kadence-singlebtn\" href=\"https:\/\/www.mediterra-veranda.de\/wps\/index.php\/wohnwintergarten\/\"><span class=\"kt-btn-inner-text\">mehr Bilder<\/span><\/a><\/div>\n<\/div><\/div>\n\n\n<style>.kadence-column330_2a4d20-36 > .kt-inside-inner-col,.kadence-column330_2a4d20-36 > .kt-inside-inner-col:before{border-top-left-radius:0px;border-top-right-radius:0px;border-bottom-right-radius:0px;border-bottom-left-radius:0px;}.kadence-column330_2a4d20-36 > .kt-inside-inner-col{column-gap:var(--global-kb-gap-sm, 1rem);}.kadence-column330_2a4d20-36 > .kt-inside-inner-col{flex-direction:column;}.kadence-column330_2a4d20-36 > .kt-inside-inner-col > .aligncenter{width:100%;}.kadence-column330_2a4d20-36 > .kt-inside-inner-col:before{opacity:0.3;}.kadence-column330_2a4d20-36{position:relative;}@media all and (max-width: 1024px){.kadence-column330_2a4d20-36 > .kt-inside-inner-col{flex-direction:column;}}@media all and (max-width: 767px){.kadence-column330_2a4d20-36 > .kt-inside-inner-col{flex-direction:column;}}<\/style>\n<div class=\"wp-block-kadence-column kadence-column330_2a4d20-36 inner-column-3\"><div class=\"kt-inside-inner-col\">\n<figure class=\"wp-block-image size-large\"><img decoding=\"async\" src=\"https:\/\/www.mediterra-veranda.de\/wps\/wp-content\/uploads\/2021\/02\/Wind-Sonnen-und-Sichtschutz-scaled-e1615461231161-1024x601.jpg\" alt=\"\" class=\"wp-image-560\"\/><\/figure>\n\n\n<style>.wp-block-kadence-advancedheading.kt-adv-heading330_5f0c8f-1e, .wp-block-kadence-advancedheading.kt-adv-heading330_5f0c8f-1e[data-kb-block=\"kb-adv-heading330_5f0c8f-1e\"]{margin-bottom:0px;text-align:center;font-size:14px;font-weight:300;font-style:normal;text-transform:uppercase;}.wp-block-kadence-advancedheading.kt-adv-heading330_5f0c8f-1e mark, .wp-block-kadence-advancedheading.kt-adv-heading330_5f0c8f-1e[data-kb-block=\"kb-adv-heading330_5f0c8f-1e\"] mark{font-style:normal;color:#f76a0c;padding-top:0px;padding-right:0px;padding-bottom:0px;padding-left:0px;}<\/style>\n<p class=\"kt-adv-heading330_5f0c8f-1e wp-block-kadence-advancedheading\" data-kb-block=\"kb-adv-heading330_5f0c8f-1e\">aussergew\u00f6hnliche l\u00f6sungen<\/p>\n\n\n<style>.wp-block-kadence-advancedheading.kt-adv-heading330_c486dd-9b, .wp-block-kadence-advancedheading.kt-adv-heading330_c486dd-9b[data-kb-block=\"kb-adv-heading330_c486dd-9b\"]{margin-top:0px;text-align:center;font-size:28px;font-style:normal;}.wp-block-kadence-advancedheading.kt-adv-heading330_c486dd-9b mark, .wp-block-kadence-advancedheading.kt-adv-heading330_c486dd-9b[data-kb-block=\"kb-adv-heading330_c486dd-9b\"] mark{font-style:normal;color:#f76a0c;padding-top:0px;padding-right:0px;padding-bottom:0px;padding-left:0px;}<\/style>\n<h4 class=\"kt-adv-heading330_c486dd-9b wp-block-kadence-advancedheading\" data-kb-block=\"kb-adv-heading330_c486dd-9b\"><strong>Wind-, Sonnen- &amp; Sichtschutz<\/strong><\/h4>\n\n\n<style>.wp-block-kadence-advancedheading.kt-adv-heading330_5026d9-cf, .wp-block-kadence-advancedheading.kt-adv-heading330_5026d9-cf[data-kb-block=\"kb-adv-heading330_5026d9-cf\"]{margin-bottom:25px;text-align:center;font-size:15px;line-height:30px;font-weight:300;font-style:normal;letter-spacing:0px;}.wp-block-kadence-advancedheading.kt-adv-heading330_5026d9-cf mark, .wp-block-kadence-advancedheading.kt-adv-heading330_5026d9-cf[data-kb-block=\"kb-adv-heading330_5026d9-cf\"] mark{font-style:normal;color:#f76a0c;padding-top:0px;padding-right:0px;padding-bottom:0px;padding-left:0px;}<\/style>\n<p class=\"kt-adv-heading330_5026d9-cf wp-block-kadence-advancedheading\" data-kb-block=\"kb-adv-heading330_5026d9-cf\">Ausf\u00fchrungen in mehreren Varianten<\/p>\n\n\n<style>.wp-block-kadence-advancedbtn.kb-btns330_5c8c1e-66{gap:0px;justify-content:center;align-items:center;}.kt-btns330_5c8c1e-66 .kt-button{font-weight:normal;font-style:normal;}<\/style>\n<div class=\"wp-block-kadence-advancedbtn kb-buttons-wrap kb-btns330_5c8c1e-66\"><style>ul.menu .wp-block-kadence-advancedbtn .kb-btn330_fcb58e-1d.kb-button{width:initial;}.wp-block-kadence-advancedbtn .kb-btn330_fcb58e-1d.kb-button{color:var(--global-palette1, #3182CE);font-size:nonepx;border-top-left-radius:0px;border-top-right-radius:0px;border-bottom-right-radius:0px;border-bottom-left-radius:0px;border-top:2px solid var(--global-palette1, #3182CE);border-right:2px solid var(--global-palette1, #3182CE);border-bottom:2px solid var(--global-palette1, #3182CE);border-left:2px solid var(--global-palette1, #3182CE);padding-top:6px;padding-right:22px;padding-bottom:6px;padding-left:22px;}.wp-block-kadence-advancedbtn .kb-btn330_fcb58e-1d.kb-button:hover{color:#ffffff;background:var(--global-palette1, #3182CE);border-top-color:var(--global-palette1, #3182CE);border-top-style:solid;border-right-color:var(--global-palette1, #3182CE);border-right-style:solid;border-bottom-color:var(--global-palette1, #3182CE);border-bottom-style:solid;border-left-color:var(--global-palette1, #3182CE);border-left-style:solid;}@media all and (max-width: 1024px){.wp-block-kadence-advancedbtn .kb-btn330_fcb58e-1d.kb-button{border-top:2px solid var(--global-palette1, #3182CE);border-right:2px solid var(--global-palette1, #3182CE);border-bottom:2px solid var(--global-palette1, #3182CE);border-left:2px solid var(--global-palette1, #3182CE);}}@media all and (max-width: 1024px){.wp-block-kadence-advancedbtn .kb-btn330_fcb58e-1d.kb-button:hover{border-top-color:var(--global-palette1, #3182CE);border-top-style:solid;border-right-color:var(--global-palette1, #3182CE);border-right-style:solid;border-bottom-color:var(--global-palette1, #3182CE);border-bottom-style:solid;border-left-color:var(--global-palette1, #3182CE);border-left-style:solid;}}@media all and (max-width: 1024px){.kb-btn330_fcb58e-1d.kb-button .kb-svg-icon-wrap{display:block;}}@media all and (max-width: 767px){.wp-block-kadence-advancedbtn .kb-btn330_fcb58e-1d.kb-button{border-top:2px solid var(--global-palette1, #3182CE);border-right:2px solid var(--global-palette1, #3182CE);border-bottom:2px solid var(--global-palette1, #3182CE);border-left:2px solid var(--global-palette1, #3182CE);}.wp-block-kadence-advancedbtn .kb-btn330_fcb58e-1d.kb-button:hover{border-top-color:var(--global-palette1, #3182CE);border-top-style:solid;border-right-color:var(--global-palette1, #3182CE);border-right-style:solid;border-bottom-color:var(--global-palette1, #3182CE);border-bottom-style:solid;border-left-color:var(--global-palette1, #3182CE);border-left-style:solid;}}<\/style><a class=\"kb-button kt-button button kb-btn330_fcb58e-1d kt-btn-size-standard kt-btn-width-type-auto kb-btn-global-outline kt-btn-has-text-true kt-btn-has-svg-false wp-block-kadence-singlebtn\" href=\"https:\/\/www.mediterra-veranda.de\/wps\/index.php\/wind-und-sonnenschutz\/\"><span class=\"kt-btn-inner-text\">mehr Bilder<\/span><\/a><\/div>\n<\/div><\/div>\n\n\n<style>.kadence-column330_700669-ca > .kt-inside-inner-col,.kadence-column330_700669-ca > .kt-inside-inner-col:before{border-top-left-radius:0px;border-top-right-radius:0px;border-bottom-right-radius:0px;border-bottom-left-radius:0px;}.kadence-column330_700669-ca > .kt-inside-inner-col{column-gap:var(--global-kb-gap-sm, 1rem);}.kadence-column330_700669-ca > .kt-inside-inner-col{flex-direction:column;}.kadence-column330_700669-ca > .kt-inside-inner-col > .aligncenter{width:100%;}.kadence-column330_700669-ca > .kt-inside-inner-col:before{opacity:0.3;}.kadence-column330_700669-ca{position:relative;}@media all and (max-width: 1024px){.kadence-column330_700669-ca > .kt-inside-inner-col{flex-direction:column;}}@media all and (max-width: 767px){.kadence-column330_700669-ca > .kt-inside-inner-col{flex-direction:column;}}<\/style>\n<div class=\"wp-block-kadence-column kadence-column330_700669-ca inner-column-4\"><div class=\"kt-inside-inner-col\">\n<figure class=\"wp-block-image size-large\"><img loading=\"lazy\" decoding=\"async\" width=\"1024\" height=\"777\" src=\"https:\/\/www.mediterra-veranda.de\/wps\/wp-content\/uploads\/2021\/02\/Lamellendach5-e1615461295419-1024x777.jpg\" alt=\"\" class=\"wp-image-528\" srcset=\"https:\/\/www.mediterra-veranda.de\/wps\/wp-content\/uploads\/2021\/02\/Lamellendach5-e1615461295419-1024x777.jpg 1024w, https:\/\/www.mediterra-veranda.de\/wps\/wp-content\/uploads\/2021\/02\/Lamellendach5-e1615461295419-300x228.jpg 300w, https:\/\/www.mediterra-veranda.de\/wps\/wp-content\/uploads\/2021\/02\/Lamellendach5-e1615461295419-768x583.jpg 768w, https:\/\/www.mediterra-veranda.de\/wps\/wp-content\/uploads\/2021\/02\/Lamellendach5-e1615461295419.jpg 1360w\" sizes=\"(max-width: 1024px) 100vw, 1024px\" \/><\/figure>\n\n\n<style>.wp-block-kadence-advancedheading.kt-adv-heading330_344f1f-7c, .wp-block-kadence-advancedheading.kt-adv-heading330_344f1f-7c[data-kb-block=\"kb-adv-heading330_344f1f-7c\"]{margin-bottom:0px;text-align:center;font-size:14px;font-weight:300;font-style:normal;text-transform:uppercase;}.wp-block-kadence-advancedheading.kt-adv-heading330_344f1f-7c mark, .wp-block-kadence-advancedheading.kt-adv-heading330_344f1f-7c[data-kb-block=\"kb-adv-heading330_344f1f-7c\"] mark{font-style:normal;color:#f76a0c;padding-top:0px;padding-right:0px;padding-bottom:0px;padding-left:0px;}<\/style>\n<p class=\"kt-adv-heading330_344f1f-7c wp-block-kadence-advancedheading\" data-kb-block=\"kb-adv-heading330_344f1f-7c\">AUSSENBEREICH MIT Stil<\/p>\n\n\n<style>.wp-block-kadence-advancedheading.kt-adv-heading330_4d518a-da, .wp-block-kadence-advancedheading.kt-adv-heading330_4d518a-da[data-kb-block=\"kb-adv-heading330_4d518a-da\"]{margin-top:0px;text-align:center;font-size:28px;font-style:normal;}.wp-block-kadence-advancedheading.kt-adv-heading330_4d518a-da mark, .wp-block-kadence-advancedheading.kt-adv-heading330_4d518a-da[data-kb-block=\"kb-adv-heading330_4d518a-da\"] mark{font-style:normal;color:#f76a0c;padding-top:0px;padding-right:0px;padding-bottom:0px;padding-left:0px;}<\/style>\n<h4 class=\"kt-adv-heading330_4d518a-da wp-block-kadence-advancedheading\" data-kb-block=\"kb-adv-heading330_4d518a-da\"><strong>Lamellendach<\/strong><\/h4>\n\n\n\n<p class=\"has-text-align-center\" style=\"font-size:15px\">Die besondere \u00dcberdachung<\/p>\n\n\n<style>.wp-block-kadence-advancedbtn.kb-btns330_9eb68f-05{gap:0px;justify-content:center;align-items:center;}.kt-btns330_9eb68f-05 .kt-button{font-weight:normal;font-style:normal;}<\/style>\n<div class=\"wp-block-kadence-advancedbtn kb-buttons-wrap kb-btns330_9eb68f-05\"><style>ul.menu .wp-block-kadence-advancedbtn .kb-btn330_d29e43-11.kb-button{width:initial;}.wp-block-kadence-advancedbtn .kb-btn330_d29e43-11.kb-button{color:var(--global-palette1, #3182CE);font-size:nonepx;border-top-left-radius:0px;border-top-right-radius:0px;border-bottom-right-radius:0px;border-bottom-left-radius:0px;border-top:2px solid var(--global-palette1, #3182CE);border-right:2px solid var(--global-palette1, #3182CE);border-bottom:2px solid var(--global-palette1, #3182CE);border-left:2px solid var(--global-palette1, #3182CE);padding-top:6px;padding-right:22px;padding-bottom:6px;padding-left:22px;}.wp-block-kadence-advancedbtn .kb-btn330_d29e43-11.kb-button:hover{color:#ffffff;background:var(--global-palette1, #3182CE);border-top-color:var(--global-palette1, #3182CE);border-top-style:solid;border-right-color:var(--global-palette1, #3182CE);border-right-style:solid;border-bottom-color:var(--global-palette1, #3182CE);border-bottom-style:solid;border-left-color:var(--global-palette1, #3182CE);border-left-style:solid;}@media all and (max-width: 1024px){.wp-block-kadence-advancedbtn .kb-btn330_d29e43-11.kb-button{border-top:2px solid var(--global-palette1, #3182CE);border-right:2px solid var(--global-palette1, #3182CE);border-bottom:2px solid var(--global-palette1, #3182CE);border-left:2px solid var(--global-palette1, #3182CE);}}@media all and (max-width: 1024px){.wp-block-kadence-advancedbtn .kb-btn330_d29e43-11.kb-button:hover{border-top-color:var(--global-palette1, #3182CE);border-top-style:solid;border-right-color:var(--global-palette1, #3182CE);border-right-style:solid;border-bottom-color:var(--global-palette1, #3182CE);border-bottom-style:solid;border-left-color:var(--global-palette1, #3182CE);border-left-style:solid;}}@media all and (max-width: 1024px){.kb-btn330_d29e43-11.kb-button .kb-svg-icon-wrap{display:block;}}@media all and (max-width: 767px){.wp-block-kadence-advancedbtn .kb-btn330_d29e43-11.kb-button{border-top:2px solid var(--global-palette1, #3182CE);border-right:2px solid var(--global-palette1, #3182CE);border-bottom:2px solid var(--global-palette1, #3182CE);border-left:2px solid var(--global-palette1, #3182CE);}.wp-block-kadence-advancedbtn .kb-btn330_d29e43-11.kb-button:hover{border-top-color:var(--global-palette1, #3182CE);border-top-style:solid;border-right-color:var(--global-palette1, #3182CE);border-right-style:solid;border-bottom-color:var(--global-palette1, #3182CE);border-bottom-style:solid;border-left-color:var(--global-palette1, #3182CE);border-left-style:solid;}}<\/style><a class=\"kb-button kt-button button kb-btn330_d29e43-11 kt-btn-size-standard kt-btn-width-type-auto kb-btn-global-outline kt-btn-has-text-true kt-btn-has-svg-false wp-block-kadence-singlebtn\" href=\"https:\/\/www.mediterra-veranda.de\/wps\/index.php\/lamellendach\/\"><span class=\"kt-btn-inner-text\">mehr Bilder<\/span><\/a><\/div>\n<\/div><\/div>\n\n<\/div><\/div>\n\n<style>#kt-layout-id330_6948b7-46 > .kt-row-column-wrap{align-content:start;}:where(#kt-layout-id330_6948b7-46 > .kt-row-column-wrap) > .wp-block-kadence-column{justify-content:start;}#kt-layout-id330_6948b7-46 > .kt-row-column-wrap{column-gap:var(--global-kb-gap-md, 2rem);row-gap:var(--global-kb-gap-md, 2rem);max-width:var( --global-content-width, 1290px );padding-left:var(--global-content-edge-padding);padding-right:var(--global-content-edge-padding);padding-top:var( --global-kb-row-default-top, 25px );padding-bottom:var( --global-kb-row-default-bottom, 25px );padding-top:80px;padding-bottom:80px;padding-left:25px;padding-right:25px;grid-template-columns:minmax(0, 1fr);}#kt-layout-id330_6948b7-46{background-image:url('https:\/\/www.mediterra-veranda.de\/wps\/wp-content\/uploads\/2021\/02\/Slider3.jpg');background-size:cover;background-position:center bottom;background-attachment:fixed;background-repeat:no-repeat;}#kt-layout-id330_6948b7-46 > .kt-row-layout-overlay{opacity:0.30;background-color:#000000;}@media all and (max-width: 1024px), only screen and (min-device-width: 1024px) and (max-device-width: 1366px) and (-webkit-min-device-pixel-ratio: 2) and (orientation: landscape) and (hover: none){#kt-layout-id330_6948b7-46{background-attachment:scroll;}}@media all and (max-width: 1024px){#kt-layout-id330_6948b7-46 > .kt-row-column-wrap{grid-template-columns:minmax(0, 1fr);}}@media all and (max-width: 767px){#kt-layout-id330_6948b7-46 > .kt-row-column-wrap{grid-template-columns:minmax(0, 1fr);}}<\/style>\n<style>.kadence-column330_dce199-ea > .kt-inside-inner-col{border-top-width:0px;border-right-width:0px;border-bottom-width:0px;border-left-width:0px;}.kadence-column330_dce199-ea > .kt-inside-inner-col,.kadence-column330_dce199-ea > .kt-inside-inner-col:before{border-top-left-radius:0px;border-top-right-radius:0px;border-bottom-right-radius:0px;border-bottom-left-radius:0px;}.kadence-column330_dce199-ea > .kt-inside-inner-col{column-gap:var(--global-kb-gap-sm, 1rem);}.kadence-column330_dce199-ea > .kt-inside-inner-col{flex-direction:column;}.kadence-column330_dce199-ea > .kt-inside-inner-col > .aligncenter{width:100%;}.kadence-column330_dce199-ea > .kt-inside-inner-col:before{opacity:0.3;}.kadence-column330_dce199-ea{position:relative;}@media all and (max-width: 1024px){.kadence-column330_dce199-ea > .kt-inside-inner-col{flex-direction:column;}}@media all and (max-width: 767px){.kadence-column330_dce199-ea > .kt-inside-inner-col{flex-direction:column;}}<\/style>\n<div class=\"wp-block-kadence-column kadence-column330_dce199-ea inner-column-1\"><div class=\"kt-inside-inner-col\"><style>.wp-block-kadence-advancedheading.kt-adv-heading330_04e1d6-f8, .wp-block-kadence-advancedheading.kt-adv-heading330_04e1d6-f8[data-kb-block=\"kb-adv-heading330_04e1d6-f8\"]{margin-bottom:20px;text-align:center;font-size:40px;font-style:normal;color:#fff;}.wp-block-kadence-advancedheading.kt-adv-heading330_04e1d6-f8 mark, .wp-block-kadence-advancedheading.kt-adv-heading330_04e1d6-f8[data-kb-block=\"kb-adv-heading330_04e1d6-f8\"] mark{font-style:normal;color:#f76a0c;padding-top:0px;padding-right:0px;padding-bottom:0px;padding-left:0px;}<\/style>\n<h5 class=\"kt-adv-heading330_04e1d6-f8 wp-block-kadence-advancedheading\" data-kb-block=\"kb-adv-heading330_04e1d6-f8\"><strong>Viele Varianten auch f\u00fcr gehobene Anspr\u00fcche                  &#8211; Gerne entwickeln wir individuelle L\u00f6sungen f\u00fcr Sie!<\/strong><\/h5>\n\n\n\n<div class=\"wp-block-columns is-layout-flex wp-container-core-columns-is-layout-3 wp-block-columns-is-layout-flex\">\n<div class=\"wp-block-column is-layout-flow wp-block-column-is-layout-flow\" style=\"flex-basis:100%\"><style>.wp-block-kadence-advancedheading.kt-adv-heading330_28b765-6c, .wp-block-kadence-advancedheading.kt-adv-heading330_28b765-6c[data-kb-block=\"kb-adv-heading330_28b765-6c\"]{margin-bottom:30px;text-align:center;font-size:20px;line-height:34px;font-weight:300;font-style:normal;letter-spacing:0px;}.wp-block-kadence-advancedheading.kt-adv-heading330_28b765-6c mark, .wp-block-kadence-advancedheading.kt-adv-heading330_28b765-6c[data-kb-block=\"kb-adv-heading330_28b765-6c\"] mark{font-style:normal;color:#f76a0c;padding-top:0px;padding-right:0px;padding-bottom:0px;padding-left:0px;}<\/style>\n<h1 class=\"kt-adv-heading330_28b765-6c wp-block-kadence-advancedheading\" data-kb-block=\"kb-adv-heading330_28b765-6c\"><span class=\"has-inline-color has-theme-palette-9-color\"><strong>Nehmen Sie mit uns Kontakt auf \u2013 Wir beraten Sie gerne!<\/strong><\/span><\/h1>\n\n\n\n<p><\/p>\n<\/div>\n<\/div>\n<\/div><\/div>\n\n","protected":false},"excerpt":{"rendered":"<p>Wind-, Wetter- und Sonnenschutz HK-Alutechnik hat die L\u00f6sung f\u00fcr Sie! HK-Alutechnik \u2013 Ihr Partner f\u00fcr Terrassen\u00fcberdachungen aller Art Wind- und Wetterschutz oder Wohnraum f\u00fcr Terrasse, Freisitz, Balkon oder Dachloggia Wie oft \u2026 \u2026 haben Sie sich in den letzten Jahren in Ihrer kostbaren Freizeit zuhause \u00fcber unbest\u00e4ndiges Wetter ge\u00e4rgert? \u2026 haben Sie Ihre Terrassenm\u00f6bel und&#8230;<\/p>\n","protected":false},"author":1,"featured_media":0,"parent":0,"menu_order":0,"comment_status":"closed","ping_status":"closed","template":"","meta":{"_kadence_starter_templates_imported_post":true,"_kad_post_transparent":"","_kad_post_title":"","_kad_post_layout":"default","_kad_post_sidebar_id":"","_kad_post_content_style":"","_kad_post_vertical_padding":"","_kad_post_feature":"","_kad_post_feature_position":"","_kad_post_header":false,"_kad_post_footer":false,"footnotes":""},"yoast_head":"<!-- This site is optimized with the Yoast SEO plugin v22.9 - https:\/\/yoast.com\/wordpress\/plugins\/seo\/ -->\n<title>HK Alutechnik Schwarzenfeld - Terrassen\u00fcberdachungen und mehr<\/title>\n<meta name=\"description\" content=\"Ma\u00dfgeschneiderter Wind-, Wetter- und Sonnenschutz f\u00fcr Ihre Terrasse von HK-Alutechnik aus Schwarzenfeld. Individuelle L\u00f6sungen, Sommer- und Winterg\u00e4rten.\" \/>\n<meta name=\"robots\" content=\"index, follow, max-snippet:-1, max-image-preview:large, max-video-preview:-1\" \/>\n<link rel=\"canonical\" href=\"https:\/\/www.mediterra-veranda.de\/wps\/\" \/>\n<meta property=\"og:locale\" content=\"de_DE\" \/>\n<meta property=\"og:type\" content=\"article\" \/>\n<meta property=\"og:title\" content=\"HK Alutechnik Schwarzenfeld - Terrassen\u00fcberdachungen und mehr\" \/>\n<meta property=\"og:description\" content=\"Ma\u00dfgeschneiderter Wind-, Wetter- und Sonnenschutz f\u00fcr Ihre Terrasse von HK-Alutechnik aus Schwarzenfeld. Individuelle L\u00f6sungen, Sommer- und Winterg\u00e4rten.\" \/>\n<meta property=\"og:url\" content=\"https:\/\/www.mediterra-veranda.de\/wps\/\" \/>\n<meta property=\"og:site_name\" content=\"HK-Alutechnik\" \/>\n<meta property=\"article:modified_time\" content=\"2024-06-18T11:35:12+00:00\" \/>\n<meta property=\"og:image\" content=\"https:\/\/www.mediterra-veranda.de\/wps\/wp-content\/uploads\/2021\/02\/Bsp_Standard-1024x682.jpg\" \/>\n<meta name=\"twitter:card\" content=\"summary_large_image\" \/>\n<meta name=\"twitter:label1\" content=\"Gesch\u00e4tzte Lesezeit\" \/>\n\t<meta name=\"twitter:data1\" content=\"2\u00a0Minuten\" \/>\n<script type=\"application\/ld+json\" class=\"yoast-schema-graph\">{\"@context\":\"https:\/\/schema.org\",\"@graph\":[{\"@type\":\"WebPage\",\"@id\":\"https:\/\/www.mediterra-veranda.de\/wps\/\",\"url\":\"https:\/\/www.mediterra-veranda.de\/wps\/\",\"name\":\"HK Alutechnik Schwarzenfeld - Terrassen\u00fcberdachungen und mehr\",\"isPartOf\":{\"@id\":\"https:\/\/www.mediterra-veranda.de\/wps\/#website\"},\"primaryImageOfPage\":{\"@id\":\"https:\/\/www.mediterra-veranda.de\/wps\/#primaryimage\"},\"image\":{\"@id\":\"https:\/\/www.mediterra-veranda.de\/wps\/#primaryimage\"},\"thumbnailUrl\":\"https:\/\/www.mediterra-veranda.de\/wps\/wp-content\/uploads\/2021\/02\/Bsp_Standard-1024x682.jpg\",\"datePublished\":\"2020-01-11T01:31:50+00:00\",\"dateModified\":\"2024-06-18T11:35:12+00:00\",\"description\":\"Ma\u00dfgeschneiderter Wind-, Wetter- und Sonnenschutz f\u00fcr Ihre Terrasse von HK-Alutechnik aus Schwarzenfeld. Individuelle L\u00f6sungen, Sommer- und Winterg\u00e4rten.\",\"breadcrumb\":{\"@id\":\"https:\/\/www.mediterra-veranda.de\/wps\/#breadcrumb\"},\"inLanguage\":\"de\",\"potentialAction\":[{\"@type\":\"ReadAction\",\"target\":[\"https:\/\/www.mediterra-veranda.de\/wps\/\"]}]},{\"@type\":\"ImageObject\",\"inLanguage\":\"de\",\"@id\":\"https:\/\/www.mediterra-veranda.de\/wps\/#primaryimage\",\"url\":\"https:\/\/www.mediterra-veranda.de\/wps\/wp-content\/uploads\/2021\/02\/Bsp_Standard.jpg\",\"contentUrl\":\"https:\/\/www.mediterra-veranda.de\/wps\/wp-content\/uploads\/2021\/02\/Bsp_Standard.jpg\",\"width\":2000,\"height\":1333,\"caption\":\"Beschattung\"},{\"@type\":\"BreadcrumbList\",\"@id\":\"https:\/\/www.mediterra-veranda.de\/wps\/#breadcrumb\",\"itemListElement\":[{\"@type\":\"ListItem\",\"position\":1,\"name\":\"Home\",\"item\":\"https:\/\/www.mediterra-veranda.de\/wps\/\"},{\"@type\":\"ListItem\",\"position\":2,\"name\":\"HK Alutechnik\"}]},{\"@type\":\"WebSite\",\"@id\":\"https:\/\/www.mediterra-veranda.de\/wps\/#website\",\"url\":\"https:\/\/www.mediterra-veranda.de\/wps\/\",\"name\":\"HK-Alutechnik\",\"description\":\"Helmut Kielmann Schwarzenfeld\",\"publisher\":{\"@id\":\"https:\/\/www.mediterra-veranda.de\/wps\/#organization\"},\"potentialAction\":[{\"@type\":\"SearchAction\",\"target\":{\"@type\":\"EntryPoint\",\"urlTemplate\":\"https:\/\/www.mediterra-veranda.de\/wps\/?s={search_term_string}\"},\"query-input\":\"required name=search_term_string\"}],\"inLanguage\":\"de\"},{\"@type\":\"Organization\",\"@id\":\"https:\/\/www.mediterra-veranda.de\/wps\/#organization\",\"name\":\"HK-Alutechnik\",\"url\":\"https:\/\/www.mediterra-veranda.de\/wps\/\",\"logo\":{\"@type\":\"ImageObject\",\"inLanguage\":\"de\",\"@id\":\"https:\/\/www.mediterra-veranda.de\/wps\/#\/schema\/logo\/image\/\",\"url\":\"https:\/\/www.mediterra-veranda.de\/wps\/wp-content\/uploads\/2021\/02\/Logo_Header.png\",\"contentUrl\":\"https:\/\/www.mediterra-veranda.de\/wps\/wp-content\/uploads\/2021\/02\/Logo_Header.png\",\"width\":640,\"height\":105,\"caption\":\"HK-Alutechnik\"},\"image\":{\"@id\":\"https:\/\/www.mediterra-veranda.de\/wps\/#\/schema\/logo\/image\/\"}}]}<\/script>\n<!-- \/ Yoast SEO plugin. -->","yoast_head_json":{"title":"HK Alutechnik Schwarzenfeld - Terrassen\u00fcberdachungen und mehr","description":"Ma\u00dfgeschneiderter Wind-, Wetter- und Sonnenschutz f\u00fcr Ihre Terrasse von HK-Alutechnik aus Schwarzenfeld. Individuelle L\u00f6sungen, Sommer- und Winterg\u00e4rten.","robots":{"index":"index","follow":"follow","max-snippet":"max-snippet:-1","max-image-preview":"max-image-preview:large","max-video-preview":"max-video-preview:-1"},"canonical":"https:\/\/www.mediterra-veranda.de\/wps\/","og_locale":"de_DE","og_type":"article","og_title":"HK Alutechnik Schwarzenfeld - Terrassen\u00fcberdachungen und mehr","og_description":"Ma\u00dfgeschneiderter Wind-, Wetter- und Sonnenschutz f\u00fcr Ihre Terrasse von HK-Alutechnik aus Schwarzenfeld. Individuelle L\u00f6sungen, Sommer- und Winterg\u00e4rten.","og_url":"https:\/\/www.mediterra-veranda.de\/wps\/","og_site_name":"HK-Alutechnik","article_modified_time":"2024-06-18T11:35:12+00:00","og_image":[{"url":"https:\/\/www.mediterra-veranda.de\/wps\/wp-content\/uploads\/2021\/02\/Bsp_Standard-1024x682.jpg"}],"twitter_card":"summary_large_image","twitter_misc":{"Gesch\u00e4tzte Lesezeit":"2\u00a0Minuten"},"schema":{"@context":"https:\/\/schema.org","@graph":[{"@type":"WebPage","@id":"https:\/\/www.mediterra-veranda.de\/wps\/","url":"https:\/\/www.mediterra-veranda.de\/wps\/","name":"HK Alutechnik Schwarzenfeld - Terrassen\u00fcberdachungen und mehr","isPartOf":{"@id":"https:\/\/www.mediterra-veranda.de\/wps\/#website"},"primaryImageOfPage":{"@id":"https:\/\/www.mediterra-veranda.de\/wps\/#primaryimage"},"image":{"@id":"https:\/\/www.mediterra-veranda.de\/wps\/#primaryimage"},"thumbnailUrl":"https:\/\/www.mediterra-veranda.de\/wps\/wp-content\/uploads\/2021\/02\/Bsp_Standard-1024x682.jpg","datePublished":"2020-01-11T01:31:50+00:00","dateModified":"2024-06-18T11:35:12+00:00","description":"Ma\u00dfgeschneiderter Wind-, Wetter- und Sonnenschutz f\u00fcr Ihre Terrasse von HK-Alutechnik aus Schwarzenfeld. Individuelle L\u00f6sungen, Sommer- und Winterg\u00e4rten.","breadcrumb":{"@id":"https:\/\/www.mediterra-veranda.de\/wps\/#breadcrumb"},"inLanguage":"de","potentialAction":[{"@type":"ReadAction","target":["https:\/\/www.mediterra-veranda.de\/wps\/"]}]},{"@type":"ImageObject","inLanguage":"de","@id":"https:\/\/www.mediterra-veranda.de\/wps\/#primaryimage","url":"https:\/\/www.mediterra-veranda.de\/wps\/wp-content\/uploads\/2021\/02\/Bsp_Standard.jpg","contentUrl":"https:\/\/www.mediterra-veranda.de\/wps\/wp-content\/uploads\/2021\/02\/Bsp_Standard.jpg","width":2000,"height":1333,"caption":"Beschattung"},{"@type":"BreadcrumbList","@id":"https:\/\/www.mediterra-veranda.de\/wps\/#breadcrumb","itemListElement":[{"@type":"ListItem","position":1,"name":"Home","item":"https:\/\/www.mediterra-veranda.de\/wps\/"},{"@type":"ListItem","position":2,"name":"HK Alutechnik"}]},{"@type":"WebSite","@id":"https:\/\/www.mediterra-veranda.de\/wps\/#website","url":"https:\/\/www.mediterra-veranda.de\/wps\/","name":"HK-Alutechnik","description":"Helmut Kielmann Schwarzenfeld","publisher":{"@id":"https:\/\/www.mediterra-veranda.de\/wps\/#organization"},"potentialAction":[{"@type":"SearchAction","target":{"@type":"EntryPoint","urlTemplate":"https:\/\/www.mediterra-veranda.de\/wps\/?s={search_term_string}"},"query-input":"required name=search_term_string"}],"inLanguage":"de"},{"@type":"Organization","@id":"https:\/\/www.mediterra-veranda.de\/wps\/#organization","name":"HK-Alutechnik","url":"https:\/\/www.mediterra-veranda.de\/wps\/","logo":{"@type":"ImageObject","inLanguage":"de","@id":"https:\/\/www.mediterra-veranda.de\/wps\/#\/schema\/logo\/image\/","url":"https:\/\/www.mediterra-veranda.de\/wps\/wp-content\/uploads\/2021\/02\/Logo_Header.png","contentUrl":"https:\/\/www.mediterra-veranda.de\/wps\/wp-content\/uploads\/2021\/02\/Logo_Header.png","width":640,"height":105,"caption":"HK-Alutechnik"},"image":{"@id":"https:\/\/www.mediterra-veranda.de\/wps\/#\/schema\/logo\/image\/"}}]}},"_links":{"self":[{"href":"https:\/\/www.mediterra-veranda.de\/wps\/index.php\/wp-json\/wp\/v2\/pages\/330"}],"collection":[{"href":"https:\/\/www.mediterra-veranda.de\/wps\/index.php\/wp-json\/wp\/v2\/pages"}],"about":[{"href":"https:\/\/www.mediterra-veranda.de\/wps\/index.php\/wp-json\/wp\/v2\/types\/page"}],"author":[{"embeddable":true,"href":"https:\/\/www.mediterra-veranda.de\/wps\/index.php\/wp-json\/wp\/v2\/users\/1"}],"replies":[{"embeddable":true,"href":"https:\/\/www.mediterra-veranda.de\/wps\/index.php\/wp-json\/wp\/v2\/comments?post=330"}],"version-history":[{"count":77,"href":"https:\/\/www.mediterra-veranda.de\/wps\/index.php\/wp-json\/wp\/v2\/pages\/330\/revisions"}],"predecessor-version":[{"id":869,"href":"https:\/\/www.mediterra-veranda.de\/wps\/index.php\/wp-json\/wp\/v2\/pages\/330\/revisions\/869"}],"wp:attachment":[{"href":"https:\/\/www.mediterra-veranda.de\/wps\/index.php\/wp-json\/wp\/v2\/media?parent=330"}],"curies":[{"name":"wp","href":"https:\/\/api.w.org\/{rel}","templated":true}]}}