{"id":580,"date":"2021-02-21T20:41:39","date_gmt":"2021-02-21T20:41:39","guid":{"rendered":"https:\/\/www.mediterra-veranda.de\/wps\/?page_id=580"},"modified":"2024-06-18T11:42:01","modified_gmt":"2024-06-18T11:42:01","slug":"terrassenueberdachung","status":"publish","type":"page","link":"https:\/\/www.mediterra-veranda.de\/wps\/index.php\/terrassenueberdachung\/","title":{"rendered":"Terrassen\u00fcberdachung"},"content":{"rendered":"\n<div class=\"wp-block-cover alignwide is-light is-position-center-center\" style=\"min-height:375px;aspect-ratio:unset;\"><span aria-hidden=\"true\" class=\"wp-block-cover__background has-background-dim-20 has-background-dim\"><\/span><img loading=\"lazy\" decoding=\"async\" width=\"2000\" height=\"1333\" class=\"wp-block-cover__image-background wp-image-475\" src=\"https:\/\/www.mediterra-veranda.de\/wps\/wp-content\/uploads\/2021\/02\/Bsp_Standard.jpg\" style=\"object-position:43% 45%\" data-object-fit=\"cover\" data-object-position=\"43% 45%\" srcset=\"https:\/\/www.mediterra-veranda.de\/wps\/wp-content\/uploads\/2021\/02\/Bsp_Standard.jpg 2000w, https:\/\/www.mediterra-veranda.de\/wps\/wp-content\/uploads\/2021\/02\/Bsp_Standard-300x200.jpg 300w, https:\/\/www.mediterra-veranda.de\/wps\/wp-content\/uploads\/2021\/02\/Bsp_Standard-1024x682.jpg 1024w, https:\/\/www.mediterra-veranda.de\/wps\/wp-content\/uploads\/2021\/02\/Bsp_Standard-768x512.jpg 768w, https:\/\/www.mediterra-veranda.de\/wps\/wp-content\/uploads\/2021\/02\/Bsp_Standard-1536x1024.jpg 1536w\" sizes=\"(max-width: 2000px) 100vw, 2000px\" \/><div class=\"wp-block-cover__inner-container is-layout-flow wp-block-cover-is-layout-flow\">\n<p class=\"has-text-align-center has-text-color\" style=\"color:#fffffa;font-size:74px;line-height:1.1\"><strong>Terrassen\u00fcberdachung<\/strong><\/p>\n<\/div><\/div>\n\n\n<style>.kb-row-layout-id580_7547fb-5e > .kt-row-column-wrap{align-content:start;}:where(.kb-row-layout-id580_7547fb-5e > .kt-row-column-wrap) > .wp-block-kadence-column{justify-content:start;}.kb-row-layout-id580_7547fb-5e > .kt-row-column-wrap{column-gap:var(--global-kb-gap-md, 2rem);row-gap:var(--global-kb-gap-md, 2rem);padding-top:70px;padding-bottom:25px;grid-template-columns:minmax(0, 1fr);}.kb-row-layout-id580_7547fb-5e > .kt-row-layout-overlay{opacity:0.30;}@media all and (max-width: 1024px){.kb-row-layout-id580_7547fb-5e > .kt-row-column-wrap{grid-template-columns:minmax(0, 1fr);}}@media all and (max-width: 767px){.kb-row-layout-id580_7547fb-5e > .kt-row-column-wrap{grid-template-columns:minmax(0, 1fr);}}<\/style><div class=\"kb-row-layout-wrap kb-row-layout-id580_7547fb-5e alignnone wp-block-kadence-rowlayout\"><div class=\"kt-row-column-wrap kt-has-1-columns kt-row-layout-equal kt-tab-layout-inherit kt-mobile-layout-row kt-row-valign-top\">\n<style>.kadence-column580_734b54-69 > .kt-inside-inner-col{border-right:25px solid transparent;border-left:25px solid transparent;}.kadence-column580_734b54-69 > .kt-inside-inner-col,.kadence-column580_734b54-69 > .kt-inside-inner-col:before{border-top-left-radius:0px;border-top-right-radius:0px;border-bottom-right-radius:0px;border-bottom-left-radius:0px;}.kadence-column580_734b54-69 > .kt-inside-inner-col{column-gap:var(--global-kb-gap-sm, 1rem);}.kadence-column580_734b54-69 > .kt-inside-inner-col{flex-direction:column;}.kadence-column580_734b54-69 > .kt-inside-inner-col > .aligncenter{width:100%;}.kadence-column580_734b54-69 > .kt-inside-inner-col:before{opacity:0.3;}.kadence-column580_734b54-69{position:relative;}@media all and (max-width: 1024px){.kadence-column580_734b54-69 > .kt-inside-inner-col{border-right:25px solid transparent;border-left:25px solid transparent;flex-direction:column;}}@media all and (max-width: 767px){.kadence-column580_734b54-69 > .kt-inside-inner-col{border-right:25px solid transparent;border-left:25px solid transparent;flex-direction:column;}}<\/style>\n<div class=\"wp-block-kadence-column kadence-column580_734b54-69 inner-column-1\"><div class=\"kt-inside-inner-col\">\n<div class=\"wp-block-columns is-layout-flex wp-container-core-columns-is-layout-2 wp-block-columns-is-layout-flex\">\n<div class=\"wp-block-column is-layout-flow wp-block-column-is-layout-flow\" style=\"flex-basis:100%\">\n<div class=\"wp-block-columns is-layout-flex wp-container-core-columns-is-layout-1 wp-block-columns-is-layout-flex\">\n<div class=\"wp-block-column is-vertically-aligned-top is-layout-flow wp-block-column-is-layout-flow\"><div class=\"wp-block-image\">\n<figure class=\"alignright size-large\"><img loading=\"lazy\" decoding=\"async\" width=\"293\" height=\"241\" src=\"https:\/\/www.mediterra-veranda.de\/wps\/wp-content\/uploads\/2021\/02\/Wettersch_Skizze.png\" alt=\"\" class=\"wp-image-582\"\/><\/figure><\/div><\/div>\n\n\n\n<div class=\"wp-block-column is-layout-flow wp-block-column-is-layout-flow\">\n<h2 class=\"wp-block-heading has-text-align-left\"><span style=\"color:#95c11f\" class=\"has-inline-color\">Wohl \u201e\u00fcberdachter\u201c Wetterschutz<\/span><\/h2>\n\n\n\n<p><strong>Individuell nach Ma\u00df \u2013 \u00dcberdachungen aller Art nach Ihren W\u00fcnschen.<\/strong><br><strong>Verschiedene Varianten<\/strong> aus schlanken Aluminium-Systemprofilen.<br>Durch Pulverbeschichtung in nahezu allen Farben <strong>\u00e4u\u00dferst witterungsbest\u00e4ndig<\/strong> und pflegeleicht.<br>Viele <strong>Standard- und Sonderformen<\/strong> m\u00f6glich.<br><strong>Beliebig erweiterbar<\/strong> mit Seiten- und Frontelementen.<br>Als <strong>Windschutz<\/strong> oder komplett zum Glashaus geschlossen erweiterbar.<\/p>\n\n\n\n<p><\/p>\n<\/div>\n<\/div>\n<\/div>\n<\/div>\n\n\n<style>.wp-block-kadence-advancedgallery .kb-gallery-type-masonry.kb-gallery-id-_3e8143-76{margin:-5px;}.kb-gallery-type-masonry.kb-gallery-id-_3e8143-76 .kadence-blocks-gallery-item{padding:5px;}.kb-gallery-id-_3e8143-76 .kadence-blocks-gallery-item .kb-gal-image-radius{border-radius:0px 0px 0px 0px;}<\/style>\n<div class=\"wp-block-kadence-advancedgallery kb-gallery-wrap-id-_3e8143-76\"><ul class=\"kb-gallery-ul kb-gallery-type-masonry kb-masonry-init kb-gallery-id-_3e8143-76 kb-gallery-caption-style-bottom-hover kb-gallery-filter-none kb-gallery-magnific-init\" data-item-selector=\".kadence-blocks-gallery-item\" data-image-filter=\"none\" data-lightbox-caption=\"true\" data-columns-xxl=\"3\" data-columns-xl=\"3\" data-columns-lg=\"3\" data-columns-md=\"2\" data-columns-sm=\"1\" data-columns-xs=\"1\"><li class=\"kadence-blocks-gallery-item\"><div class=\"kadence-blocks-gallery-item-inner\"><figure class=\"kb-gallery-figure kb-gallery-item-has-link kadence-blocks-gallery-item-hide-caption\"><a href=\"https:\/\/www.mediterra-veranda.de\/wps\/wp-content\/uploads\/2021\/02\/Terrassenu\u0308berdachung3-2-scaled.jpg\" class=\"kb-gallery-item-link\"><div class=\"kb-gal-image-radius\" style=\"max-width:1024px\"><div class=\"kb-gallery-image-contain kadence-blocks-gallery-intrinsic\" style=\"padding-bottom:74.70703125%\"><img loading=\"lazy\" decoding=\"async\" src=\"https:\/\/www.mediterra-veranda.de\/wps\/wp-content\/uploads\/2021\/02\/Terrassenu\u0308berdachung3-2-1024x765.jpg\" width=\"1024\" height=\"765\" alt=\"\" data-full-image=\"https:\/\/www.mediterra-veranda.de\/wps\/wp-content\/uploads\/2021\/02\/Terrassenu\u0308berdachung3-2-scaled.jpg\" data-light-image=\"https:\/\/www.mediterra-veranda.de\/wps\/wp-content\/uploads\/2021\/02\/Terrassenu\u0308berdachung3-2-scaled.jpg\" data-id=\"585\" data-link=\"https:\/\/www.mediterra-veranda.de\/wps\/index.php\/terrassenueberdachung\/terrassenu%cc%88berdachung3-2\/\" class=\"wp-image-585\" srcset=\"https:\/\/www.mediterra-veranda.de\/wps\/wp-content\/uploads\/2021\/02\/Terrassenu\u0308berdachung3-2-1024x765.jpg 1024w, https:\/\/www.mediterra-veranda.de\/wps\/wp-content\/uploads\/2021\/02\/Terrassenu\u0308berdachung3-2-300x224.jpg 300w, https:\/\/www.mediterra-veranda.de\/wps\/wp-content\/uploads\/2021\/02\/Terrassenu\u0308berdachung3-2-768x574.jpg 768w, https:\/\/www.mediterra-veranda.de\/wps\/wp-content\/uploads\/2021\/02\/Terrassenu\u0308berdachung3-2-1536x1147.jpg 1536w, https:\/\/www.mediterra-veranda.de\/wps\/wp-content\/uploads\/2021\/02\/Terrassenu\u0308berdachung3-2-2048x1530.jpg 2048w\" sizes=\"(max-width: 1024px) 100vw, 1024px\" \/><\/div><\/div><\/a><\/figure><\/div><\/li><li class=\"kadence-blocks-gallery-item\"><div class=\"kadence-blocks-gallery-item-inner\"><figure class=\"kb-gallery-figure kb-gallery-item-has-link kadence-blocks-gallery-item-hide-caption\"><a href=\"https:\/\/www.mediterra-veranda.de\/wps\/wp-content\/uploads\/2021\/02\/Slider2-1.jpg\" class=\"kb-gallery-item-link\"><div class=\"kb-gal-image-radius\" style=\"max-width:1024px\"><div class=\"kb-gallery-image-contain kadence-blocks-gallery-intrinsic\" style=\"padding-bottom:66.69921875%\"><img loading=\"lazy\" decoding=\"async\" src=\"https:\/\/www.mediterra-veranda.de\/wps\/wp-content\/uploads\/2021\/02\/Slider2-1-1024x683.jpg\" width=\"1024\" height=\"683\" alt=\"\" data-full-image=\"https:\/\/www.mediterra-veranda.de\/wps\/wp-content\/uploads\/2021\/02\/Slider2-1.jpg\" data-light-image=\"https:\/\/www.mediterra-veranda.de\/wps\/wp-content\/uploads\/2021\/02\/Slider2-1.jpg\" data-id=\"26\" data-link=\"https:\/\/www.mediterra-veranda.de\/wps\/index.php\/home__trashed\/slider2-1\/\" class=\"wp-image-26\" srcset=\"https:\/\/www.mediterra-veranda.de\/wps\/wp-content\/uploads\/2021\/02\/Slider2-1-1024x683.jpg 1024w, https:\/\/www.mediterra-veranda.de\/wps\/wp-content\/uploads\/2021\/02\/Slider2-1-300x200.jpg 300w, https:\/\/www.mediterra-veranda.de\/wps\/wp-content\/uploads\/2021\/02\/Slider2-1-768x512.jpg 768w, https:\/\/www.mediterra-veranda.de\/wps\/wp-content\/uploads\/2021\/02\/Slider2-1-1536x1024.jpg 1536w, https:\/\/www.mediterra-veranda.de\/wps\/wp-content\/uploads\/2021\/02\/Slider2-1.jpg 1920w\" sizes=\"(max-width: 1024px) 100vw, 1024px\" \/><\/div><\/div><\/a><\/figure><\/div><\/li><li class=\"kadence-blocks-gallery-item\"><div class=\"kadence-blocks-gallery-item-inner\"><figure class=\"kb-gallery-figure kb-gallery-item-has-link kadence-blocks-gallery-item-hide-caption\"><a href=\"https:\/\/www.mediterra-veranda.de\/wps\/wp-content\/uploads\/2021\/03\/Terrassenueberdachung5-scaled.jpg\" class=\"kb-gallery-item-link\"><div class=\"kb-gal-image-radius\" style=\"max-width:1024px\"><div class=\"kb-gallery-image-contain kadence-blocks-gallery-intrinsic\" style=\"padding-bottom:75%\"><img loading=\"lazy\" decoding=\"async\" src=\"https:\/\/www.mediterra-veranda.de\/wps\/wp-content\/uploads\/2021\/03\/Terrassenueberdachung5-1024x768.jpg\" width=\"1024\" height=\"768\" alt=\"\" data-full-image=\"https:\/\/www.mediterra-veranda.de\/wps\/wp-content\/uploads\/2021\/03\/Terrassenueberdachung5-scaled.jpg\" data-light-image=\"https:\/\/www.mediterra-veranda.de\/wps\/wp-content\/uploads\/2021\/03\/Terrassenueberdachung5-scaled.jpg\" data-id=\"730\" data-link=\"https:\/\/www.mediterra-veranda.de\/wps\/index.php\/terrassenueberdachung\/terrassenueberdachung5\/\" class=\"wp-image-730\" srcset=\"https:\/\/www.mediterra-veranda.de\/wps\/wp-content\/uploads\/2021\/03\/Terrassenueberdachung5-1024x768.jpg 1024w, https:\/\/www.mediterra-veranda.de\/wps\/wp-content\/uploads\/2021\/03\/Terrassenueberdachung5-300x225.jpg 300w, https:\/\/www.mediterra-veranda.de\/wps\/wp-content\/uploads\/2021\/03\/Terrassenueberdachung5-768x576.jpg 768w, https:\/\/www.mediterra-veranda.de\/wps\/wp-content\/uploads\/2021\/03\/Terrassenueberdachung5-1536x1152.jpg 1536w, https:\/\/www.mediterra-veranda.de\/wps\/wp-content\/uploads\/2021\/03\/Terrassenueberdachung5-2048x1536.jpg 2048w\" sizes=\"(max-width: 1024px) 100vw, 1024px\" \/><\/div><\/div><\/a><\/figure><\/div><\/li><li class=\"kadence-blocks-gallery-item\"><div class=\"kadence-blocks-gallery-item-inner\"><figure class=\"kb-gallery-figure kb-gallery-item-has-link kadence-blocks-gallery-item-hide-caption\"><a href=\"https:\/\/www.mediterra-veranda.de\/wps\/wp-content\/uploads\/2021\/03\/IMG_2449-scaled.jpg\" class=\"kb-gallery-item-link\"><div class=\"kb-gal-image-radius\" style=\"max-width:1024px\"><div class=\"kb-gallery-image-contain kadence-blocks-gallery-intrinsic\" style=\"padding-bottom:75%\"><img loading=\"lazy\" decoding=\"async\" src=\"https:\/\/www.mediterra-veranda.de\/wps\/wp-content\/uploads\/2021\/03\/IMG_2449-1024x768.jpg\" width=\"1024\" height=\"768\" alt=\"\" data-full-image=\"https:\/\/www.mediterra-veranda.de\/wps\/wp-content\/uploads\/2021\/03\/IMG_2449-scaled.jpg\" data-light-image=\"https:\/\/www.mediterra-veranda.de\/wps\/wp-content\/uploads\/2021\/03\/IMG_2449-scaled.jpg\" data-id=\"736\" data-link=\"https:\/\/www.mediterra-veranda.de\/wps\/index.php\/terrassenueberdachung\/img_2449\/\" class=\"wp-image-736\" srcset=\"https:\/\/www.mediterra-veranda.de\/wps\/wp-content\/uploads\/2021\/03\/IMG_2449-1024x768.jpg 1024w, https:\/\/www.mediterra-veranda.de\/wps\/wp-content\/uploads\/2021\/03\/IMG_2449-300x225.jpg 300w, https:\/\/www.mediterra-veranda.de\/wps\/wp-content\/uploads\/2021\/03\/IMG_2449-768x576.jpg 768w, https:\/\/www.mediterra-veranda.de\/wps\/wp-content\/uploads\/2021\/03\/IMG_2449-1536x1152.jpg 1536w, https:\/\/www.mediterra-veranda.de\/wps\/wp-content\/uploads\/2021\/03\/IMG_2449-2048x1536.jpg 2048w\" sizes=\"(max-width: 1024px) 100vw, 1024px\" \/><\/div><\/div><\/a><\/figure><\/div><\/li><li class=\"kadence-blocks-gallery-item\"><div class=\"kadence-blocks-gallery-item-inner\"><figure class=\"kb-gallery-figure kb-gallery-item-has-link kadence-blocks-gallery-item-hide-caption\"><a href=\"https:\/\/www.mediterra-veranda.de\/wps\/wp-content\/uploads\/2021\/03\/IMG_2881-scaled.jpg\" class=\"kb-gallery-item-link\"><div class=\"kb-gal-image-radius\" style=\"max-width:1024px\"><div class=\"kb-gallery-image-contain kadence-blocks-gallery-intrinsic\" style=\"padding-bottom:75%\"><img loading=\"lazy\" decoding=\"async\" src=\"https:\/\/www.mediterra-veranda.de\/wps\/wp-content\/uploads\/2021\/03\/IMG_2881-1024x768.jpg\" width=\"1024\" height=\"768\" alt=\"\" data-full-image=\"https:\/\/www.mediterra-veranda.de\/wps\/wp-content\/uploads\/2021\/03\/IMG_2881-scaled.jpg\" data-light-image=\"https:\/\/www.mediterra-veranda.de\/wps\/wp-content\/uploads\/2021\/03\/IMG_2881-scaled.jpg\" data-id=\"737\" data-link=\"https:\/\/www.mediterra-veranda.de\/wps\/index.php\/terrassenueberdachung\/img_2881\/\" class=\"wp-image-737\" srcset=\"https:\/\/www.mediterra-veranda.de\/wps\/wp-content\/uploads\/2021\/03\/IMG_2881-1024x768.jpg 1024w, https:\/\/www.mediterra-veranda.de\/wps\/wp-content\/uploads\/2021\/03\/IMG_2881-300x225.jpg 300w, https:\/\/www.mediterra-veranda.de\/wps\/wp-content\/uploads\/2021\/03\/IMG_2881-768x576.jpg 768w, https:\/\/www.mediterra-veranda.de\/wps\/wp-content\/uploads\/2021\/03\/IMG_2881-1536x1152.jpg 1536w, https:\/\/www.mediterra-veranda.de\/wps\/wp-content\/uploads\/2021\/03\/IMG_2881-2048x1536.jpg 2048w\" sizes=\"(max-width: 1024px) 100vw, 1024px\" \/><\/div><\/div><\/a><\/figure><\/div><\/li><li class=\"kadence-blocks-gallery-item\"><div class=\"kadence-blocks-gallery-item-inner\"><figure class=\"kb-gallery-figure kb-gallery-item-has-link kadence-blocks-gallery-item-hide-caption\"><a href=\"https:\/\/www.mediterra-veranda.de\/wps\/wp-content\/uploads\/2021\/03\/IMG_3054-scaled.jpg\" class=\"kb-gallery-item-link\"><div class=\"kb-gal-image-radius\" style=\"max-width:1024px\"><div class=\"kb-gallery-image-contain kadence-blocks-gallery-intrinsic\" style=\"padding-bottom:75%\"><img loading=\"lazy\" decoding=\"async\" src=\"https:\/\/www.mediterra-veranda.de\/wps\/wp-content\/uploads\/2021\/03\/IMG_3054-1024x768.jpg\" width=\"1024\" height=\"768\" alt=\"\" data-full-image=\"https:\/\/www.mediterra-veranda.de\/wps\/wp-content\/uploads\/2021\/03\/IMG_3054-scaled.jpg\" data-light-image=\"https:\/\/www.mediterra-veranda.de\/wps\/wp-content\/uploads\/2021\/03\/IMG_3054-scaled.jpg\" data-id=\"738\" data-link=\"https:\/\/www.mediterra-veranda.de\/wps\/index.php\/terrassenueberdachung\/img_3054\/\" class=\"wp-image-738\" srcset=\"https:\/\/www.mediterra-veranda.de\/wps\/wp-content\/uploads\/2021\/03\/IMG_3054-1024x768.jpg 1024w, https:\/\/www.mediterra-veranda.de\/wps\/wp-content\/uploads\/2021\/03\/IMG_3054-300x225.jpg 300w, https:\/\/www.mediterra-veranda.de\/wps\/wp-content\/uploads\/2021\/03\/IMG_3054-768x576.jpg 768w, https:\/\/www.mediterra-veranda.de\/wps\/wp-content\/uploads\/2021\/03\/IMG_3054-1536x1152.jpg 1536w, https:\/\/www.mediterra-veranda.de\/wps\/wp-content\/uploads\/2021\/03\/IMG_3054-2048x1536.jpg 2048w\" sizes=\"(max-width: 1024px) 100vw, 1024px\" \/><\/div><\/div><\/a><\/figure><\/div><\/li><li class=\"kadence-blocks-gallery-item\"><div class=\"kadence-blocks-gallery-item-inner\"><figure class=\"kb-gallery-figure kb-gallery-item-has-link kadence-blocks-gallery-item-hide-caption\"><a href=\"https:\/\/www.mediterra-veranda.de\/wps\/wp-content\/uploads\/2021\/03\/Terrassenueberdachung1-scaled.jpg\" class=\"kb-gallery-item-link\"><div class=\"kb-gal-image-radius\" style=\"max-width:1024px\"><div class=\"kb-gallery-image-contain kadence-blocks-gallery-intrinsic\" style=\"padding-bottom:75%\"><img loading=\"lazy\" decoding=\"async\" src=\"https:\/\/www.mediterra-veranda.de\/wps\/wp-content\/uploads\/2021\/03\/Terrassenueberdachung1-1024x768.jpg\" width=\"1024\" height=\"768\" alt=\"\" data-full-image=\"https:\/\/www.mediterra-veranda.de\/wps\/wp-content\/uploads\/2021\/03\/Terrassenueberdachung1-scaled.jpg\" data-light-image=\"https:\/\/www.mediterra-veranda.de\/wps\/wp-content\/uploads\/2021\/03\/Terrassenueberdachung1-scaled.jpg\" data-id=\"817\" data-link=\"https:\/\/www.mediterra-veranda.de\/wps\/index.php\/terrassenueberdachung\/terrassenueberdachung1\/\" class=\"wp-image-817\" srcset=\"https:\/\/www.mediterra-veranda.de\/wps\/wp-content\/uploads\/2021\/03\/Terrassenueberdachung1-1024x768.jpg 1024w, https:\/\/www.mediterra-veranda.de\/wps\/wp-content\/uploads\/2021\/03\/Terrassenueberdachung1-300x225.jpg 300w, https:\/\/www.mediterra-veranda.de\/wps\/wp-content\/uploads\/2021\/03\/Terrassenueberdachung1-768x576.jpg 768w, https:\/\/www.mediterra-veranda.de\/wps\/wp-content\/uploads\/2021\/03\/Terrassenueberdachung1-1536x1152.jpg 1536w, https:\/\/www.mediterra-veranda.de\/wps\/wp-content\/uploads\/2021\/03\/Terrassenueberdachung1-2048x1536.jpg 2048w\" sizes=\"(max-width: 1024px) 100vw, 1024px\" \/><\/div><\/div><\/a><\/figure><\/div><\/li><li class=\"kadence-blocks-gallery-item\"><div class=\"kadence-blocks-gallery-item-inner\"><figure class=\"kb-gallery-figure kb-gallery-item-has-link kadence-blocks-gallery-item-hide-caption\"><a href=\"https:\/\/www.mediterra-veranda.de\/wps\/wp-content\/uploads\/2021\/03\/TUe1n-scaled.jpg\" class=\"kb-gallery-item-link\"><div class=\"kb-gal-image-radius\" style=\"max-width:1024px\"><div class=\"kb-gallery-image-contain kadence-blocks-gallery-intrinsic\" style=\"padding-bottom:74.70703125%\"><img loading=\"lazy\" decoding=\"async\" src=\"https:\/\/www.mediterra-veranda.de\/wps\/wp-content\/uploads\/2021\/03\/TUe1n-1024x765.jpg\" width=\"1024\" height=\"765\" alt=\"\" data-full-image=\"https:\/\/www.mediterra-veranda.de\/wps\/wp-content\/uploads\/2021\/03\/TUe1n-scaled.jpg\" data-light-image=\"https:\/\/www.mediterra-veranda.de\/wps\/wp-content\/uploads\/2021\/03\/TUe1n-scaled.jpg\" data-id=\"819\" data-link=\"https:\/\/www.mediterra-veranda.de\/wps\/index.php\/terrassenueberdachung\/tue1n\/\" class=\"wp-image-819\" srcset=\"https:\/\/www.mediterra-veranda.de\/wps\/wp-content\/uploads\/2021\/03\/TUe1n-1024x765.jpg 1024w, https:\/\/www.mediterra-veranda.de\/wps\/wp-content\/uploads\/2021\/03\/TUe1n-300x224.jpg 300w, https:\/\/www.mediterra-veranda.de\/wps\/wp-content\/uploads\/2021\/03\/TUe1n-768x574.jpg 768w, https:\/\/www.mediterra-veranda.de\/wps\/wp-content\/uploads\/2021\/03\/TUe1n-1536x1147.jpg 1536w, https:\/\/www.mediterra-veranda.de\/wps\/wp-content\/uploads\/2021\/03\/TUe1n-2048x1530.jpg 2048w\" sizes=\"(max-width: 1024px) 100vw, 1024px\" \/><\/div><\/div><\/a><\/figure><\/div><\/li><li class=\"kadence-blocks-gallery-item\"><div class=\"kadence-blocks-gallery-item-inner\"><figure class=\"kb-gallery-figure kb-gallery-item-has-link kadence-blocks-gallery-item-hide-caption\"><a href=\"https:\/\/www.mediterra-veranda.de\/wps\/wp-content\/uploads\/2021\/03\/Terrassenueberdachung7n-1-scaled.jpg\" class=\"kb-gallery-item-link\"><div class=\"kb-gal-image-radius\" style=\"max-width:1024px\"><div class=\"kb-gallery-image-contain kadence-blocks-gallery-intrinsic\" style=\"padding-bottom:74.70703125%\"><img loading=\"lazy\" decoding=\"async\" src=\"https:\/\/www.mediterra-veranda.de\/wps\/wp-content\/uploads\/2021\/03\/Terrassenueberdachung7n-1-1024x765.jpg\" width=\"1024\" height=\"765\" alt=\"\" data-full-image=\"https:\/\/www.mediterra-veranda.de\/wps\/wp-content\/uploads\/2021\/03\/Terrassenueberdachung7n-1-scaled.jpg\" data-light-image=\"https:\/\/www.mediterra-veranda.de\/wps\/wp-content\/uploads\/2021\/03\/Terrassenueberdachung7n-1-scaled.jpg\" data-id=\"820\" data-link=\"https:\/\/www.mediterra-veranda.de\/wps\/index.php\/terrassenueberdachung\/terrassenueberdachung7n-1\/\" class=\"wp-image-820\" srcset=\"https:\/\/www.mediterra-veranda.de\/wps\/wp-content\/uploads\/2021\/03\/Terrassenueberdachung7n-1-1024x765.jpg 1024w, https:\/\/www.mediterra-veranda.de\/wps\/wp-content\/uploads\/2021\/03\/Terrassenueberdachung7n-1-300x224.jpg 300w, https:\/\/www.mediterra-veranda.de\/wps\/wp-content\/uploads\/2021\/03\/Terrassenueberdachung7n-1-768x574.jpg 768w, https:\/\/www.mediterra-veranda.de\/wps\/wp-content\/uploads\/2021\/03\/Terrassenueberdachung7n-1-1536x1147.jpg 1536w, https:\/\/www.mediterra-veranda.de\/wps\/wp-content\/uploads\/2021\/03\/Terrassenueberdachung7n-1-2048x1530.jpg 2048w\" sizes=\"(max-width: 1024px) 100vw, 1024px\" \/><\/div><\/div><\/a><\/figure><\/div><\/li><li class=\"kadence-blocks-gallery-item\"><div class=\"kadence-blocks-gallery-item-inner\"><figure class=\"kb-gallery-figure kb-gallery-item-has-link kadence-blocks-gallery-item-hide-caption\"><a href=\"https:\/\/www.mediterra-veranda.de\/wps\/wp-content\/uploads\/2021\/03\/TUe3n-scaled.jpg\" class=\"kb-gallery-item-link\"><div class=\"kb-gal-image-radius\" style=\"max-width:1024px\"><div class=\"kb-gallery-image-contain kadence-blocks-gallery-intrinsic\" style=\"padding-bottom:74.70703125%\"><img loading=\"lazy\" decoding=\"async\" src=\"https:\/\/www.mediterra-veranda.de\/wps\/wp-content\/uploads\/2021\/03\/TUe3n-1024x765.jpg\" width=\"1024\" height=\"765\" alt=\"\" data-full-image=\"https:\/\/www.mediterra-veranda.de\/wps\/wp-content\/uploads\/2021\/03\/TUe3n-scaled.jpg\" data-light-image=\"https:\/\/www.mediterra-veranda.de\/wps\/wp-content\/uploads\/2021\/03\/TUe3n-scaled.jpg\" data-id=\"822\" data-link=\"https:\/\/www.mediterra-veranda.de\/wps\/index.php\/terrassenueberdachung\/tue3n\/\" class=\"wp-image-822\" srcset=\"https:\/\/www.mediterra-veranda.de\/wps\/wp-content\/uploads\/2021\/03\/TUe3n-1024x765.jpg 1024w, https:\/\/www.mediterra-veranda.de\/wps\/wp-content\/uploads\/2021\/03\/TUe3n-300x224.jpg 300w, https:\/\/www.mediterra-veranda.de\/wps\/wp-content\/uploads\/2021\/03\/TUe3n-768x574.jpg 768w, https:\/\/www.mediterra-veranda.de\/wps\/wp-content\/uploads\/2021\/03\/TUe3n-1536x1147.jpg 1536w, https:\/\/www.mediterra-veranda.de\/wps\/wp-content\/uploads\/2021\/03\/TUe3n-2048x1530.jpg 2048w\" sizes=\"(max-width: 1024px) 100vw, 1024px\" \/><\/div><\/div><\/a><\/figure><\/div><\/li><li class=\"kadence-blocks-gallery-item\"><div class=\"kadence-blocks-gallery-item-inner\"><figure class=\"kb-gallery-figure kb-gallery-item-has-link kadence-blocks-gallery-item-hide-caption\"><a href=\"https:\/\/www.mediterra-veranda.de\/wps\/wp-content\/uploads\/2021\/03\/TUe7n-scaled.jpg\" class=\"kb-gallery-item-link\"><div class=\"kb-gal-image-radius\" style=\"max-width:1024px\"><div class=\"kb-gallery-image-contain kadence-blocks-gallery-intrinsic\" style=\"padding-bottom:74.70703125%\"><img loading=\"lazy\" decoding=\"async\" src=\"https:\/\/www.mediterra-veranda.de\/wps\/wp-content\/uploads\/2021\/03\/TUe7n-1024x765.jpg\" width=\"1024\" height=\"765\" alt=\"\" data-full-image=\"https:\/\/www.mediterra-veranda.de\/wps\/wp-content\/uploads\/2021\/03\/TUe7n-scaled.jpg\" data-light-image=\"https:\/\/www.mediterra-veranda.de\/wps\/wp-content\/uploads\/2021\/03\/TUe7n-scaled.jpg\" data-id=\"823\" data-link=\"https:\/\/www.mediterra-veranda.de\/wps\/index.php\/terrassenueberdachung\/tue7n\/\" class=\"wp-image-823\" srcset=\"https:\/\/www.mediterra-veranda.de\/wps\/wp-content\/uploads\/2021\/03\/TUe7n-1024x765.jpg 1024w, https:\/\/www.mediterra-veranda.de\/wps\/wp-content\/uploads\/2021\/03\/TUe7n-300x224.jpg 300w, https:\/\/www.mediterra-veranda.de\/wps\/wp-content\/uploads\/2021\/03\/TUe7n-768x574.jpg 768w, https:\/\/www.mediterra-veranda.de\/wps\/wp-content\/uploads\/2021\/03\/TUe7n-1536x1147.jpg 1536w, https:\/\/www.mediterra-veranda.de\/wps\/wp-content\/uploads\/2021\/03\/TUe7n-2048x1530.jpg 2048w\" sizes=\"(max-width: 1024px) 100vw, 1024px\" \/><\/div><\/div><\/a><\/figure><\/div><\/li><li class=\"kadence-blocks-gallery-item\"><div class=\"kadence-blocks-gallery-item-inner\"><figure class=\"kb-gallery-figure kb-gallery-item-has-link kadence-blocks-gallery-item-hide-caption\"><a href=\"https:\/\/www.mediterra-veranda.de\/wps\/wp-content\/uploads\/2021\/03\/TUe8n-scaled.jpg\" class=\"kb-gallery-item-link\"><div class=\"kb-gal-image-radius\" style=\"max-width:1024px\"><div class=\"kb-gallery-image-contain kadence-blocks-gallery-intrinsic\" style=\"padding-bottom:75%\"><img loading=\"lazy\" decoding=\"async\" src=\"https:\/\/www.mediterra-veranda.de\/wps\/wp-content\/uploads\/2021\/03\/TUe8n-1024x768.jpg\" width=\"1024\" height=\"768\" alt=\"\" data-full-image=\"https:\/\/www.mediterra-veranda.de\/wps\/wp-content\/uploads\/2021\/03\/TUe8n-scaled.jpg\" data-light-image=\"https:\/\/www.mediterra-veranda.de\/wps\/wp-content\/uploads\/2021\/03\/TUe8n-scaled.jpg\" data-id=\"824\" data-link=\"https:\/\/www.mediterra-veranda.de\/wps\/index.php\/terrassenueberdachung\/tue8n\/\" class=\"wp-image-824\" srcset=\"https:\/\/www.mediterra-veranda.de\/wps\/wp-content\/uploads\/2021\/03\/TUe8n-1024x768.jpg 1024w, https:\/\/www.mediterra-veranda.de\/wps\/wp-content\/uploads\/2021\/03\/TUe8n-300x225.jpg 300w, https:\/\/www.mediterra-veranda.de\/wps\/wp-content\/uploads\/2021\/03\/TUe8n-768x576.jpg 768w, https:\/\/www.mediterra-veranda.de\/wps\/wp-content\/uploads\/2021\/03\/TUe8n-1536x1152.jpg 1536w, https:\/\/www.mediterra-veranda.de\/wps\/wp-content\/uploads\/2021\/03\/TUe8n-2048x1536.jpg 2048w\" sizes=\"(max-width: 1024px) 100vw, 1024px\" \/><\/div><\/div><\/a><\/figure><\/div><\/li><li class=\"kadence-blocks-gallery-item\"><div class=\"kadence-blocks-gallery-item-inner\"><figure class=\"kb-gallery-figure kb-gallery-item-has-link kadence-blocks-gallery-item-hide-caption\"><a href=\"https:\/\/www.mediterra-veranda.de\/wps\/wp-content\/uploads\/2021\/03\/TUe15n-scaled.jpg\" class=\"kb-gallery-item-link\"><div class=\"kb-gal-image-radius\" style=\"max-width:1024px\"><div class=\"kb-gallery-image-contain kadence-blocks-gallery-intrinsic\" style=\"padding-bottom:74.70703125%\"><img loading=\"lazy\" decoding=\"async\" src=\"https:\/\/www.mediterra-veranda.de\/wps\/wp-content\/uploads\/2021\/03\/TUe15n-1024x765.jpg\" width=\"1024\" height=\"765\" alt=\"\" data-full-image=\"https:\/\/www.mediterra-veranda.de\/wps\/wp-content\/uploads\/2021\/03\/TUe15n-scaled.jpg\" data-light-image=\"https:\/\/www.mediterra-veranda.de\/wps\/wp-content\/uploads\/2021\/03\/TUe15n-scaled.jpg\" data-id=\"825\" data-link=\"https:\/\/www.mediterra-veranda.de\/wps\/index.php\/terrassenueberdachung\/tue15n\/\" class=\"wp-image-825\" srcset=\"https:\/\/www.mediterra-veranda.de\/wps\/wp-content\/uploads\/2021\/03\/TUe15n-1024x765.jpg 1024w, https:\/\/www.mediterra-veranda.de\/wps\/wp-content\/uploads\/2021\/03\/TUe15n-300x224.jpg 300w, https:\/\/www.mediterra-veranda.de\/wps\/wp-content\/uploads\/2021\/03\/TUe15n-768x574.jpg 768w, https:\/\/www.mediterra-veranda.de\/wps\/wp-content\/uploads\/2021\/03\/TUe15n-1536x1147.jpg 1536w, https:\/\/www.mediterra-veranda.de\/wps\/wp-content\/uploads\/2021\/03\/TUe15n-2048x1530.jpg 2048w\" sizes=\"(max-width: 1024px) 100vw, 1024px\" \/><\/div><\/div><\/a><\/figure><\/div><\/li><li class=\"kadence-blocks-gallery-item\"><div class=\"kadence-blocks-gallery-item-inner\"><figure class=\"kb-gallery-figure kb-gallery-item-has-link kadence-blocks-gallery-item-hide-caption\"><a href=\"https:\/\/www.mediterra-veranda.de\/wps\/wp-content\/uploads\/2021\/03\/TUe14n-scaled.jpg\" class=\"kb-gallery-item-link\"><div class=\"kb-gal-image-radius\" style=\"max-width:1024px\"><div class=\"kb-gallery-image-contain kadence-blocks-gallery-intrinsic\" style=\"padding-bottom:74.70703125%\"><img loading=\"lazy\" decoding=\"async\" src=\"https:\/\/www.mediterra-veranda.de\/wps\/wp-content\/uploads\/2021\/03\/TUe14n-1024x765.jpg\" width=\"1024\" height=\"765\" alt=\"\" data-full-image=\"https:\/\/www.mediterra-veranda.de\/wps\/wp-content\/uploads\/2021\/03\/TUe14n-scaled.jpg\" data-light-image=\"https:\/\/www.mediterra-veranda.de\/wps\/wp-content\/uploads\/2021\/03\/TUe14n-scaled.jpg\" data-id=\"826\" data-link=\"https:\/\/www.mediterra-veranda.de\/wps\/index.php\/terrassenueberdachung\/tue14n\/\" class=\"wp-image-826\" srcset=\"https:\/\/www.mediterra-veranda.de\/wps\/wp-content\/uploads\/2021\/03\/TUe14n-1024x765.jpg 1024w, https:\/\/www.mediterra-veranda.de\/wps\/wp-content\/uploads\/2021\/03\/TUe14n-300x224.jpg 300w, https:\/\/www.mediterra-veranda.de\/wps\/wp-content\/uploads\/2021\/03\/TUe14n-768x574.jpg 768w, https:\/\/www.mediterra-veranda.de\/wps\/wp-content\/uploads\/2021\/03\/TUe14n-1536x1147.jpg 1536w, https:\/\/www.mediterra-veranda.de\/wps\/wp-content\/uploads\/2021\/03\/TUe14n-2048x1530.jpg 2048w\" sizes=\"(max-width: 1024px) 100vw, 1024px\" \/><\/div><\/div><\/a><\/figure><\/div><\/li><li class=\"kadence-blocks-gallery-item\"><div class=\"kadence-blocks-gallery-item-inner\"><figure class=\"kb-gallery-figure kb-gallery-item-has-link kadence-blocks-gallery-item-hide-caption\"><a href=\"https:\/\/www.mediterra-veranda.de\/wps\/wp-content\/uploads\/2021\/03\/Tuen18-scaled.jpg\" class=\"kb-gallery-item-link\"><div class=\"kb-gal-image-radius\" style=\"max-width:1024px\"><div class=\"kb-gallery-image-contain kadence-blocks-gallery-intrinsic\" style=\"padding-bottom:56.34765625%\"><img loading=\"lazy\" decoding=\"async\" src=\"https:\/\/www.mediterra-veranda.de\/wps\/wp-content\/uploads\/2021\/03\/Tuen18-1024x577.jpg\" width=\"1024\" height=\"577\" alt=\"\" data-full-image=\"https:\/\/www.mediterra-veranda.de\/wps\/wp-content\/uploads\/2021\/03\/Tuen18-scaled.jpg\" data-light-image=\"https:\/\/www.mediterra-veranda.de\/wps\/wp-content\/uploads\/2021\/03\/Tuen18-scaled.jpg\" data-id=\"827\" data-link=\"https:\/\/www.mediterra-veranda.de\/wps\/index.php\/terrassenueberdachung\/tuen18\/\" class=\"wp-image-827\" srcset=\"https:\/\/www.mediterra-veranda.de\/wps\/wp-content\/uploads\/2021\/03\/Tuen18-1024x577.jpg 1024w, https:\/\/www.mediterra-veranda.de\/wps\/wp-content\/uploads\/2021\/03\/Tuen18-300x169.jpg 300w, https:\/\/www.mediterra-veranda.de\/wps\/wp-content\/uploads\/2021\/03\/Tuen18-768x433.jpg 768w, https:\/\/www.mediterra-veranda.de\/wps\/wp-content\/uploads\/2021\/03\/Tuen18-1536x866.jpg 1536w, https:\/\/www.mediterra-veranda.de\/wps\/wp-content\/uploads\/2021\/03\/Tuen18-2048x1155.jpg 2048w\" sizes=\"(max-width: 1024px) 100vw, 1024px\" \/><\/div><\/div><\/a><\/figure><\/div><\/li><li class=\"kadence-blocks-gallery-item\"><div class=\"kadence-blocks-gallery-item-inner\"><figure class=\"kb-gallery-figure kb-gallery-item-has-link kadence-blocks-gallery-item-hide-caption\"><a href=\"https:\/\/www.mediterra-veranda.de\/wps\/wp-content\/uploads\/2021\/03\/TUen16-scaled.jpg\" class=\"kb-gallery-item-link\"><div class=\"kb-gal-image-radius\" style=\"max-width:1024px\"><div class=\"kb-gallery-image-contain kadence-blocks-gallery-intrinsic\" style=\"padding-bottom:74.70703125%\"><img loading=\"lazy\" decoding=\"async\" src=\"https:\/\/www.mediterra-veranda.de\/wps\/wp-content\/uploads\/2021\/03\/TUen16-1024x765.jpg\" width=\"1024\" height=\"765\" alt=\"\" data-full-image=\"https:\/\/www.mediterra-veranda.de\/wps\/wp-content\/uploads\/2021\/03\/TUen16-scaled.jpg\" data-light-image=\"https:\/\/www.mediterra-veranda.de\/wps\/wp-content\/uploads\/2021\/03\/TUen16-scaled.jpg\" data-id=\"828\" data-link=\"https:\/\/www.mediterra-veranda.de\/wps\/index.php\/terrassenueberdachung\/tuen16\/\" class=\"wp-image-828\" srcset=\"https:\/\/www.mediterra-veranda.de\/wps\/wp-content\/uploads\/2021\/03\/TUen16-1024x765.jpg 1024w, https:\/\/www.mediterra-veranda.de\/wps\/wp-content\/uploads\/2021\/03\/TUen16-300x224.jpg 300w, https:\/\/www.mediterra-veranda.de\/wps\/wp-content\/uploads\/2021\/03\/TUen16-768x574.jpg 768w, https:\/\/www.mediterra-veranda.de\/wps\/wp-content\/uploads\/2021\/03\/TUen16-1536x1147.jpg 1536w, https:\/\/www.mediterra-veranda.de\/wps\/wp-content\/uploads\/2021\/03\/TUen16-2048x1530.jpg 2048w\" sizes=\"(max-width: 1024px) 100vw, 1024px\" \/><\/div><\/div><\/a><\/figure><\/div><\/li><li class=\"kadence-blocks-gallery-item\"><div class=\"kadence-blocks-gallery-item-inner\"><figure class=\"kb-gallery-figure kb-gallery-item-has-link kadence-blocks-gallery-item-hide-caption\"><a href=\"https:\/\/www.mediterra-veranda.de\/wps\/wp-content\/uploads\/2021\/03\/Tuen11-scaled.jpg\" class=\"kb-gallery-item-link\"><div class=\"kb-gal-image-radius\" style=\"max-width:768px\"><div class=\"kb-gallery-image-contain kadence-blocks-gallery-intrinsic\" style=\"padding-bottom:133.33333333333331%\"><img loading=\"lazy\" decoding=\"async\" src=\"https:\/\/www.mediterra-veranda.de\/wps\/wp-content\/uploads\/2021\/03\/Tuen11-768x1024.jpg\" width=\"768\" height=\"1024\" alt=\"\" data-full-image=\"https:\/\/www.mediterra-veranda.de\/wps\/wp-content\/uploads\/2021\/03\/Tuen11-scaled.jpg\" data-light-image=\"https:\/\/www.mediterra-veranda.de\/wps\/wp-content\/uploads\/2021\/03\/Tuen11-scaled.jpg\" data-id=\"829\" data-link=\"https:\/\/www.mediterra-veranda.de\/wps\/index.php\/terrassenueberdachung\/tuen11\/\" class=\"wp-image-829\" srcset=\"https:\/\/www.mediterra-veranda.de\/wps\/wp-content\/uploads\/2021\/03\/Tuen11-768x1024.jpg 768w, https:\/\/www.mediterra-veranda.de\/wps\/wp-content\/uploads\/2021\/03\/Tuen11-225x300.jpg 225w, https:\/\/www.mediterra-veranda.de\/wps\/wp-content\/uploads\/2021\/03\/Tuen11-1152x1536.jpg 1152w, https:\/\/www.mediterra-veranda.de\/wps\/wp-content\/uploads\/2021\/03\/Tuen11-1536x2048.jpg 1536w, https:\/\/www.mediterra-veranda.de\/wps\/wp-content\/uploads\/2021\/03\/Tuen11-scaled.jpg 1920w\" sizes=\"(max-width: 768px) 100vw, 768px\" \/><\/div><\/div><\/a><\/figure><\/div><\/li><li class=\"kadence-blocks-gallery-item\"><div class=\"kadence-blocks-gallery-item-inner\"><figure class=\"kb-gallery-figure kb-gallery-item-has-link kadence-blocks-gallery-item-hide-caption\"><a href=\"https:\/\/www.mediterra-veranda.de\/wps\/wp-content\/uploads\/2021\/03\/TUe10n-scaled.jpg\" class=\"kb-gallery-item-link\"><div class=\"kb-gal-image-radius\" style=\"max-width:1024px\"><div class=\"kb-gallery-image-contain kadence-blocks-gallery-intrinsic\" style=\"padding-bottom:75%\"><img loading=\"lazy\" decoding=\"async\" src=\"https:\/\/www.mediterra-veranda.de\/wps\/wp-content\/uploads\/2021\/03\/TUe10n-1024x768.jpg\" width=\"1024\" height=\"768\" alt=\"\" data-full-image=\"https:\/\/www.mediterra-veranda.de\/wps\/wp-content\/uploads\/2021\/03\/TUe10n-scaled.jpg\" data-light-image=\"https:\/\/www.mediterra-veranda.de\/wps\/wp-content\/uploads\/2021\/03\/TUe10n-scaled.jpg\" data-id=\"830\" data-link=\"https:\/\/www.mediterra-veranda.de\/wps\/index.php\/terrassenueberdachung\/tue10n\/\" class=\"wp-image-830\" srcset=\"https:\/\/www.mediterra-veranda.de\/wps\/wp-content\/uploads\/2021\/03\/TUe10n-1024x768.jpg 1024w, https:\/\/www.mediterra-veranda.de\/wps\/wp-content\/uploads\/2021\/03\/TUe10n-300x225.jpg 300w, https:\/\/www.mediterra-veranda.de\/wps\/wp-content\/uploads\/2021\/03\/TUe10n-768x576.jpg 768w, https:\/\/www.mediterra-veranda.de\/wps\/wp-content\/uploads\/2021\/03\/TUe10n-1536x1152.jpg 1536w, https:\/\/www.mediterra-veranda.de\/wps\/wp-content\/uploads\/2021\/03\/TUe10n-2048x1536.jpg 2048w\" sizes=\"(max-width: 1024px) 100vw, 1024px\" \/><\/div><\/div><\/a><\/figure><\/div><\/li><li class=\"kadence-blocks-gallery-item\"><div class=\"kadence-blocks-gallery-item-inner\"><figure class=\"kb-gallery-figure kb-gallery-item-has-link kadence-blocks-gallery-item-hide-caption\"><a href=\"https:\/\/www.mediterra-veranda.de\/wps\/wp-content\/uploads\/2021\/03\/Ueberdachung-scaled.jpg\" class=\"kb-gallery-item-link\"><div class=\"kb-gal-image-radius\" style=\"max-width:1024px\"><div class=\"kb-gallery-image-contain kadence-blocks-gallery-intrinsic\" style=\"padding-bottom:75%\"><img loading=\"lazy\" decoding=\"async\" src=\"https:\/\/www.mediterra-veranda.de\/wps\/wp-content\/uploads\/2021\/03\/Ueberdachung-1024x768.jpg\" width=\"1024\" height=\"768\" alt=\"\" data-full-image=\"https:\/\/www.mediterra-veranda.de\/wps\/wp-content\/uploads\/2021\/03\/Ueberdachung-scaled.jpg\" data-light-image=\"https:\/\/www.mediterra-veranda.de\/wps\/wp-content\/uploads\/2021\/03\/Ueberdachung-scaled.jpg\" data-id=\"838\" data-link=\"https:\/\/www.mediterra-veranda.de\/wps\/index.php\/terrassenueberdachung\/ueberdachung\/\" class=\"wp-image-838\" srcset=\"https:\/\/www.mediterra-veranda.de\/wps\/wp-content\/uploads\/2021\/03\/Ueberdachung-1024x768.jpg 1024w, https:\/\/www.mediterra-veranda.de\/wps\/wp-content\/uploads\/2021\/03\/Ueberdachung-300x225.jpg 300w, https:\/\/www.mediterra-veranda.de\/wps\/wp-content\/uploads\/2021\/03\/Ueberdachung-768x576.jpg 768w, https:\/\/www.mediterra-veranda.de\/wps\/wp-content\/uploads\/2021\/03\/Ueberdachung-1536x1152.jpg 1536w, https:\/\/www.mediterra-veranda.de\/wps\/wp-content\/uploads\/2021\/03\/Ueberdachung-2048x1536.jpg 2048w\" sizes=\"(max-width: 1024px) 100vw, 1024px\" \/><\/div><\/div><\/a><\/figure><\/div><\/li><li class=\"kadence-blocks-gallery-item\"><div class=\"kadence-blocks-gallery-item-inner\"><figure class=\"kb-gallery-figure kb-gallery-item-has-link kadence-blocks-gallery-item-hide-caption\"><a href=\"https:\/\/www.mediterra-veranda.de\/wps\/wp-content\/uploads\/2021\/04\/Ueberdachung_Hof-2-scaled.jpg\" class=\"kb-gallery-item-link\"><div class=\"kb-gal-image-radius\" style=\"max-width:1024px\"><div class=\"kb-gallery-image-contain kadence-blocks-gallery-intrinsic\" style=\"padding-bottom:74.70703125%\"><img loading=\"lazy\" decoding=\"async\" src=\"https:\/\/www.mediterra-veranda.de\/wps\/wp-content\/uploads\/2021\/04\/Ueberdachung_Hof-2-1024x765.jpg\" width=\"1024\" height=\"765\" alt=\"\" data-full-image=\"https:\/\/www.mediterra-veranda.de\/wps\/wp-content\/uploads\/2021\/04\/Ueberdachung_Hof-2-scaled.jpg\" data-light-image=\"https:\/\/www.mediterra-veranda.de\/wps\/wp-content\/uploads\/2021\/04\/Ueberdachung_Hof-2-scaled.jpg\" data-id=\"842\" data-link=\"https:\/\/www.mediterra-veranda.de\/wps\/index.php\/terrassenueberdachung\/ueberdachung_hof-2\/\" class=\"wp-image-842\" srcset=\"https:\/\/www.mediterra-veranda.de\/wps\/wp-content\/uploads\/2021\/04\/Ueberdachung_Hof-2-1024x765.jpg 1024w, https:\/\/www.mediterra-veranda.de\/wps\/wp-content\/uploads\/2021\/04\/Ueberdachung_Hof-2-300x224.jpg 300w, https:\/\/www.mediterra-veranda.de\/wps\/wp-content\/uploads\/2021\/04\/Ueberdachung_Hof-2-768x574.jpg 768w, https:\/\/www.mediterra-veranda.de\/wps\/wp-content\/uploads\/2021\/04\/Ueberdachung_Hof-2-1536x1147.jpg 1536w, https:\/\/www.mediterra-veranda.de\/wps\/wp-content\/uploads\/2021\/04\/Ueberdachung_Hof-2-2048x1530.jpg 2048w\" sizes=\"(max-width: 1024px) 100vw, 1024px\" \/><\/div><\/div><\/a><\/figure><\/div><\/li><li class=\"kadence-blocks-gallery-item\"><div class=\"kadence-blocks-gallery-item-inner\"><figure class=\"kb-gallery-figure kb-gallery-item-has-link kadence-blocks-gallery-item-hide-caption\"><a href=\"https:\/\/www.mediterra-veranda.de\/wps\/wp-content\/uploads\/2021\/04\/image0-scaled.jpeg\" class=\"kb-gallery-item-link\"><div class=\"kb-gal-image-radius\" style=\"max-width:1024px\"><div class=\"kb-gallery-image-contain kadence-blocks-gallery-intrinsic\" style=\"padding-bottom:75%\"><img loading=\"lazy\" decoding=\"async\" src=\"https:\/\/www.mediterra-veranda.de\/wps\/wp-content\/uploads\/2021\/04\/image0-1024x768.jpeg\" width=\"1024\" height=\"768\" alt=\"\" data-full-image=\"https:\/\/www.mediterra-veranda.de\/wps\/wp-content\/uploads\/2021\/04\/image0-scaled.jpeg\" data-light-image=\"https:\/\/www.mediterra-veranda.de\/wps\/wp-content\/uploads\/2021\/04\/image0-scaled.jpeg\" data-id=\"845\" data-link=\"https:\/\/www.mediterra-veranda.de\/wps\/index.php\/terrassenueberdachung\/image0\/\" class=\"wp-image-845\" srcset=\"https:\/\/www.mediterra-veranda.de\/wps\/wp-content\/uploads\/2021\/04\/image0-1024x768.jpeg 1024w, https:\/\/www.mediterra-veranda.de\/wps\/wp-content\/uploads\/2021\/04\/image0-300x225.jpeg 300w, https:\/\/www.mediterra-veranda.de\/wps\/wp-content\/uploads\/2021\/04\/image0-768x576.jpeg 768w, https:\/\/www.mediterra-veranda.de\/wps\/wp-content\/uploads\/2021\/04\/image0-1536x1152.jpeg 1536w, https:\/\/www.mediterra-veranda.de\/wps\/wp-content\/uploads\/2021\/04\/image0-2048x1536.jpeg 2048w\" sizes=\"(max-width: 1024px) 100vw, 1024px\" \/><\/div><\/div><\/a><\/figure><\/div><\/li><li class=\"kadence-blocks-gallery-item\"><div class=\"kadence-blocks-gallery-item-inner\"><figure class=\"kb-gallery-figure kb-gallery-item-has-link kadence-blocks-gallery-item-hide-caption\"><a href=\"https:\/\/www.mediterra-veranda.de\/wps\/wp-content\/uploads\/2021\/04\/image2-scaled.jpeg\" class=\"kb-gallery-item-link\"><div class=\"kb-gal-image-radius\" style=\"max-width:1024px\"><div class=\"kb-gallery-image-contain kadence-blocks-gallery-intrinsic\" style=\"padding-bottom:75%\"><img loading=\"lazy\" decoding=\"async\" src=\"https:\/\/www.mediterra-veranda.de\/wps\/wp-content\/uploads\/2021\/04\/image2-1024x768.jpeg\" width=\"1024\" height=\"768\" alt=\"\" data-full-image=\"https:\/\/www.mediterra-veranda.de\/wps\/wp-content\/uploads\/2021\/04\/image2-scaled.jpeg\" data-light-image=\"https:\/\/www.mediterra-veranda.de\/wps\/wp-content\/uploads\/2021\/04\/image2-scaled.jpeg\" data-id=\"846\" data-link=\"https:\/\/www.mediterra-veranda.de\/wps\/index.php\/terrassenueberdachung\/image2\/\" class=\"wp-image-846\" srcset=\"https:\/\/www.mediterra-veranda.de\/wps\/wp-content\/uploads\/2021\/04\/image2-1024x768.jpeg 1024w, https:\/\/www.mediterra-veranda.de\/wps\/wp-content\/uploads\/2021\/04\/image2-300x225.jpeg 300w, https:\/\/www.mediterra-veranda.de\/wps\/wp-content\/uploads\/2021\/04\/image2-768x576.jpeg 768w, https:\/\/www.mediterra-veranda.de\/wps\/wp-content\/uploads\/2021\/04\/image2-1536x1152.jpeg 1536w, https:\/\/www.mediterra-veranda.de\/wps\/wp-content\/uploads\/2021\/04\/image2-2048x1536.jpeg 2048w\" sizes=\"(max-width: 1024px) 100vw, 1024px\" \/><\/div><\/div><\/a><\/figure><\/div><\/li><\/ul><\/div>\n\n\n\n<p><\/p>\n<\/div><\/div>\n\n<\/div><\/div>\n\n\n<p><\/p>\n","protected":false},"excerpt":{"rendered":"<p>Wohl \u201e\u00fcberdachter\u201c Wetterschutz Individuell nach Ma\u00df \u2013 \u00dcberdachungen aller Art nach Ihren W\u00fcnschen.Verschiedene Varianten aus schlanken Aluminium-Systemprofilen.Durch Pulverbeschichtung in nahezu allen Farben \u00e4u\u00dferst witterungsbest\u00e4ndig und pflegeleicht.Viele Standard- und Sonderformen m\u00f6glich.Beliebig erweiterbar mit Seiten- und Frontelementen.Als Windschutz oder komplett zum Glashaus geschlossen erweiterbar.<\/p>\n","protected":false},"author":1,"featured_media":0,"parent":0,"menu_order":0,"comment_status":"closed","ping_status":"closed","template":"","meta":{"_kadence_starter_templates_imported_post":false,"_kad_post_transparent":"","_kad_post_title":"","_kad_post_layout":"","_kad_post_sidebar_id":"","_kad_post_content_style":"","_kad_post_vertical_padding":"","_kad_post_feature":"","_kad_post_feature_position":"","_kad_post_header":false,"_kad_post_footer":false,"footnotes":""},"yoast_head":"<!-- This site is optimized with the Yoast SEO plugin v22.9 - https:\/\/yoast.com\/wordpress\/plugins\/seo\/ -->\n<title>Terrassen\u00fcberdachung - HK-Alutechnik<\/title>\n<meta name=\"description\" content=\"Terrassen\u00fcberdachungen von HK-Alutechnik: Witterungsbest\u00e4ndig, pflegeleicht und erweiterbar. Aluminium-Systemprofile in vielen Farben.\" \/>\n<meta name=\"robots\" content=\"index, follow, max-snippet:-1, max-image-preview:large, max-video-preview:-1\" \/>\n<link rel=\"canonical\" href=\"https:\/\/www.mediterra-veranda.de\/wps\/index.php\/terrassenueberdachung\/\" \/>\n<meta property=\"og:locale\" content=\"de_DE\" \/>\n<meta property=\"og:type\" content=\"article\" \/>\n<meta property=\"og:title\" content=\"Terrassen\u00fcberdachung - HK-Alutechnik\" \/>\n<meta property=\"og:description\" content=\"Terrassen\u00fcberdachungen von HK-Alutechnik: Witterungsbest\u00e4ndig, pflegeleicht und erweiterbar. Aluminium-Systemprofile in vielen Farben.\" \/>\n<meta property=\"og:url\" content=\"https:\/\/www.mediterra-veranda.de\/wps\/index.php\/terrassenueberdachung\/\" \/>\n<meta property=\"og:site_name\" content=\"HK-Alutechnik\" \/>\n<meta property=\"article:modified_time\" content=\"2024-06-18T11:42:01+00:00\" \/>\n<meta property=\"og:image\" content=\"https:\/\/www.mediterra-veranda.de\/wps\/wp-content\/uploads\/2021\/02\/Bsp_Standard.jpg\" \/>\n<meta name=\"twitter:card\" content=\"summary_large_image\" \/>\n<meta name=\"twitter:label1\" content=\"Gesch\u00e4tzte Lesezeit\" \/>\n\t<meta name=\"twitter:data1\" content=\"6\u00a0Minuten\" \/>\n<script type=\"application\/ld+json\" class=\"yoast-schema-graph\">{\"@context\":\"https:\/\/schema.org\",\"@graph\":[{\"@type\":\"WebPage\",\"@id\":\"https:\/\/www.mediterra-veranda.de\/wps\/index.php\/terrassenueberdachung\/\",\"url\":\"https:\/\/www.mediterra-veranda.de\/wps\/index.php\/terrassenueberdachung\/\",\"name\":\"Terrassen\u00fcberdachung - HK-Alutechnik\",\"isPartOf\":{\"@id\":\"https:\/\/www.mediterra-veranda.de\/wps\/#website\"},\"primaryImageOfPage\":{\"@id\":\"https:\/\/www.mediterra-veranda.de\/wps\/index.php\/terrassenueberdachung\/#primaryimage\"},\"image\":{\"@id\":\"https:\/\/www.mediterra-veranda.de\/wps\/index.php\/terrassenueberdachung\/#primaryimage\"},\"thumbnailUrl\":\"https:\/\/www.mediterra-veranda.de\/wps\/wp-content\/uploads\/2021\/02\/Bsp_Standard.jpg\",\"datePublished\":\"2021-02-21T20:41:39+00:00\",\"dateModified\":\"2024-06-18T11:42:01+00:00\",\"description\":\"Terrassen\u00fcberdachungen von HK-Alutechnik: Witterungsbest\u00e4ndig, pflegeleicht und erweiterbar. Aluminium-Systemprofile in vielen Farben.\",\"breadcrumb\":{\"@id\":\"https:\/\/www.mediterra-veranda.de\/wps\/index.php\/terrassenueberdachung\/#breadcrumb\"},\"inLanguage\":\"de\",\"potentialAction\":[{\"@type\":\"ReadAction\",\"target\":[\"https:\/\/www.mediterra-veranda.de\/wps\/index.php\/terrassenueberdachung\/\"]}]},{\"@type\":\"ImageObject\",\"inLanguage\":\"de\",\"@id\":\"https:\/\/www.mediterra-veranda.de\/wps\/index.php\/terrassenueberdachung\/#primaryimage\",\"url\":\"https:\/\/www.mediterra-veranda.de\/wps\/wp-content\/uploads\/2021\/02\/Bsp_Standard.jpg\",\"contentUrl\":\"https:\/\/www.mediterra-veranda.de\/wps\/wp-content\/uploads\/2021\/02\/Bsp_Standard.jpg\"},{\"@type\":\"BreadcrumbList\",\"@id\":\"https:\/\/www.mediterra-veranda.de\/wps\/index.php\/terrassenueberdachung\/#breadcrumb\",\"itemListElement\":[{\"@type\":\"ListItem\",\"position\":1,\"name\":\"Home\",\"item\":\"https:\/\/www.mediterra-veranda.de\/wps\/\"},{\"@type\":\"ListItem\",\"position\":2,\"name\":\"Terrassen\u00fcberdachung\"}]},{\"@type\":\"WebSite\",\"@id\":\"https:\/\/www.mediterra-veranda.de\/wps\/#website\",\"url\":\"https:\/\/www.mediterra-veranda.de\/wps\/\",\"name\":\"HK-Alutechnik\",\"description\":\"Helmut Kielmann Schwarzenfeld\",\"publisher\":{\"@id\":\"https:\/\/www.mediterra-veranda.de\/wps\/#organization\"},\"potentialAction\":[{\"@type\":\"SearchAction\",\"target\":{\"@type\":\"EntryPoint\",\"urlTemplate\":\"https:\/\/www.mediterra-veranda.de\/wps\/?s={search_term_string}\"},\"query-input\":\"required name=search_term_string\"}],\"inLanguage\":\"de\"},{\"@type\":\"Organization\",\"@id\":\"https:\/\/www.mediterra-veranda.de\/wps\/#organization\",\"name\":\"HK-Alutechnik\",\"url\":\"https:\/\/www.mediterra-veranda.de\/wps\/\",\"logo\":{\"@type\":\"ImageObject\",\"inLanguage\":\"de\",\"@id\":\"https:\/\/www.mediterra-veranda.de\/wps\/#\/schema\/logo\/image\/\",\"url\":\"https:\/\/www.mediterra-veranda.de\/wps\/wp-content\/uploads\/2021\/02\/Logo_Header.png\",\"contentUrl\":\"https:\/\/www.mediterra-veranda.de\/wps\/wp-content\/uploads\/2021\/02\/Logo_Header.png\",\"width\":640,\"height\":105,\"caption\":\"HK-Alutechnik\"},\"image\":{\"@id\":\"https:\/\/www.mediterra-veranda.de\/wps\/#\/schema\/logo\/image\/\"}}]}<\/script>\n<!-- \/ Yoast SEO plugin. -->","yoast_head_json":{"title":"Terrassen\u00fcberdachung - HK-Alutechnik","description":"Terrassen\u00fcberdachungen von HK-Alutechnik: Witterungsbest\u00e4ndig, pflegeleicht und erweiterbar. Aluminium-Systemprofile in vielen Farben.","robots":{"index":"index","follow":"follow","max-snippet":"max-snippet:-1","max-image-preview":"max-image-preview:large","max-video-preview":"max-video-preview:-1"},"canonical":"https:\/\/www.mediterra-veranda.de\/wps\/index.php\/terrassenueberdachung\/","og_locale":"de_DE","og_type":"article","og_title":"Terrassen\u00fcberdachung - HK-Alutechnik","og_description":"Terrassen\u00fcberdachungen von HK-Alutechnik: Witterungsbest\u00e4ndig, pflegeleicht und erweiterbar. Aluminium-Systemprofile in vielen Farben.","og_url":"https:\/\/www.mediterra-veranda.de\/wps\/index.php\/terrassenueberdachung\/","og_site_name":"HK-Alutechnik","article_modified_time":"2024-06-18T11:42:01+00:00","og_image":[{"url":"https:\/\/www.mediterra-veranda.de\/wps\/wp-content\/uploads\/2021\/02\/Bsp_Standard.jpg"}],"twitter_card":"summary_large_image","twitter_misc":{"Gesch\u00e4tzte Lesezeit":"6\u00a0Minuten"},"schema":{"@context":"https:\/\/schema.org","@graph":[{"@type":"WebPage","@id":"https:\/\/www.mediterra-veranda.de\/wps\/index.php\/terrassenueberdachung\/","url":"https:\/\/www.mediterra-veranda.de\/wps\/index.php\/terrassenueberdachung\/","name":"Terrassen\u00fcberdachung - HK-Alutechnik","isPartOf":{"@id":"https:\/\/www.mediterra-veranda.de\/wps\/#website"},"primaryImageOfPage":{"@id":"https:\/\/www.mediterra-veranda.de\/wps\/index.php\/terrassenueberdachung\/#primaryimage"},"image":{"@id":"https:\/\/www.mediterra-veranda.de\/wps\/index.php\/terrassenueberdachung\/#primaryimage"},"thumbnailUrl":"https:\/\/www.mediterra-veranda.de\/wps\/wp-content\/uploads\/2021\/02\/Bsp_Standard.jpg","datePublished":"2021-02-21T20:41:39+00:00","dateModified":"2024-06-18T11:42:01+00:00","description":"Terrassen\u00fcberdachungen von HK-Alutechnik: Witterungsbest\u00e4ndig, pflegeleicht und erweiterbar. Aluminium-Systemprofile in vielen Farben.","breadcrumb":{"@id":"https:\/\/www.mediterra-veranda.de\/wps\/index.php\/terrassenueberdachung\/#breadcrumb"},"inLanguage":"de","potentialAction":[{"@type":"ReadAction","target":["https:\/\/www.mediterra-veranda.de\/wps\/index.php\/terrassenueberdachung\/"]}]},{"@type":"ImageObject","inLanguage":"de","@id":"https:\/\/www.mediterra-veranda.de\/wps\/index.php\/terrassenueberdachung\/#primaryimage","url":"https:\/\/www.mediterra-veranda.de\/wps\/wp-content\/uploads\/2021\/02\/Bsp_Standard.jpg","contentUrl":"https:\/\/www.mediterra-veranda.de\/wps\/wp-content\/uploads\/2021\/02\/Bsp_Standard.jpg"},{"@type":"BreadcrumbList","@id":"https:\/\/www.mediterra-veranda.de\/wps\/index.php\/terrassenueberdachung\/#breadcrumb","itemListElement":[{"@type":"ListItem","position":1,"name":"Home","item":"https:\/\/www.mediterra-veranda.de\/wps\/"},{"@type":"ListItem","position":2,"name":"Terrassen\u00fcberdachung"}]},{"@type":"WebSite","@id":"https:\/\/www.mediterra-veranda.de\/wps\/#website","url":"https:\/\/www.mediterra-veranda.de\/wps\/","name":"HK-Alutechnik","description":"Helmut Kielmann Schwarzenfeld","publisher":{"@id":"https:\/\/www.mediterra-veranda.de\/wps\/#organization"},"potentialAction":[{"@type":"SearchAction","target":{"@type":"EntryPoint","urlTemplate":"https:\/\/www.mediterra-veranda.de\/wps\/?s={search_term_string}"},"query-input":"required name=search_term_string"}],"inLanguage":"de"},{"@type":"Organization","@id":"https:\/\/www.mediterra-veranda.de\/wps\/#organization","name":"HK-Alutechnik","url":"https:\/\/www.mediterra-veranda.de\/wps\/","logo":{"@type":"ImageObject","inLanguage":"de","@id":"https:\/\/www.mediterra-veranda.de\/wps\/#\/schema\/logo\/image\/","url":"https:\/\/www.mediterra-veranda.de\/wps\/wp-content\/uploads\/2021\/02\/Logo_Header.png","contentUrl":"https:\/\/www.mediterra-veranda.de\/wps\/wp-content\/uploads\/2021\/02\/Logo_Header.png","width":640,"height":105,"caption":"HK-Alutechnik"},"image":{"@id":"https:\/\/www.mediterra-veranda.de\/wps\/#\/schema\/logo\/image\/"}}]}},"_links":{"self":[{"href":"https:\/\/www.mediterra-veranda.de\/wps\/index.php\/wp-json\/wp\/v2\/pages\/580"}],"collection":[{"href":"https:\/\/www.mediterra-veranda.de\/wps\/index.php\/wp-json\/wp\/v2\/pages"}],"about":[{"href":"https:\/\/www.mediterra-veranda.de\/wps\/index.php\/wp-json\/wp\/v2\/types\/page"}],"author":[{"embeddable":true,"href":"https:\/\/www.mediterra-veranda.de\/wps\/index.php\/wp-json\/wp\/v2\/users\/1"}],"replies":[{"embeddable":true,"href":"https:\/\/www.mediterra-veranda.de\/wps\/index.php\/wp-json\/wp\/v2\/comments?post=580"}],"version-history":[{"count":23,"href":"https:\/\/www.mediterra-veranda.de\/wps\/index.php\/wp-json\/wp\/v2\/pages\/580\/revisions"}],"predecessor-version":[{"id":878,"href":"https:\/\/www.mediterra-veranda.de\/wps\/index.php\/wp-json\/wp\/v2\/pages\/580\/revisions\/878"}],"wp:attachment":[{"href":"https:\/\/www.mediterra-veranda.de\/wps\/index.php\/wp-json\/wp\/v2\/media?parent=580"}],"curies":[{"name":"wp","href":"https:\/\/api.w.org\/{rel}","templated":true}]}}