{"id":605,"date":"2021-02-21T20:56:49","date_gmt":"2021-02-21T20:56:49","guid":{"rendered":"https:\/\/www.mediterra-veranda.de\/wps\/?page_id=605"},"modified":"2024-06-18T11:40:28","modified_gmt":"2024-06-18T11:40:28","slug":"wind-und-sonnenschutz","status":"publish","type":"page","link":"https:\/\/www.mediterra-veranda.de\/wps\/index.php\/wind-und-sonnenschutz\/","title":{"rendered":"Wind-, Sonnen- und Sichtschutz"},"content":{"rendered":"\n<div class=\"wp-block-cover alignwide is-light is-position-center-center\" style=\"min-height:375px;aspect-ratio:unset;\"><span aria-hidden=\"true\" class=\"wp-block-cover__background has-background-dim-20 has-background-dim\"><\/span><img loading=\"lazy\" decoding=\"async\" width=\"1920\" height=\"1280\" class=\"wp-block-cover__image-background wp-image-27\" src=\"https:\/\/www.mediterra-veranda.de\/wps\/wp-content\/uploads\/2021\/02\/Slider3.jpg\" style=\"object-position:40% 26%\" data-object-fit=\"cover\" data-object-position=\"40% 26%\" srcset=\"https:\/\/www.mediterra-veranda.de\/wps\/wp-content\/uploads\/2021\/02\/Slider3.jpg 1920w, https:\/\/www.mediterra-veranda.de\/wps\/wp-content\/uploads\/2021\/02\/Slider3-300x200.jpg 300w, https:\/\/www.mediterra-veranda.de\/wps\/wp-content\/uploads\/2021\/02\/Slider3-1024x683.jpg 1024w, https:\/\/www.mediterra-veranda.de\/wps\/wp-content\/uploads\/2021\/02\/Slider3-768x512.jpg 768w, https:\/\/www.mediterra-veranda.de\/wps\/wp-content\/uploads\/2021\/02\/Slider3-1536x1024.jpg 1536w\" sizes=\"(max-width: 1920px) 100vw, 1920px\" \/><div class=\"wp-block-cover__inner-container is-layout-flow wp-block-cover-is-layout-flow\">\n<p class=\"has-text-align-center has-text-color\" style=\"color:#fffffa;font-size:74px;line-height:1.1\"><strong>Wind-, Sonnen- und Sichtschutz<\/strong><\/p>\n<\/div><\/div>\n\n\n<style>.kb-row-layout-id605_2c6ff2-db > .kt-row-column-wrap{align-content:start;}:where(.kb-row-layout-id605_2c6ff2-db > .kt-row-column-wrap) > .wp-block-kadence-column{justify-content:start;}.kb-row-layout-id605_2c6ff2-db > .kt-row-column-wrap{column-gap:var(--global-kb-gap-md, 2rem);row-gap:var(--global-kb-gap-md, 2rem);padding-top:70px;padding-bottom:25px;grid-template-columns:minmax(0, 1fr);}.kb-row-layout-id605_2c6ff2-db > .kt-row-layout-overlay{opacity:0.30;}@media all and (max-width: 1024px){.kb-row-layout-id605_2c6ff2-db > .kt-row-column-wrap{grid-template-columns:minmax(0, 1fr);}}@media all and (max-width: 767px){.kb-row-layout-id605_2c6ff2-db > .kt-row-column-wrap{grid-template-columns:minmax(0, 1fr);}}<\/style><div class=\"kb-row-layout-wrap kb-row-layout-id605_2c6ff2-db alignnone wp-block-kadence-rowlayout\"><div class=\"kt-row-column-wrap kt-has-1-columns kt-row-layout-equal kt-tab-layout-inherit kt-mobile-layout-row kt-row-valign-top\">\n<style>.kadence-column605_d50f78-9f > .kt-inside-inner-col{border-right:25px solid transparent;border-left:25px solid transparent;}.kadence-column605_d50f78-9f > .kt-inside-inner-col,.kadence-column605_d50f78-9f > .kt-inside-inner-col:before{border-top-left-radius:0px;border-top-right-radius:0px;border-bottom-right-radius:0px;border-bottom-left-radius:0px;}.kadence-column605_d50f78-9f > .kt-inside-inner-col{column-gap:var(--global-kb-gap-sm, 1rem);}.kadence-column605_d50f78-9f > .kt-inside-inner-col{flex-direction:column;}.kadence-column605_d50f78-9f > .kt-inside-inner-col > .aligncenter{width:100%;}.kadence-column605_d50f78-9f > .kt-inside-inner-col:before{opacity:0.3;}.kadence-column605_d50f78-9f{position:relative;}@media all and (max-width: 1024px){.kadence-column605_d50f78-9f > .kt-inside-inner-col{border-right:25px solid transparent;border-left:25px solid transparent;flex-direction:column;}}@media all and (max-width: 767px){.kadence-column605_d50f78-9f > .kt-inside-inner-col{border-right:25px solid transparent;border-left:25px solid transparent;flex-direction:column;}}<\/style>\n<div class=\"wp-block-kadence-column kadence-column605_d50f78-9f inner-column-1\"><div class=\"kt-inside-inner-col\">\n<h2 class=\"wp-block-heading has-text-align-center\"><span style=\"color:#95c11f\" class=\"has-inline-color\">Beschattungen f\u00fcr Terrassend\u00e4cher oder Sichtschutz f\u00fcr den Garten<\/span><\/h2>\n\n\n\n<p class=\"has-text-align-center\">Lassen Sie sich von unseren <strong>multifunktionalen<\/strong> Beschattungen \u00fcberzeugen. N\u00fctzlich als <strong>Blendschutz<\/strong>, um vor der blendenden Sonne und dem Aufheizen von Terrassen und Innenr\u00e4umen gesch\u00fctzt zu sein, aber auch als <strong>Windschutz<\/strong> m\u00f6glich. Durch den zus\u00e4tzlichen <strong>Sichtschutz<\/strong> gewinnen Sie zudem mehr Privatsph\u00e4re, um vor neugierigen Blicken gesch\u00fctzt zu sein. Erg\u00e4nzend zu unserem Sortiment bieten wir Ihnen auch separate <strong>Sichtschutzelemente- oder Z\u00e4une <\/strong>aus eleganten und widerstandsf\u00e4higen Aluminiumdesign f\u00fcr Ihren Garten an. <\/p>\n\n\n\n<p><\/p>\n\n\n<style>.wp-block-kadence-advancedgallery .kb-gallery-type-masonry.kb-gallery-id-_3e8143-76{margin:-5px;}.kb-gallery-type-masonry.kb-gallery-id-_3e8143-76 .kadence-blocks-gallery-item{padding:5px;}.kb-gallery-id-_3e8143-76 .kadence-blocks-gallery-item .kb-gal-image-radius{border-radius:0px 0px 0px 0px;}<\/style>\n<div class=\"wp-block-kadence-advancedgallery kb-gallery-wrap-id-_3e8143-76\"><ul class=\"kb-gallery-ul kb-gallery-type-masonry kb-masonry-init kb-gallery-id-_3e8143-76 kb-gallery-caption-style-bottom-hover kb-gallery-filter-none kb-gallery-magnific-init\" data-item-selector=\".kadence-blocks-gallery-item\" data-image-filter=\"none\" data-lightbox-caption=\"true\" data-columns-xxl=\"3\" data-columns-xl=\"3\" data-columns-lg=\"3\" data-columns-md=\"2\" data-columns-sm=\"1\" data-columns-xs=\"1\"><li class=\"kadence-blocks-gallery-item\"><div class=\"kadence-blocks-gallery-item-inner\"><figure class=\"kb-gallery-figure kb-gallery-item-has-link kadence-blocks-gallery-item-hide-caption\"><a href=\"https:\/\/www.mediterra-veranda.de\/wps\/wp-content\/uploads\/2021\/02\/Lamellendach1-1-scaled.jpg\" class=\"kb-gallery-item-link\"><div class=\"kb-gal-image-radius\" style=\"max-width:1024px\"><div class=\"kb-gallery-image-contain kadence-blocks-gallery-intrinsic\" style=\"padding-bottom:75%\"><img loading=\"lazy\" decoding=\"async\" src=\"https:\/\/www.mediterra-veranda.de\/wps\/wp-content\/uploads\/2021\/02\/Lamellendach1-1-1024x768.jpg\" width=\"1024\" height=\"768\" alt=\"\" data-full-image=\"https:\/\/www.mediterra-veranda.de\/wps\/wp-content\/uploads\/2021\/02\/Lamellendach1-1-scaled.jpg\" data-light-image=\"https:\/\/www.mediterra-veranda.de\/wps\/wp-content\/uploads\/2021\/02\/Lamellendach1-1-scaled.jpg\" data-id=\"553\" data-link=\"https:\/\/www.mediterra-veranda.de\/wps\/index.php\/wohnwintergarten\/lamellendach1-1\/\" class=\"wp-image-553\" srcset=\"https:\/\/www.mediterra-veranda.de\/wps\/wp-content\/uploads\/2021\/02\/Lamellendach1-1-1024x768.jpg 1024w, https:\/\/www.mediterra-veranda.de\/wps\/wp-content\/uploads\/2021\/02\/Lamellendach1-1-300x225.jpg 300w, https:\/\/www.mediterra-veranda.de\/wps\/wp-content\/uploads\/2021\/02\/Lamellendach1-1-768x576.jpg 768w, https:\/\/www.mediterra-veranda.de\/wps\/wp-content\/uploads\/2021\/02\/Lamellendach1-1-1536x1152.jpg 1536w, https:\/\/www.mediterra-veranda.de\/wps\/wp-content\/uploads\/2021\/02\/Lamellendach1-1-2048x1536.jpg 2048w\" sizes=\"(max-width: 1024px) 100vw, 1024px\" \/><\/div><\/div><\/a><\/figure><\/div><\/li><li class=\"kadence-blocks-gallery-item\"><div class=\"kadence-blocks-gallery-item-inner\"><figure class=\"kb-gallery-figure kb-gallery-item-has-link kadence-blocks-gallery-item-hide-caption\"><a href=\"https:\/\/www.mediterra-veranda.de\/wps\/wp-content\/uploads\/2021\/02\/Lamellendach3-1-scaled.jpg\" class=\"kb-gallery-item-link\"><div class=\"kb-gal-image-radius\" style=\"max-width:1024px\"><div class=\"kb-gallery-image-contain kadence-blocks-gallery-intrinsic\" style=\"padding-bottom:75%\"><img loading=\"lazy\" decoding=\"async\" src=\"https:\/\/www.mediterra-veranda.de\/wps\/wp-content\/uploads\/2021\/02\/Lamellendach3-1-1024x768.jpg\" width=\"1024\" height=\"768\" alt=\"\" data-full-image=\"https:\/\/www.mediterra-veranda.de\/wps\/wp-content\/uploads\/2021\/02\/Lamellendach3-1-scaled.jpg\" data-light-image=\"https:\/\/www.mediterra-veranda.de\/wps\/wp-content\/uploads\/2021\/02\/Lamellendach3-1-scaled.jpg\" data-id=\"554\" data-link=\"https:\/\/www.mediterra-veranda.de\/wps\/index.php\/wohnwintergarten\/lamellendach3-1\/\" class=\"wp-image-554\" srcset=\"https:\/\/www.mediterra-veranda.de\/wps\/wp-content\/uploads\/2021\/02\/Lamellendach3-1-1024x768.jpg 1024w, https:\/\/www.mediterra-veranda.de\/wps\/wp-content\/uploads\/2021\/02\/Lamellendach3-1-300x225.jpg 300w, https:\/\/www.mediterra-veranda.de\/wps\/wp-content\/uploads\/2021\/02\/Lamellendach3-1-768x576.jpg 768w, https:\/\/www.mediterra-veranda.de\/wps\/wp-content\/uploads\/2021\/02\/Lamellendach3-1-1536x1152.jpg 1536w, https:\/\/www.mediterra-veranda.de\/wps\/wp-content\/uploads\/2021\/02\/Lamellendach3-1-2048x1536.jpg 2048w\" sizes=\"(max-width: 1024px) 100vw, 1024px\" \/><\/div><\/div><\/a><\/figure><\/div><\/li><li class=\"kadence-blocks-gallery-item\"><div class=\"kadence-blocks-gallery-item-inner\"><figure class=\"kb-gallery-figure kb-gallery-item-has-link kadence-blocks-gallery-item-hide-caption\"><a href=\"https:\/\/www.mediterra-veranda.de\/wps\/wp-content\/uploads\/2021\/02\/Wind-Sonnen-und-Sichtschutz-scaled-e1615461414515.jpg\" class=\"kb-gallery-item-link\"><div class=\"kb-gal-image-radius\" style=\"max-width:1024px\"><div class=\"kb-gallery-image-contain kadence-blocks-gallery-intrinsic\" style=\"padding-bottom:61.328125%\"><img loading=\"lazy\" decoding=\"async\" src=\"https:\/\/www.mediterra-veranda.de\/wps\/wp-content\/uploads\/2021\/02\/Wind-Sonnen-und-Sichtschutz-scaled-e1615461414515-1024x628.jpg\" width=\"1024\" height=\"628\" alt=\"\" data-full-image=\"https:\/\/www.mediterra-veranda.de\/wps\/wp-content\/uploads\/2021\/02\/Wind-Sonnen-und-Sichtschutz-scaled-e1615461414515.jpg\" data-light-image=\"https:\/\/www.mediterra-veranda.de\/wps\/wp-content\/uploads\/2021\/02\/Wind-Sonnen-und-Sichtschutz-scaled-e1615461414515.jpg\" data-id=\"560\" data-link=\"https:\/\/www.mediterra-veranda.de\/wps\/index.php\/wohnwintergarten\/wind-sonnen-und-sichtschutz\/\" class=\"wp-image-560\" srcset=\"https:\/\/www.mediterra-veranda.de\/wps\/wp-content\/uploads\/2021\/02\/Wind-Sonnen-und-Sichtschutz-scaled-e1615461414515-1024x628.jpg 1024w, https:\/\/www.mediterra-veranda.de\/wps\/wp-content\/uploads\/2021\/02\/Wind-Sonnen-und-Sichtschutz-scaled-e1615461414515-300x184.jpg 300w, https:\/\/www.mediterra-veranda.de\/wps\/wp-content\/uploads\/2021\/02\/Wind-Sonnen-und-Sichtschutz-scaled-e1615461414515-768x471.jpg 768w, https:\/\/www.mediterra-veranda.de\/wps\/wp-content\/uploads\/2021\/02\/Wind-Sonnen-und-Sichtschutz-scaled-e1615461414515-1536x941.jpg 1536w, https:\/\/www.mediterra-veranda.de\/wps\/wp-content\/uploads\/2021\/02\/Wind-Sonnen-und-Sichtschutz-scaled-e1615461414515-2048x1255.jpg 2048w\" sizes=\"(max-width: 1024px) 100vw, 1024px\" \/><\/div><\/div><\/a><\/figure><\/div><\/li><li class=\"kadence-blocks-gallery-item\"><div class=\"kadence-blocks-gallery-item-inner\"><figure class=\"kb-gallery-figure kb-gallery-item-has-link kadence-blocks-gallery-item-hide-caption\"><a href=\"https:\/\/www.mediterra-veranda.de\/wps\/wp-content\/uploads\/2021\/03\/IMG_2881-scaled.jpg\" class=\"kb-gallery-item-link\"><div class=\"kb-gal-image-radius\" style=\"max-width:1024px\"><div class=\"kb-gallery-image-contain kadence-blocks-gallery-intrinsic\" style=\"padding-bottom:75%\"><img loading=\"lazy\" decoding=\"async\" src=\"https:\/\/www.mediterra-veranda.de\/wps\/wp-content\/uploads\/2021\/03\/IMG_2881-1024x768.jpg\" width=\"1024\" height=\"768\" alt=\"\" data-full-image=\"https:\/\/www.mediterra-veranda.de\/wps\/wp-content\/uploads\/2021\/03\/IMG_2881-scaled.jpg\" data-light-image=\"https:\/\/www.mediterra-veranda.de\/wps\/wp-content\/uploads\/2021\/03\/IMG_2881-scaled.jpg\" data-id=\"737\" data-link=\"https:\/\/www.mediterra-veranda.de\/wps\/index.php\/terrassenueberdachung\/img_2881\/\" class=\"wp-image-737\" srcset=\"https:\/\/www.mediterra-veranda.de\/wps\/wp-content\/uploads\/2021\/03\/IMG_2881-1024x768.jpg 1024w, https:\/\/www.mediterra-veranda.de\/wps\/wp-content\/uploads\/2021\/03\/IMG_2881-300x225.jpg 300w, https:\/\/www.mediterra-veranda.de\/wps\/wp-content\/uploads\/2021\/03\/IMG_2881-768x576.jpg 768w, https:\/\/www.mediterra-veranda.de\/wps\/wp-content\/uploads\/2021\/03\/IMG_2881-1536x1152.jpg 1536w, https:\/\/www.mediterra-veranda.de\/wps\/wp-content\/uploads\/2021\/03\/IMG_2881-2048x1536.jpg 2048w\" sizes=\"(max-width: 1024px) 100vw, 1024px\" \/><\/div><\/div><\/a><\/figure><\/div><\/li><li class=\"kadence-blocks-gallery-item\"><div class=\"kadence-blocks-gallery-item-inner\"><figure class=\"kb-gallery-figure kb-gallery-item-has-link kadence-blocks-gallery-item-hide-caption\"><a href=\"https:\/\/www.mediterra-veranda.de\/wps\/wp-content\/uploads\/2021\/03\/IMG_3054-scaled.jpg\" class=\"kb-gallery-item-link\"><div class=\"kb-gal-image-radius\" style=\"max-width:1024px\"><div class=\"kb-gallery-image-contain kadence-blocks-gallery-intrinsic\" style=\"padding-bottom:75%\"><img loading=\"lazy\" decoding=\"async\" src=\"https:\/\/www.mediterra-veranda.de\/wps\/wp-content\/uploads\/2021\/03\/IMG_3054-1024x768.jpg\" width=\"1024\" height=\"768\" alt=\"\" data-full-image=\"https:\/\/www.mediterra-veranda.de\/wps\/wp-content\/uploads\/2021\/03\/IMG_3054-scaled.jpg\" data-light-image=\"https:\/\/www.mediterra-veranda.de\/wps\/wp-content\/uploads\/2021\/03\/IMG_3054-scaled.jpg\" data-id=\"738\" data-link=\"https:\/\/www.mediterra-veranda.de\/wps\/index.php\/terrassenueberdachung\/img_3054\/\" class=\"wp-image-738\" srcset=\"https:\/\/www.mediterra-veranda.de\/wps\/wp-content\/uploads\/2021\/03\/IMG_3054-1024x768.jpg 1024w, https:\/\/www.mediterra-veranda.de\/wps\/wp-content\/uploads\/2021\/03\/IMG_3054-300x225.jpg 300w, https:\/\/www.mediterra-veranda.de\/wps\/wp-content\/uploads\/2021\/03\/IMG_3054-768x576.jpg 768w, https:\/\/www.mediterra-veranda.de\/wps\/wp-content\/uploads\/2021\/03\/IMG_3054-1536x1152.jpg 1536w, https:\/\/www.mediterra-veranda.de\/wps\/wp-content\/uploads\/2021\/03\/IMG_3054-2048x1536.jpg 2048w\" sizes=\"(max-width: 1024px) 100vw, 1024px\" \/><\/div><\/div><\/a><\/figure><\/div><\/li><li class=\"kadence-blocks-gallery-item\"><div class=\"kadence-blocks-gallery-item-inner\"><figure class=\"kb-gallery-figure kb-gallery-item-has-link kadence-blocks-gallery-item-hide-caption\"><a href=\"https:\/\/www.mediterra-veranda.de\/wps\/wp-content\/uploads\/2021\/02\/Bsp_Standard.jpg\" class=\"kb-gallery-item-link\"><div class=\"kb-gal-image-radius\" style=\"max-width:1024px\"><div class=\"kb-gallery-image-contain kadence-blocks-gallery-intrinsic\" style=\"padding-bottom:66.6015625%\"><img loading=\"lazy\" decoding=\"async\" src=\"https:\/\/www.mediterra-veranda.de\/wps\/wp-content\/uploads\/2021\/02\/Bsp_Standard-1024x682.jpg\" width=\"1024\" height=\"682\" alt=\"\" data-full-image=\"https:\/\/www.mediterra-veranda.de\/wps\/wp-content\/uploads\/2021\/02\/Bsp_Standard.jpg\" data-light-image=\"https:\/\/www.mediterra-veranda.de\/wps\/wp-content\/uploads\/2021\/02\/Bsp_Standard.jpg\" data-id=\"475\" data-link=\"https:\/\/www.mediterra-veranda.de\/wps\/index.php\/mediterra-veranda\/bsp_standard\/\" class=\"wp-image-475\" srcset=\"https:\/\/www.mediterra-veranda.de\/wps\/wp-content\/uploads\/2021\/02\/Bsp_Standard-1024x682.jpg 1024w, https:\/\/www.mediterra-veranda.de\/wps\/wp-content\/uploads\/2021\/02\/Bsp_Standard-300x200.jpg 300w, https:\/\/www.mediterra-veranda.de\/wps\/wp-content\/uploads\/2021\/02\/Bsp_Standard-768x512.jpg 768w, https:\/\/www.mediterra-veranda.de\/wps\/wp-content\/uploads\/2021\/02\/Bsp_Standard-1536x1024.jpg 1536w, https:\/\/www.mediterra-veranda.de\/wps\/wp-content\/uploads\/2021\/02\/Bsp_Standard.jpg 2000w\" sizes=\"(max-width: 1024px) 100vw, 1024px\" \/><\/div><\/div><\/a><\/figure><\/div><\/li><li class=\"kadence-blocks-gallery-item\"><div class=\"kadence-blocks-gallery-item-inner\"><figure class=\"kb-gallery-figure kb-gallery-item-has-link kadence-blocks-gallery-item-hide-caption\"><a href=\"https:\/\/www.mediterra-veranda.de\/wps\/wp-content\/uploads\/2021\/03\/IMG_2745-scaled-e1615464098231.jpg\" class=\"kb-gallery-item-link\"><div class=\"kb-gal-image-radius\" style=\"max-width:1024px\"><div class=\"kb-gallery-image-contain kadence-blocks-gallery-intrinsic\" style=\"padding-bottom:81.4453125%\"><img loading=\"lazy\" decoding=\"async\" src=\"https:\/\/www.mediterra-veranda.de\/wps\/wp-content\/uploads\/2021\/03\/IMG_2745-scaled-e1615464098231-1024x834.jpg\" width=\"1024\" height=\"834\" alt=\"\" data-full-image=\"https:\/\/www.mediterra-veranda.de\/wps\/wp-content\/uploads\/2021\/03\/IMG_2745-scaled-e1615464098231.jpg\" data-light-image=\"https:\/\/www.mediterra-veranda.de\/wps\/wp-content\/uploads\/2021\/03\/IMG_2745-scaled-e1615464098231.jpg\" data-id=\"716\" data-link=\"https:\/\/www.mediterra-veranda.de\/wps\/index.php\/mediterra-veranda\/img_2745\/\" class=\"wp-image-716\" srcset=\"https:\/\/www.mediterra-veranda.de\/wps\/wp-content\/uploads\/2021\/03\/IMG_2745-scaled-e1615464098231-1024x834.jpg 1024w, https:\/\/www.mediterra-veranda.de\/wps\/wp-content\/uploads\/2021\/03\/IMG_2745-scaled-e1615464098231-300x244.jpg 300w, https:\/\/www.mediterra-veranda.de\/wps\/wp-content\/uploads\/2021\/03\/IMG_2745-scaled-e1615464098231-768x626.jpg 768w, https:\/\/www.mediterra-veranda.de\/wps\/wp-content\/uploads\/2021\/03\/IMG_2745-scaled-e1615464098231.jpg 1241w\" sizes=\"(max-width: 1024px) 100vw, 1024px\" \/><\/div><div class=\"kadence-blocks-gallery-item__caption\">Glashaus<\/div><\/div><\/a><\/figure><\/div><\/li><li class=\"kadence-blocks-gallery-item\"><div class=\"kadence-blocks-gallery-item-inner\"><figure class=\"kb-gallery-figure kb-gallery-item-has-link kadence-blocks-gallery-item-hide-caption\"><a href=\"https:\/\/www.mediterra-veranda.de\/wps\/wp-content\/uploads\/2021\/03\/0101deb3ce841861eb12487bd8f4079151aa30112e.jpg\" class=\"kb-gallery-item-link\"><div class=\"kb-gal-image-radius\" style=\"max-width:1024px\"><div class=\"kb-gallery-image-contain kadence-blocks-gallery-intrinsic\" style=\"padding-bottom:75%\"><img loading=\"lazy\" decoding=\"async\" src=\"https:\/\/www.mediterra-veranda.de\/wps\/wp-content\/uploads\/2021\/03\/0101deb3ce841861eb12487bd8f4079151aa30112e-1024x768.jpg\" width=\"1024\" height=\"768\" alt=\"\" data-full-image=\"https:\/\/www.mediterra-veranda.de\/wps\/wp-content\/uploads\/2021\/03\/0101deb3ce841861eb12487bd8f4079151aa30112e.jpg\" data-light-image=\"https:\/\/www.mediterra-veranda.de\/wps\/wp-content\/uploads\/2021\/03\/0101deb3ce841861eb12487bd8f4079151aa30112e.jpg\" data-id=\"832\" data-link=\"https:\/\/www.mediterra-veranda.de\/wps\/index.php\/wind-und-sonnenschutz\/0101deb3ce841861eb12487bd8f4079151aa30112e\/\" class=\"wp-image-832\" srcset=\"https:\/\/www.mediterra-veranda.de\/wps\/wp-content\/uploads\/2021\/03\/0101deb3ce841861eb12487bd8f4079151aa30112e-1024x768.jpg 1024w, https:\/\/www.mediterra-veranda.de\/wps\/wp-content\/uploads\/2021\/03\/0101deb3ce841861eb12487bd8f4079151aa30112e-300x225.jpg 300w, https:\/\/www.mediterra-veranda.de\/wps\/wp-content\/uploads\/2021\/03\/0101deb3ce841861eb12487bd8f4079151aa30112e-768x576.jpg 768w, https:\/\/www.mediterra-veranda.de\/wps\/wp-content\/uploads\/2021\/03\/0101deb3ce841861eb12487bd8f4079151aa30112e-1536x1152.jpg 1536w\" sizes=\"(max-width: 1024px) 100vw, 1024px\" \/><\/div><\/div><\/a><\/figure><\/div><\/li><li class=\"kadence-blocks-gallery-item\"><div class=\"kadence-blocks-gallery-item-inner\"><figure class=\"kb-gallery-figure kb-gallery-item-has-link kadence-blocks-gallery-item-hide-caption\"><a href=\"https:\/\/www.mediterra-veranda.de\/wps\/wp-content\/uploads\/2021\/03\/0106d988ef7fc09b3af78a7498b5bf2c7c15fa6639.jpg\" class=\"kb-gallery-item-link\"><div class=\"kb-gal-image-radius\" style=\"max-width:768px\"><div class=\"kb-gallery-image-contain kadence-blocks-gallery-intrinsic\" style=\"padding-bottom:133.33333333333331%\"><img loading=\"lazy\" decoding=\"async\" src=\"https:\/\/www.mediterra-veranda.de\/wps\/wp-content\/uploads\/2021\/03\/0106d988ef7fc09b3af78a7498b5bf2c7c15fa6639-768x1024.jpg\" width=\"768\" height=\"1024\" alt=\"\" data-full-image=\"https:\/\/www.mediterra-veranda.de\/wps\/wp-content\/uploads\/2021\/03\/0106d988ef7fc09b3af78a7498b5bf2c7c15fa6639.jpg\" data-light-image=\"https:\/\/www.mediterra-veranda.de\/wps\/wp-content\/uploads\/2021\/03\/0106d988ef7fc09b3af78a7498b5bf2c7c15fa6639.jpg\" data-id=\"833\" data-link=\"https:\/\/www.mediterra-veranda.de\/wps\/index.php\/wind-und-sonnenschutz\/0106d988ef7fc09b3af78a7498b5bf2c7c15fa6639\/\" class=\"wp-image-833\" srcset=\"https:\/\/www.mediterra-veranda.de\/wps\/wp-content\/uploads\/2021\/03\/0106d988ef7fc09b3af78a7498b5bf2c7c15fa6639-768x1024.jpg 768w, https:\/\/www.mediterra-veranda.de\/wps\/wp-content\/uploads\/2021\/03\/0106d988ef7fc09b3af78a7498b5bf2c7c15fa6639-225x300.jpg 225w, https:\/\/www.mediterra-veranda.de\/wps\/wp-content\/uploads\/2021\/03\/0106d988ef7fc09b3af78a7498b5bf2c7c15fa6639-1152x1536.jpg 1152w, https:\/\/www.mediterra-veranda.de\/wps\/wp-content\/uploads\/2021\/03\/0106d988ef7fc09b3af78a7498b5bf2c7c15fa6639.jpg 1537w\" sizes=\"(max-width: 768px) 100vw, 768px\" \/><\/div><\/div><\/a><\/figure><\/div><\/li><li class=\"kadence-blocks-gallery-item\"><div class=\"kadence-blocks-gallery-item-inner\"><figure class=\"kb-gallery-figure kb-gallery-item-has-link kadence-blocks-gallery-item-hide-caption\"><a href=\"https:\/\/www.mediterra-veranda.de\/wps\/wp-content\/uploads\/2021\/03\/IMG_0963-scaled.jpg\" class=\"kb-gallery-item-link\"><div class=\"kb-gal-image-radius\" style=\"max-width:1024px\"><div class=\"kb-gallery-image-contain kadence-blocks-gallery-intrinsic\" style=\"padding-bottom:75%\"><img loading=\"lazy\" decoding=\"async\" src=\"https:\/\/www.mediterra-veranda.de\/wps\/wp-content\/uploads\/2021\/03\/IMG_0963-1024x768.jpg\" width=\"1024\" height=\"768\" alt=\"\" data-full-image=\"https:\/\/www.mediterra-veranda.de\/wps\/wp-content\/uploads\/2021\/03\/IMG_0963-scaled.jpg\" data-light-image=\"https:\/\/www.mediterra-veranda.de\/wps\/wp-content\/uploads\/2021\/03\/IMG_0963-scaled.jpg\" data-id=\"834\" data-link=\"https:\/\/www.mediterra-veranda.de\/wps\/index.php\/wind-und-sonnenschutz\/img_0963\/\" class=\"wp-image-834\" srcset=\"https:\/\/www.mediterra-veranda.de\/wps\/wp-content\/uploads\/2021\/03\/IMG_0963-1024x768.jpg 1024w, https:\/\/www.mediterra-veranda.de\/wps\/wp-content\/uploads\/2021\/03\/IMG_0963-300x225.jpg 300w, https:\/\/www.mediterra-veranda.de\/wps\/wp-content\/uploads\/2021\/03\/IMG_0963-768x576.jpg 768w, https:\/\/www.mediterra-veranda.de\/wps\/wp-content\/uploads\/2021\/03\/IMG_0963-1536x1152.jpg 1536w, https:\/\/www.mediterra-veranda.de\/wps\/wp-content\/uploads\/2021\/03\/IMG_0963-2048x1536.jpg 2048w\" sizes=\"(max-width: 1024px) 100vw, 1024px\" \/><\/div><\/div><\/a><\/figure><\/div><\/li><li class=\"kadence-blocks-gallery-item\"><div class=\"kadence-blocks-gallery-item-inner\"><figure class=\"kb-gallery-figure kb-gallery-item-has-link kadence-blocks-gallery-item-hide-caption\"><a href=\"https:\/\/www.mediterra-veranda.de\/wps\/wp-content\/uploads\/2021\/03\/IMG_3826.jpg\" class=\"kb-gallery-item-link\"><div class=\"kb-gal-image-radius\" style=\"max-width:600px\"><div class=\"kb-gallery-image-contain kadence-blocks-gallery-intrinsic\" style=\"padding-bottom:133.33333333333331%\"><img loading=\"lazy\" decoding=\"async\" src=\"https:\/\/www.mediterra-veranda.de\/wps\/wp-content\/uploads\/2021\/03\/IMG_3826.jpg\" width=\"600\" height=\"800\" alt=\"\" data-full-image=\"https:\/\/www.mediterra-veranda.de\/wps\/wp-content\/uploads\/2021\/03\/IMG_3826.jpg\" data-light-image=\"https:\/\/www.mediterra-veranda.de\/wps\/wp-content\/uploads\/2021\/03\/IMG_3826.jpg\" data-id=\"835\" data-link=\"https:\/\/www.mediterra-veranda.de\/wps\/index.php\/wind-und-sonnenschutz\/img_3826\/\" class=\"wp-image-835\" srcset=\"https:\/\/www.mediterra-veranda.de\/wps\/wp-content\/uploads\/2021\/03\/IMG_3826.jpg 600w, https:\/\/www.mediterra-veranda.de\/wps\/wp-content\/uploads\/2021\/03\/IMG_3826-225x300.jpg 225w\" sizes=\"(max-width: 600px) 100vw, 600px\" \/><\/div><\/div><\/a><\/figure><\/div><\/li><\/ul><\/div>\n\n\n\n<p><\/p>\n<\/div><\/div>\n\n<\/div><\/div>\n\n\n<p><\/p>\n","protected":false},"excerpt":{"rendered":"<p>Beschattungen f\u00fcr Terrassend\u00e4cher oder Sichtschutz f\u00fcr den Garten Lassen Sie sich von unseren multifunktionalen Beschattungen \u00fcberzeugen. N\u00fctzlich als Blendschutz, um vor der blendenden Sonne und dem Aufheizen von Terrassen und Innenr\u00e4umen gesch\u00fctzt zu sein, aber auch als Windschutz m\u00f6glich. Durch den zus\u00e4tzlichen Sichtschutz gewinnen Sie zudem mehr Privatsph\u00e4re, um vor neugierigen Blicken gesch\u00fctzt zu sein&#8230;.<\/p>\n","protected":false},"author":1,"featured_media":0,"parent":0,"menu_order":0,"comment_status":"closed","ping_status":"closed","template":"","meta":{"_kadence_starter_templates_imported_post":false,"_kad_post_transparent":"","_kad_post_title":"","_kad_post_layout":"","_kad_post_sidebar_id":"","_kad_post_content_style":"","_kad_post_vertical_padding":"","_kad_post_feature":"","_kad_post_feature_position":"","_kad_post_header":false,"_kad_post_footer":false,"footnotes":""},"yoast_head":"<!-- This site is optimized with the Yoast SEO plugin v22.9 - https:\/\/yoast.com\/wordpress\/plugins\/seo\/ -->\n<title>Wind-, Sonnen- und Sichtschutz - HK-Alutechnik<\/title>\n<meta name=\"description\" content=\"Der Schutz f\u00fcr Terrasse und Garten von HK-Alutechnik: Schutz vor Sonne, Wind und neugierigen Blicken.\" \/>\n<meta name=\"robots\" content=\"index, follow, max-snippet:-1, max-image-preview:large, max-video-preview:-1\" \/>\n<link rel=\"canonical\" href=\"https:\/\/www.mediterra-veranda.de\/wps\/index.php\/wind-und-sonnenschutz\/\" \/>\n<meta property=\"og:locale\" content=\"de_DE\" \/>\n<meta property=\"og:type\" content=\"article\" \/>\n<meta property=\"og:title\" content=\"Wind-, Sonnen- und Sichtschutz - HK-Alutechnik\" \/>\n<meta property=\"og:description\" content=\"Der Schutz f\u00fcr Terrasse und Garten von HK-Alutechnik: Schutz vor Sonne, Wind und neugierigen Blicken.\" \/>\n<meta property=\"og:url\" content=\"https:\/\/www.mediterra-veranda.de\/wps\/index.php\/wind-und-sonnenschutz\/\" \/>\n<meta property=\"og:site_name\" content=\"HK-Alutechnik\" \/>\n<meta property=\"article:modified_time\" content=\"2024-06-18T11:40:28+00:00\" \/>\n<meta property=\"og:image\" content=\"https:\/\/www.mediterra-veranda.de\/wps\/wp-content\/uploads\/2021\/02\/Slider3.jpg\" \/>\n<meta name=\"twitter:card\" content=\"summary_large_image\" \/>\n<meta name=\"twitter:label1\" content=\"Gesch\u00e4tzte Lesezeit\" \/>\n\t<meta name=\"twitter:data1\" content=\"3\u00a0Minuten\" \/>\n<script type=\"application\/ld+json\" class=\"yoast-schema-graph\">{\"@context\":\"https:\/\/schema.org\",\"@graph\":[{\"@type\":\"WebPage\",\"@id\":\"https:\/\/www.mediterra-veranda.de\/wps\/index.php\/wind-und-sonnenschutz\/\",\"url\":\"https:\/\/www.mediterra-veranda.de\/wps\/index.php\/wind-und-sonnenschutz\/\",\"name\":\"Wind-, Sonnen- und Sichtschutz - HK-Alutechnik\",\"isPartOf\":{\"@id\":\"https:\/\/www.mediterra-veranda.de\/wps\/#website\"},\"primaryImageOfPage\":{\"@id\":\"https:\/\/www.mediterra-veranda.de\/wps\/index.php\/wind-und-sonnenschutz\/#primaryimage\"},\"image\":{\"@id\":\"https:\/\/www.mediterra-veranda.de\/wps\/index.php\/wind-und-sonnenschutz\/#primaryimage\"},\"thumbnailUrl\":\"https:\/\/www.mediterra-veranda.de\/wps\/wp-content\/uploads\/2021\/02\/Slider3.jpg\",\"datePublished\":\"2021-02-21T20:56:49+00:00\",\"dateModified\":\"2024-06-18T11:40:28+00:00\",\"description\":\"Der Schutz f\u00fcr Terrasse und Garten von HK-Alutechnik: Schutz vor Sonne, Wind und neugierigen Blicken.\",\"breadcrumb\":{\"@id\":\"https:\/\/www.mediterra-veranda.de\/wps\/index.php\/wind-und-sonnenschutz\/#breadcrumb\"},\"inLanguage\":\"de\",\"potentialAction\":[{\"@type\":\"ReadAction\",\"target\":[\"https:\/\/www.mediterra-veranda.de\/wps\/index.php\/wind-und-sonnenschutz\/\"]}]},{\"@type\":\"ImageObject\",\"inLanguage\":\"de\",\"@id\":\"https:\/\/www.mediterra-veranda.de\/wps\/index.php\/wind-und-sonnenschutz\/#primaryimage\",\"url\":\"https:\/\/www.mediterra-veranda.de\/wps\/wp-content\/uploads\/2021\/02\/Slider3.jpg\",\"contentUrl\":\"https:\/\/www.mediterra-veranda.de\/wps\/wp-content\/uploads\/2021\/02\/Slider3.jpg\",\"width\":1920,\"height\":1280,\"caption\":\"Eine moderne Au\u00dfenterrasse mit einem langen Holztisch, umgeben von St\u00fchlen. Die Terrasse wird von einer Pergola mit Wind- und Sonnenschutzschirmen beschattet und zahlreiche Topfpflanzen und Str\u00e4ucher schm\u00fccken den Raum. Im Hintergrund bietet sich eine malerische Aussicht auf B\u00e4ume und H\u00fcgel unter einem klaren Himmel.\"},{\"@type\":\"BreadcrumbList\",\"@id\":\"https:\/\/www.mediterra-veranda.de\/wps\/index.php\/wind-und-sonnenschutz\/#breadcrumb\",\"itemListElement\":[{\"@type\":\"ListItem\",\"position\":1,\"name\":\"Home\",\"item\":\"https:\/\/www.mediterra-veranda.de\/wps\/\"},{\"@type\":\"ListItem\",\"position\":2,\"name\":\"Wind-, Sonnen- und Sichtschutz\"}]},{\"@type\":\"WebSite\",\"@id\":\"https:\/\/www.mediterra-veranda.de\/wps\/#website\",\"url\":\"https:\/\/www.mediterra-veranda.de\/wps\/\",\"name\":\"HK-Alutechnik\",\"description\":\"Helmut Kielmann Schwarzenfeld\",\"publisher\":{\"@id\":\"https:\/\/www.mediterra-veranda.de\/wps\/#organization\"},\"potentialAction\":[{\"@type\":\"SearchAction\",\"target\":{\"@type\":\"EntryPoint\",\"urlTemplate\":\"https:\/\/www.mediterra-veranda.de\/wps\/?s={search_term_string}\"},\"query-input\":\"required name=search_term_string\"}],\"inLanguage\":\"de\"},{\"@type\":\"Organization\",\"@id\":\"https:\/\/www.mediterra-veranda.de\/wps\/#organization\",\"name\":\"HK-Alutechnik\",\"url\":\"https:\/\/www.mediterra-veranda.de\/wps\/\",\"logo\":{\"@type\":\"ImageObject\",\"inLanguage\":\"de\",\"@id\":\"https:\/\/www.mediterra-veranda.de\/wps\/#\/schema\/logo\/image\/\",\"url\":\"https:\/\/www.mediterra-veranda.de\/wps\/wp-content\/uploads\/2021\/02\/Logo_Header.png\",\"contentUrl\":\"https:\/\/www.mediterra-veranda.de\/wps\/wp-content\/uploads\/2021\/02\/Logo_Header.png\",\"width\":640,\"height\":105,\"caption\":\"HK-Alutechnik\"},\"image\":{\"@id\":\"https:\/\/www.mediterra-veranda.de\/wps\/#\/schema\/logo\/image\/\"}}]}<\/script>\n<!-- \/ Yoast SEO plugin. -->","yoast_head_json":{"title":"Wind-, Sonnen- und Sichtschutz - HK-Alutechnik","description":"Der Schutz f\u00fcr Terrasse und Garten von HK-Alutechnik: Schutz vor Sonne, Wind und neugierigen Blicken.","robots":{"index":"index","follow":"follow","max-snippet":"max-snippet:-1","max-image-preview":"max-image-preview:large","max-video-preview":"max-video-preview:-1"},"canonical":"https:\/\/www.mediterra-veranda.de\/wps\/index.php\/wind-und-sonnenschutz\/","og_locale":"de_DE","og_type":"article","og_title":"Wind-, Sonnen- und Sichtschutz - HK-Alutechnik","og_description":"Der Schutz f\u00fcr Terrasse und Garten von HK-Alutechnik: Schutz vor Sonne, Wind und neugierigen Blicken.","og_url":"https:\/\/www.mediterra-veranda.de\/wps\/index.php\/wind-und-sonnenschutz\/","og_site_name":"HK-Alutechnik","article_modified_time":"2024-06-18T11:40:28+00:00","og_image":[{"url":"https:\/\/www.mediterra-veranda.de\/wps\/wp-content\/uploads\/2021\/02\/Slider3.jpg"}],"twitter_card":"summary_large_image","twitter_misc":{"Gesch\u00e4tzte Lesezeit":"3\u00a0Minuten"},"schema":{"@context":"https:\/\/schema.org","@graph":[{"@type":"WebPage","@id":"https:\/\/www.mediterra-veranda.de\/wps\/index.php\/wind-und-sonnenschutz\/","url":"https:\/\/www.mediterra-veranda.de\/wps\/index.php\/wind-und-sonnenschutz\/","name":"Wind-, Sonnen- und Sichtschutz - HK-Alutechnik","isPartOf":{"@id":"https:\/\/www.mediterra-veranda.de\/wps\/#website"},"primaryImageOfPage":{"@id":"https:\/\/www.mediterra-veranda.de\/wps\/index.php\/wind-und-sonnenschutz\/#primaryimage"},"image":{"@id":"https:\/\/www.mediterra-veranda.de\/wps\/index.php\/wind-und-sonnenschutz\/#primaryimage"},"thumbnailUrl":"https:\/\/www.mediterra-veranda.de\/wps\/wp-content\/uploads\/2021\/02\/Slider3.jpg","datePublished":"2021-02-21T20:56:49+00:00","dateModified":"2024-06-18T11:40:28+00:00","description":"Der Schutz f\u00fcr Terrasse und Garten von HK-Alutechnik: Schutz vor Sonne, Wind und neugierigen Blicken.","breadcrumb":{"@id":"https:\/\/www.mediterra-veranda.de\/wps\/index.php\/wind-und-sonnenschutz\/#breadcrumb"},"inLanguage":"de","potentialAction":[{"@type":"ReadAction","target":["https:\/\/www.mediterra-veranda.de\/wps\/index.php\/wind-und-sonnenschutz\/"]}]},{"@type":"ImageObject","inLanguage":"de","@id":"https:\/\/www.mediterra-veranda.de\/wps\/index.php\/wind-und-sonnenschutz\/#primaryimage","url":"https:\/\/www.mediterra-veranda.de\/wps\/wp-content\/uploads\/2021\/02\/Slider3.jpg","contentUrl":"https:\/\/www.mediterra-veranda.de\/wps\/wp-content\/uploads\/2021\/02\/Slider3.jpg","width":1920,"height":1280,"caption":"Eine moderne Au\u00dfenterrasse mit einem langen Holztisch, umgeben von St\u00fchlen. Die Terrasse wird von einer Pergola mit Wind- und Sonnenschutzschirmen beschattet und zahlreiche Topfpflanzen und Str\u00e4ucher schm\u00fccken den Raum. Im Hintergrund bietet sich eine malerische Aussicht auf B\u00e4ume und H\u00fcgel unter einem klaren Himmel."},{"@type":"BreadcrumbList","@id":"https:\/\/www.mediterra-veranda.de\/wps\/index.php\/wind-und-sonnenschutz\/#breadcrumb","itemListElement":[{"@type":"ListItem","position":1,"name":"Home","item":"https:\/\/www.mediterra-veranda.de\/wps\/"},{"@type":"ListItem","position":2,"name":"Wind-, Sonnen- und Sichtschutz"}]},{"@type":"WebSite","@id":"https:\/\/www.mediterra-veranda.de\/wps\/#website","url":"https:\/\/www.mediterra-veranda.de\/wps\/","name":"HK-Alutechnik","description":"Helmut Kielmann Schwarzenfeld","publisher":{"@id":"https:\/\/www.mediterra-veranda.de\/wps\/#organization"},"potentialAction":[{"@type":"SearchAction","target":{"@type":"EntryPoint","urlTemplate":"https:\/\/www.mediterra-veranda.de\/wps\/?s={search_term_string}"},"query-input":"required name=search_term_string"}],"inLanguage":"de"},{"@type":"Organization","@id":"https:\/\/www.mediterra-veranda.de\/wps\/#organization","name":"HK-Alutechnik","url":"https:\/\/www.mediterra-veranda.de\/wps\/","logo":{"@type":"ImageObject","inLanguage":"de","@id":"https:\/\/www.mediterra-veranda.de\/wps\/#\/schema\/logo\/image\/","url":"https:\/\/www.mediterra-veranda.de\/wps\/wp-content\/uploads\/2021\/02\/Logo_Header.png","contentUrl":"https:\/\/www.mediterra-veranda.de\/wps\/wp-content\/uploads\/2021\/02\/Logo_Header.png","width":640,"height":105,"caption":"HK-Alutechnik"},"image":{"@id":"https:\/\/www.mediterra-veranda.de\/wps\/#\/schema\/logo\/image\/"}}]}},"_links":{"self":[{"href":"https:\/\/www.mediterra-veranda.de\/wps\/index.php\/wp-json\/wp\/v2\/pages\/605"}],"collection":[{"href":"https:\/\/www.mediterra-veranda.de\/wps\/index.php\/wp-json\/wp\/v2\/pages"}],"about":[{"href":"https:\/\/www.mediterra-veranda.de\/wps\/index.php\/wp-json\/wp\/v2\/types\/page"}],"author":[{"embeddable":true,"href":"https:\/\/www.mediterra-veranda.de\/wps\/index.php\/wp-json\/wp\/v2\/users\/1"}],"replies":[{"embeddable":true,"href":"https:\/\/www.mediterra-veranda.de\/wps\/index.php\/wp-json\/wp\/v2\/comments?post=605"}],"version-history":[{"count":15,"href":"https:\/\/www.mediterra-veranda.de\/wps\/index.php\/wp-json\/wp\/v2\/pages\/605\/revisions"}],"predecessor-version":[{"id":877,"href":"https:\/\/www.mediterra-veranda.de\/wps\/index.php\/wp-json\/wp\/v2\/pages\/605\/revisions\/877"}],"wp:attachment":[{"href":"https:\/\/www.mediterra-veranda.de\/wps\/index.php\/wp-json\/wp\/v2\/media?parent=605"}],"curies":[{"name":"wp","href":"https:\/\/api.w.org\/{rel}","templated":true}]}}