{"id":666,"date":"2021-02-27T09:18:24","date_gmt":"2021-02-27T09:18:24","guid":{"rendered":"https:\/\/www.mediterra-veranda.de\/wps\/?page_id=666"},"modified":"2024-06-18T11:37:56","modified_gmt":"2024-06-18T11:37:56","slug":"lamellendach","status":"publish","type":"page","link":"https:\/\/www.mediterra-veranda.de\/wps\/index.php\/lamellendach\/","title":{"rendered":"Lamellendach"},"content":{"rendered":"\n<div class=\"wp-block-cover alignwide is-light is-position-center-center\" style=\"min-height:375px;aspect-ratio:unset;\"><span aria-hidden=\"true\" class=\"wp-block-cover__background has-background-dim-20 has-background-dim\"><\/span><img loading=\"lazy\" decoding=\"async\" width=\"1600\" height=\"1200\" class=\"wp-block-cover__image-background wp-image-593\" src=\"https:\/\/www.mediterra-veranda.de\/wps\/wp-content\/uploads\/2021\/02\/Lamellendach5-2.jpg\" style=\"object-position:61% 50%\" data-object-fit=\"cover\" data-object-position=\"61% 50%\" srcset=\"https:\/\/www.mediterra-veranda.de\/wps\/wp-content\/uploads\/2021\/02\/Lamellendach5-2.jpg 1600w, https:\/\/www.mediterra-veranda.de\/wps\/wp-content\/uploads\/2021\/02\/Lamellendach5-2-300x225.jpg 300w, https:\/\/www.mediterra-veranda.de\/wps\/wp-content\/uploads\/2021\/02\/Lamellendach5-2-1024x768.jpg 1024w, https:\/\/www.mediterra-veranda.de\/wps\/wp-content\/uploads\/2021\/02\/Lamellendach5-2-768x576.jpg 768w, https:\/\/www.mediterra-veranda.de\/wps\/wp-content\/uploads\/2021\/02\/Lamellendach5-2-1536x1152.jpg 1536w\" sizes=\"(max-width: 1600px) 100vw, 1600px\" \/><div class=\"wp-block-cover__inner-container is-layout-flow wp-block-cover-is-layout-flow\">\n<p class=\"has-text-align-center has-text-color\" style=\"color:#fffffa;font-size:74px;line-height:1.1\"><strong>Lamellendach<\/strong><\/p>\n<\/div><\/div>\n\n\n<style>.kb-row-layout-id666_3e1a38-5f > .kt-row-column-wrap{align-content:start;}:where(.kb-row-layout-id666_3e1a38-5f > .kt-row-column-wrap) > .wp-block-kadence-column{justify-content:start;}.kb-row-layout-id666_3e1a38-5f > .kt-row-column-wrap{column-gap:var(--global-kb-gap-md, 2rem);row-gap:var(--global-kb-gap-md, 2rem);padding-top:70px;padding-bottom:25px;grid-template-columns:minmax(0, 1fr);}.kb-row-layout-id666_3e1a38-5f > .kt-row-layout-overlay{opacity:0.30;}@media all and (max-width: 1024px){.kb-row-layout-id666_3e1a38-5f > .kt-row-column-wrap{grid-template-columns:minmax(0, 1fr);}}@media all and (max-width: 767px){.kb-row-layout-id666_3e1a38-5f > .kt-row-column-wrap{grid-template-columns:minmax(0, 1fr);}}<\/style><div class=\"kb-row-layout-wrap kb-row-layout-id666_3e1a38-5f alignnone wp-block-kadence-rowlayout\"><div class=\"kt-row-column-wrap kt-has-1-columns kt-row-layout-equal kt-tab-layout-inherit kt-mobile-layout-row kt-row-valign-top\">\n<style>.kadence-column666_08ba66-3e > .kt-inside-inner-col{border-right:25px solid transparent;border-left:25px solid transparent;}.kadence-column666_08ba66-3e > .kt-inside-inner-col,.kadence-column666_08ba66-3e > .kt-inside-inner-col:before{border-top-left-radius:0px;border-top-right-radius:0px;border-bottom-right-radius:0px;border-bottom-left-radius:0px;}.kadence-column666_08ba66-3e > .kt-inside-inner-col{column-gap:var(--global-kb-gap-sm, 1rem);}.kadence-column666_08ba66-3e > .kt-inside-inner-col{flex-direction:column;}.kadence-column666_08ba66-3e > .kt-inside-inner-col > .aligncenter{width:100%;}.kadence-column666_08ba66-3e > .kt-inside-inner-col:before{opacity:0.3;}.kadence-column666_08ba66-3e{position:relative;}@media all and (max-width: 1024px){.kadence-column666_08ba66-3e > .kt-inside-inner-col{border-right:25px solid transparent;border-left:25px solid transparent;flex-direction:column;}}@media all and (max-width: 767px){.kadence-column666_08ba66-3e > .kt-inside-inner-col{border-right:25px solid transparent;border-left:25px solid transparent;flex-direction:column;}}<\/style>\n<div class=\"wp-block-kadence-column kadence-column666_08ba66-3e inner-column-1\"><div class=\"kt-inside-inner-col\">\n<h2 class=\"wp-block-heading has-text-align-center\"><span style=\"color:#95c11f\" class=\"has-inline-color\">Lamellendach &#8211; Mehr Lebensqualit\u00e4t durch Aussenbereich mit Stil<\/span><\/h2>\n\n\n\n<p class=\"has-text-align-center\">Ausgezeichnet durch <strong>innovativen Aussehen<\/strong>! Durch das <strong>besondere Design <\/strong>eine perfekte Wahl, um Ihr Zuhause ein angenehmes, stilvolles Ambiete zu bieten. Durch das modulare System und zahllose integrierbare Auswahlm\u00f6glichkeiten, k\u00f6nnen wir Ihnen eine <strong>individuelle L\u00f6sung<\/strong> nach Ma\u00df bieten.<\/p>\n\n\n\n<p><\/p>\n\n\n<style>.wp-block-kadence-advancedgallery .kb-gallery-type-masonry.kb-gallery-id-_3e8143-76{margin:-5px;}.kb-gallery-type-masonry.kb-gallery-id-_3e8143-76 .kadence-blocks-gallery-item{padding:5px;}.kb-gallery-id-_3e8143-76 .kadence-blocks-gallery-item .kb-gal-image-radius{border-radius:0px 0px 0px 0px;}<\/style>\n<div class=\"wp-block-kadence-advancedgallery kb-gallery-wrap-id-_3e8143-76\"><ul class=\"kb-gallery-ul kb-gallery-type-masonry kb-masonry-init kb-gallery-id-_3e8143-76 kb-gallery-caption-style-bottom-hover kb-gallery-filter-none kb-gallery-magnific-init\" data-item-selector=\".kadence-blocks-gallery-item\" data-image-filter=\"none\" data-lightbox-caption=\"true\" data-columns-xxl=\"3\" data-columns-xl=\"3\" data-columns-lg=\"3\" data-columns-md=\"2\" data-columns-sm=\"1\" data-columns-xs=\"1\"><li class=\"kadence-blocks-gallery-item\"><div class=\"kadence-blocks-gallery-item-inner\"><figure class=\"kb-gallery-figure kb-gallery-item-has-link kadence-blocks-gallery-item-hide-caption\"><a href=\"https:\/\/www.mediterra-veranda.de\/wps\/wp-content\/uploads\/2021\/02\/Lamellendach1-1-scaled.jpg\" class=\"kb-gallery-item-link\"><div class=\"kb-gal-image-radius\" style=\"max-width:1024px\"><div class=\"kb-gallery-image-contain kadence-blocks-gallery-intrinsic\" style=\"padding-bottom:75%\"><img loading=\"lazy\" decoding=\"async\" src=\"https:\/\/www.mediterra-veranda.de\/wps\/wp-content\/uploads\/2021\/02\/Lamellendach1-1-1024x768.jpg\" width=\"1024\" height=\"768\" alt=\"\" data-full-image=\"https:\/\/www.mediterra-veranda.de\/wps\/wp-content\/uploads\/2021\/02\/Lamellendach1-1-scaled.jpg\" data-light-image=\"https:\/\/www.mediterra-veranda.de\/wps\/wp-content\/uploads\/2021\/02\/Lamellendach1-1-scaled.jpg\" data-id=\"553\" data-link=\"https:\/\/www.mediterra-veranda.de\/wps\/index.php\/wohnwintergarten\/lamellendach1-1\/\" class=\"wp-image-553\" srcset=\"https:\/\/www.mediterra-veranda.de\/wps\/wp-content\/uploads\/2021\/02\/Lamellendach1-1-1024x768.jpg 1024w, https:\/\/www.mediterra-veranda.de\/wps\/wp-content\/uploads\/2021\/02\/Lamellendach1-1-300x225.jpg 300w, https:\/\/www.mediterra-veranda.de\/wps\/wp-content\/uploads\/2021\/02\/Lamellendach1-1-768x576.jpg 768w, https:\/\/www.mediterra-veranda.de\/wps\/wp-content\/uploads\/2021\/02\/Lamellendach1-1-1536x1152.jpg 1536w, https:\/\/www.mediterra-veranda.de\/wps\/wp-content\/uploads\/2021\/02\/Lamellendach1-1-2048x1536.jpg 2048w\" sizes=\"(max-width: 1024px) 100vw, 1024px\" \/><\/div><\/div><\/a><\/figure><\/div><\/li><li class=\"kadence-blocks-gallery-item\"><div class=\"kadence-blocks-gallery-item-inner\"><figure class=\"kb-gallery-figure kb-gallery-item-has-link kadence-blocks-gallery-item-hide-caption\"><a href=\"https:\/\/www.mediterra-veranda.de\/wps\/wp-content\/uploads\/2021\/02\/Lamellendach3-1-scaled.jpg\" class=\"kb-gallery-item-link\"><div class=\"kb-gal-image-radius\" style=\"max-width:1024px\"><div class=\"kb-gallery-image-contain kadence-blocks-gallery-intrinsic\" style=\"padding-bottom:75%\"><img loading=\"lazy\" decoding=\"async\" src=\"https:\/\/www.mediterra-veranda.de\/wps\/wp-content\/uploads\/2021\/02\/Lamellendach3-1-1024x768.jpg\" width=\"1024\" height=\"768\" alt=\"\" data-full-image=\"https:\/\/www.mediterra-veranda.de\/wps\/wp-content\/uploads\/2021\/02\/Lamellendach3-1-scaled.jpg\" data-light-image=\"https:\/\/www.mediterra-veranda.de\/wps\/wp-content\/uploads\/2021\/02\/Lamellendach3-1-scaled.jpg\" data-id=\"554\" data-link=\"https:\/\/www.mediterra-veranda.de\/wps\/index.php\/wohnwintergarten\/lamellendach3-1\/\" class=\"wp-image-554\" srcset=\"https:\/\/www.mediterra-veranda.de\/wps\/wp-content\/uploads\/2021\/02\/Lamellendach3-1-1024x768.jpg 1024w, https:\/\/www.mediterra-veranda.de\/wps\/wp-content\/uploads\/2021\/02\/Lamellendach3-1-300x225.jpg 300w, https:\/\/www.mediterra-veranda.de\/wps\/wp-content\/uploads\/2021\/02\/Lamellendach3-1-768x576.jpg 768w, https:\/\/www.mediterra-veranda.de\/wps\/wp-content\/uploads\/2021\/02\/Lamellendach3-1-1536x1152.jpg 1536w, https:\/\/www.mediterra-veranda.de\/wps\/wp-content\/uploads\/2021\/02\/Lamellendach3-1-2048x1536.jpg 2048w\" sizes=\"(max-width: 1024px) 100vw, 1024px\" \/><\/div><\/div><\/a><\/figure><\/div><\/li><li class=\"kadence-blocks-gallery-item\"><div class=\"kadence-blocks-gallery-item-inner\"><figure class=\"kb-gallery-figure kb-gallery-item-has-link kadence-blocks-gallery-item-hide-caption\"><a href=\"https:\/\/www.mediterra-veranda.de\/wps\/wp-content\/uploads\/2021\/02\/Lamellendach6-1.jpg\" class=\"kb-gallery-item-link\"><div class=\"kb-gal-image-radius\" style=\"max-width:1024px\"><div class=\"kb-gallery-image-contain kadence-blocks-gallery-intrinsic\" style=\"padding-bottom:75%\"><img loading=\"lazy\" decoding=\"async\" src=\"https:\/\/www.mediterra-veranda.de\/wps\/wp-content\/uploads\/2021\/02\/Lamellendach6-1-1024x768.jpg\" width=\"1024\" height=\"768\" alt=\"\" data-full-image=\"https:\/\/www.mediterra-veranda.de\/wps\/wp-content\/uploads\/2021\/02\/Lamellendach6-1.jpg\" data-light-image=\"https:\/\/www.mediterra-veranda.de\/wps\/wp-content\/uploads\/2021\/02\/Lamellendach6-1.jpg\" data-id=\"556\" data-link=\"https:\/\/www.mediterra-veranda.de\/wps\/index.php\/wohnwintergarten\/lamellendach6-1\/\" class=\"wp-image-556\" srcset=\"https:\/\/www.mediterra-veranda.de\/wps\/wp-content\/uploads\/2021\/02\/Lamellendach6-1-1024x768.jpg 1024w, https:\/\/www.mediterra-veranda.de\/wps\/wp-content\/uploads\/2021\/02\/Lamellendach6-1-300x225.jpg 300w, https:\/\/www.mediterra-veranda.de\/wps\/wp-content\/uploads\/2021\/02\/Lamellendach6-1-768x576.jpg 768w, https:\/\/www.mediterra-veranda.de\/wps\/wp-content\/uploads\/2021\/02\/Lamellendach6-1-1536x1152.jpg 1536w, https:\/\/www.mediterra-veranda.de\/wps\/wp-content\/uploads\/2021\/02\/Lamellendach6-1.jpg 2016w\" sizes=\"(max-width: 1024px) 100vw, 1024px\" \/><\/div><\/div><\/a><\/figure><\/div><\/li><li class=\"kadence-blocks-gallery-item\"><div class=\"kadence-blocks-gallery-item-inner\"><figure class=\"kb-gallery-figure kb-gallery-item-has-link kadence-blocks-gallery-item-hide-caption\"><a href=\"https:\/\/www.mediterra-veranda.de\/wps\/wp-content\/uploads\/2021\/02\/Lamellendach5-2-edited-e1615029401751.jpg\" class=\"kb-gallery-item-link\"><div class=\"kb-gal-image-radius\" style=\"max-width:1024px\"><div class=\"kb-gallery-image-contain kadence-blocks-gallery-intrinsic\" style=\"padding-bottom:80.76171875%\"><img loading=\"lazy\" decoding=\"async\" src=\"https:\/\/www.mediterra-veranda.de\/wps\/wp-content\/uploads\/2021\/02\/Lamellendach5-2-edited-e1615029241889-1024x827.jpg\" width=\"1024\" height=\"827\" alt=\"\" data-full-image=\"https:\/\/www.mediterra-veranda.de\/wps\/wp-content\/uploads\/2021\/02\/Lamellendach5-2-edited-e1615029401751.jpg\" data-light-image=\"https:\/\/www.mediterra-veranda.de\/wps\/wp-content\/uploads\/2021\/02\/Lamellendach5-2-edited-e1615029401751.jpg\" data-id=\"671\" data-link=\"https:\/\/www.mediterra-veranda.de\/wps\/lamellendach5-2-2\/\" class=\"wp-image-671\"\/><\/div><div class=\"kadence-blocks-gallery-item__caption\">Lamellendach modern<\/div><\/div><\/a><\/figure><\/div><\/li><li class=\"kadence-blocks-gallery-item\"><div class=\"kadence-blocks-gallery-item-inner\"><figure class=\"kb-gallery-figure kb-gallery-item-has-link kadence-blocks-gallery-item-hide-caption\"><a href=\"https:\/\/www.mediterra-veranda.de\/wps\/wp-content\/uploads\/2021\/03\/Lamellendach-scaled.jpg\" class=\"kb-gallery-item-link\"><div class=\"kb-gal-image-radius\" style=\"max-width:1024px\"><div class=\"kb-gallery-image-contain kadence-blocks-gallery-intrinsic\" style=\"padding-bottom:75%\"><img loading=\"lazy\" decoding=\"async\" src=\"https:\/\/www.mediterra-veranda.de\/wps\/wp-content\/uploads\/2021\/03\/Lamellendach-1024x768.jpg\" width=\"1024\" height=\"768\" alt=\"\" data-full-image=\"https:\/\/www.mediterra-veranda.de\/wps\/wp-content\/uploads\/2021\/03\/Lamellendach-scaled.jpg\" data-light-image=\"https:\/\/www.mediterra-veranda.de\/wps\/wp-content\/uploads\/2021\/03\/Lamellendach-scaled.jpg\" data-id=\"808\" data-link=\"https:\/\/www.mediterra-veranda.de\/wps\/index.php\/lamellendach\/lamellendach-2\/\" class=\"wp-image-808\" srcset=\"https:\/\/www.mediterra-veranda.de\/wps\/wp-content\/uploads\/2021\/03\/Lamellendach-1024x768.jpg 1024w, https:\/\/www.mediterra-veranda.de\/wps\/wp-content\/uploads\/2021\/03\/Lamellendach-300x225.jpg 300w, https:\/\/www.mediterra-veranda.de\/wps\/wp-content\/uploads\/2021\/03\/Lamellendach-768x576.jpg 768w, https:\/\/www.mediterra-veranda.de\/wps\/wp-content\/uploads\/2021\/03\/Lamellendach-1536x1152.jpg 1536w, https:\/\/www.mediterra-veranda.de\/wps\/wp-content\/uploads\/2021\/03\/Lamellendach-2048x1536.jpg 2048w\" sizes=\"(max-width: 1024px) 100vw, 1024px\" \/><\/div><\/div><\/a><\/figure><\/div><\/li><li class=\"kadence-blocks-gallery-item\"><div class=\"kadence-blocks-gallery-item-inner\"><figure class=\"kb-gallery-figure kb-gallery-item-has-link kadence-blocks-gallery-item-hide-caption\"><a href=\"https:\/\/www.mediterra-veranda.de\/wps\/wp-content\/uploads\/2021\/03\/Lamellendach_n2-scaled.jpg\" class=\"kb-gallery-item-link\"><div class=\"kb-gal-image-radius\" style=\"max-width:1024px\"><div class=\"kb-gallery-image-contain kadence-blocks-gallery-intrinsic\" style=\"padding-bottom:75%\"><img loading=\"lazy\" decoding=\"async\" src=\"https:\/\/www.mediterra-veranda.de\/wps\/wp-content\/uploads\/2021\/03\/Lamellendach_n2-1024x768.jpg\" width=\"1024\" height=\"768\" alt=\"\" data-full-image=\"https:\/\/www.mediterra-veranda.de\/wps\/wp-content\/uploads\/2021\/03\/Lamellendach_n2-scaled.jpg\" data-light-image=\"https:\/\/www.mediterra-veranda.de\/wps\/wp-content\/uploads\/2021\/03\/Lamellendach_n2-scaled.jpg\" data-id=\"812\" data-link=\"https:\/\/www.mediterra-veranda.de\/wps\/index.php\/lamellendach\/lamellendach_n2\/\" class=\"wp-image-812\" srcset=\"https:\/\/www.mediterra-veranda.de\/wps\/wp-content\/uploads\/2021\/03\/Lamellendach_n2-1024x768.jpg 1024w, https:\/\/www.mediterra-veranda.de\/wps\/wp-content\/uploads\/2021\/03\/Lamellendach_n2-300x225.jpg 300w, https:\/\/www.mediterra-veranda.de\/wps\/wp-content\/uploads\/2021\/03\/Lamellendach_n2-768x576.jpg 768w, https:\/\/www.mediterra-veranda.de\/wps\/wp-content\/uploads\/2021\/03\/Lamellendach_n2-1536x1152.jpg 1536w, https:\/\/www.mediterra-veranda.de\/wps\/wp-content\/uploads\/2021\/03\/Lamellendach_n2-2048x1536.jpg 2048w\" sizes=\"(max-width: 1024px) 100vw, 1024px\" \/><\/div><\/div><\/a><\/figure><\/div><\/li><li class=\"kadence-blocks-gallery-item\"><div class=\"kadence-blocks-gallery-item-inner\"><figure class=\"kb-gallery-figure kb-gallery-item-has-link kadence-blocks-gallery-item-hide-caption\"><a href=\"https:\/\/www.mediterra-veranda.de\/wps\/wp-content\/uploads\/2021\/03\/Lamellendach_ne-scaled.jpg\" class=\"kb-gallery-item-link\"><div class=\"kb-gal-image-radius\" style=\"max-width:1024px\"><div class=\"kb-gallery-image-contain kadence-blocks-gallery-intrinsic\" style=\"padding-bottom:75%\"><img loading=\"lazy\" decoding=\"async\" src=\"https:\/\/www.mediterra-veranda.de\/wps\/wp-content\/uploads\/2021\/03\/Lamellendach_ne-1024x768.jpg\" width=\"1024\" height=\"768\" alt=\"\" data-full-image=\"https:\/\/www.mediterra-veranda.de\/wps\/wp-content\/uploads\/2021\/03\/Lamellendach_ne-scaled.jpg\" data-light-image=\"https:\/\/www.mediterra-veranda.de\/wps\/wp-content\/uploads\/2021\/03\/Lamellendach_ne-scaled.jpg\" data-id=\"814\" data-link=\"https:\/\/www.mediterra-veranda.de\/wps\/index.php\/lamellendach\/lamellendach_ne\/\" class=\"wp-image-814\" srcset=\"https:\/\/www.mediterra-veranda.de\/wps\/wp-content\/uploads\/2021\/03\/Lamellendach_ne-1024x768.jpg 1024w, https:\/\/www.mediterra-veranda.de\/wps\/wp-content\/uploads\/2021\/03\/Lamellendach_ne-300x225.jpg 300w, https:\/\/www.mediterra-veranda.de\/wps\/wp-content\/uploads\/2021\/03\/Lamellendach_ne-768x576.jpg 768w, https:\/\/www.mediterra-veranda.de\/wps\/wp-content\/uploads\/2021\/03\/Lamellendach_ne-1536x1152.jpg 1536w, https:\/\/www.mediterra-veranda.de\/wps\/wp-content\/uploads\/2021\/03\/Lamellendach_ne-2048x1536.jpg 2048w\" sizes=\"(max-width: 1024px) 100vw, 1024px\" \/><\/div><\/div><\/a><\/figure><\/div><\/li><li class=\"kadence-blocks-gallery-item\"><div class=\"kadence-blocks-gallery-item-inner\"><figure class=\"kb-gallery-figure kb-gallery-item-has-link kadence-blocks-gallery-item-hide-caption\"><a href=\"https:\/\/www.mediterra-veranda.de\/wps\/wp-content\/uploads\/2021\/03\/Lamellendach_n-1-scaled.jpg\" class=\"kb-gallery-item-link\"><div class=\"kb-gal-image-radius\" style=\"max-width:1024px\"><div class=\"kb-gallery-image-contain kadence-blocks-gallery-intrinsic\" style=\"padding-bottom:75%\"><img loading=\"lazy\" decoding=\"async\" src=\"https:\/\/www.mediterra-veranda.de\/wps\/wp-content\/uploads\/2021\/03\/Lamellendach_n-1-1024x768.jpg\" width=\"1024\" height=\"768\" alt=\"\" data-full-image=\"https:\/\/www.mediterra-veranda.de\/wps\/wp-content\/uploads\/2021\/03\/Lamellendach_n-1-scaled.jpg\" data-light-image=\"https:\/\/www.mediterra-veranda.de\/wps\/wp-content\/uploads\/2021\/03\/Lamellendach_n-1-scaled.jpg\" data-id=\"815\" data-link=\"https:\/\/www.mediterra-veranda.de\/wps\/index.php\/lamellendach\/lamellendach_n-1\/\" class=\"wp-image-815\" srcset=\"https:\/\/www.mediterra-veranda.de\/wps\/wp-content\/uploads\/2021\/03\/Lamellendach_n-1-1024x768.jpg 1024w, https:\/\/www.mediterra-veranda.de\/wps\/wp-content\/uploads\/2021\/03\/Lamellendach_n-1-300x225.jpg 300w, https:\/\/www.mediterra-veranda.de\/wps\/wp-content\/uploads\/2021\/03\/Lamellendach_n-1-768x576.jpg 768w, https:\/\/www.mediterra-veranda.de\/wps\/wp-content\/uploads\/2021\/03\/Lamellendach_n-1-1536x1152.jpg 1536w, https:\/\/www.mediterra-veranda.de\/wps\/wp-content\/uploads\/2021\/03\/Lamellendach_n-1-2048x1536.jpg 2048w\" sizes=\"(max-width: 1024px) 100vw, 1024px\" \/><\/div><\/div><\/a><\/figure><\/div><\/li><\/ul><\/div>\n\n\n\n<p><\/p>\n<\/div><\/div>\n\n<\/div><\/div>\n\n\n<p><\/p>\n","protected":false},"excerpt":{"rendered":"<p>Lamellendach &#8211; Mehr Lebensqualit\u00e4t durch Aussenbereich mit Stil Ausgezeichnet durch innovativen Aussehen! Durch das besondere Design eine perfekte Wahl, um Ihr Zuhause ein angenehmes, stilvolles Ambiete zu bieten. Durch das modulare System und zahllose integrierbare Auswahlm\u00f6glichkeiten, k\u00f6nnen wir Ihnen eine individuelle L\u00f6sung nach Ma\u00df bieten.<\/p>\n","protected":false},"author":1,"featured_media":0,"parent":0,"menu_order":0,"comment_status":"closed","ping_status":"closed","template":"","meta":{"_kadence_starter_templates_imported_post":false,"_kad_post_transparent":"","_kad_post_title":"","_kad_post_layout":"","_kad_post_sidebar_id":"","_kad_post_content_style":"","_kad_post_vertical_padding":"","_kad_post_feature":"","_kad_post_feature_position":"","_kad_post_header":false,"_kad_post_footer":false,"footnotes":""},"yoast_head":"<!-- This site is optimized with the Yoast SEO plugin v22.9 - https:\/\/yoast.com\/wordpress\/plugins\/seo\/ -->\n<title>Lamellendach - HK-Alutechnik<\/title>\n<meta name=\"description\" content=\"Genie\u00dfen Sie ein stilvolles Ambiente mit einem Lamellendach von HK-Alutechnik. Individuelle Anpassungen und modernes Design.\" \/>\n<meta name=\"robots\" content=\"index, follow, max-snippet:-1, max-image-preview:large, max-video-preview:-1\" \/>\n<link rel=\"canonical\" href=\"https:\/\/www.mediterra-veranda.de\/wps\/index.php\/lamellendach\/\" \/>\n<meta property=\"og:locale\" content=\"de_DE\" \/>\n<meta property=\"og:type\" content=\"article\" \/>\n<meta property=\"og:title\" content=\"Lamellendach - HK-Alutechnik\" \/>\n<meta property=\"og:description\" content=\"Genie\u00dfen Sie ein stilvolles Ambiente mit einem Lamellendach von HK-Alutechnik. Individuelle Anpassungen und modernes Design.\" \/>\n<meta property=\"og:url\" content=\"https:\/\/www.mediterra-veranda.de\/wps\/index.php\/lamellendach\/\" \/>\n<meta property=\"og:site_name\" content=\"HK-Alutechnik\" \/>\n<meta property=\"article:modified_time\" content=\"2024-06-18T11:37:56+00:00\" \/>\n<meta property=\"og:image\" content=\"https:\/\/www.mediterra-veranda.de\/wps\/wp-content\/uploads\/2021\/02\/Lamellendach5-2.jpg\" \/>\n<meta name=\"twitter:card\" content=\"summary_large_image\" \/>\n<meta name=\"twitter:label1\" content=\"Gesch\u00e4tzte Lesezeit\" \/>\n\t<meta name=\"twitter:data1\" content=\"3\u00a0Minuten\" \/>\n<script type=\"application\/ld+json\" class=\"yoast-schema-graph\">{\"@context\":\"https:\/\/schema.org\",\"@graph\":[{\"@type\":\"WebPage\",\"@id\":\"https:\/\/www.mediterra-veranda.de\/wps\/index.php\/lamellendach\/\",\"url\":\"https:\/\/www.mediterra-veranda.de\/wps\/index.php\/lamellendach\/\",\"name\":\"Lamellendach - HK-Alutechnik\",\"isPartOf\":{\"@id\":\"https:\/\/www.mediterra-veranda.de\/wps\/#website\"},\"primaryImageOfPage\":{\"@id\":\"https:\/\/www.mediterra-veranda.de\/wps\/index.php\/lamellendach\/#primaryimage\"},\"image\":{\"@id\":\"https:\/\/www.mediterra-veranda.de\/wps\/index.php\/lamellendach\/#primaryimage\"},\"thumbnailUrl\":\"https:\/\/www.mediterra-veranda.de\/wps\/wp-content\/uploads\/2021\/02\/Lamellendach5-2.jpg\",\"datePublished\":\"2021-02-27T09:18:24+00:00\",\"dateModified\":\"2024-06-18T11:37:56+00:00\",\"description\":\"Genie\u00dfen Sie ein stilvolles Ambiente mit einem Lamellendach von HK-Alutechnik. Individuelle Anpassungen und modernes Design.\",\"breadcrumb\":{\"@id\":\"https:\/\/www.mediterra-veranda.de\/wps\/index.php\/lamellendach\/#breadcrumb\"},\"inLanguage\":\"de\",\"potentialAction\":[{\"@type\":\"ReadAction\",\"target\":[\"https:\/\/www.mediterra-veranda.de\/wps\/index.php\/lamellendach\/\"]}]},{\"@type\":\"ImageObject\",\"inLanguage\":\"de\",\"@id\":\"https:\/\/www.mediterra-veranda.de\/wps\/index.php\/lamellendach\/#primaryimage\",\"url\":\"https:\/\/www.mediterra-veranda.de\/wps\/wp-content\/uploads\/2021\/02\/Lamellendach5-2.jpg\",\"contentUrl\":\"https:\/\/www.mediterra-veranda.de\/wps\/wp-content\/uploads\/2021\/02\/Lamellendach5-2.jpg\",\"width\":1600,\"height\":1200,\"caption\":\"Modernes zweist\u00f6ckiges Haus mit gro\u00dfen Fenstern und schwarzen Fensterl\u00e4den. Eine ger\u00e4umige Terrasse verf\u00fcgt \u00fcber eine Pergola mit Sitzgelegenheiten, umgeben von einem gepflegten Rasen und dekorativen Graspflanzen. Wei\u00dfe Terrassenst\u00fchle und ein Sonnenschirm stehen in einer Ecke unter der Terrassen\u00fcberdachung. \u00dcber uns klarer blauer Himmel.\"},{\"@type\":\"BreadcrumbList\",\"@id\":\"https:\/\/www.mediterra-veranda.de\/wps\/index.php\/lamellendach\/#breadcrumb\",\"itemListElement\":[{\"@type\":\"ListItem\",\"position\":1,\"name\":\"Home\",\"item\":\"https:\/\/www.mediterra-veranda.de\/wps\/\"},{\"@type\":\"ListItem\",\"position\":2,\"name\":\"Lamellendach\"}]},{\"@type\":\"WebSite\",\"@id\":\"https:\/\/www.mediterra-veranda.de\/wps\/#website\",\"url\":\"https:\/\/www.mediterra-veranda.de\/wps\/\",\"name\":\"HK-Alutechnik\",\"description\":\"Helmut Kielmann Schwarzenfeld\",\"publisher\":{\"@id\":\"https:\/\/www.mediterra-veranda.de\/wps\/#organization\"},\"potentialAction\":[{\"@type\":\"SearchAction\",\"target\":{\"@type\":\"EntryPoint\",\"urlTemplate\":\"https:\/\/www.mediterra-veranda.de\/wps\/?s={search_term_string}\"},\"query-input\":\"required name=search_term_string\"}],\"inLanguage\":\"de\"},{\"@type\":\"Organization\",\"@id\":\"https:\/\/www.mediterra-veranda.de\/wps\/#organization\",\"name\":\"HK-Alutechnik\",\"url\":\"https:\/\/www.mediterra-veranda.de\/wps\/\",\"logo\":{\"@type\":\"ImageObject\",\"inLanguage\":\"de\",\"@id\":\"https:\/\/www.mediterra-veranda.de\/wps\/#\/schema\/logo\/image\/\",\"url\":\"https:\/\/www.mediterra-veranda.de\/wps\/wp-content\/uploads\/2021\/02\/Logo_Header.png\",\"contentUrl\":\"https:\/\/www.mediterra-veranda.de\/wps\/wp-content\/uploads\/2021\/02\/Logo_Header.png\",\"width\":640,\"height\":105,\"caption\":\"HK-Alutechnik\"},\"image\":{\"@id\":\"https:\/\/www.mediterra-veranda.de\/wps\/#\/schema\/logo\/image\/\"}}]}<\/script>\n<!-- \/ Yoast SEO plugin. -->","yoast_head_json":{"title":"Lamellendach - HK-Alutechnik","description":"Genie\u00dfen Sie ein stilvolles Ambiente mit einem Lamellendach von HK-Alutechnik. Individuelle Anpassungen und modernes Design.","robots":{"index":"index","follow":"follow","max-snippet":"max-snippet:-1","max-image-preview":"max-image-preview:large","max-video-preview":"max-video-preview:-1"},"canonical":"https:\/\/www.mediterra-veranda.de\/wps\/index.php\/lamellendach\/","og_locale":"de_DE","og_type":"article","og_title":"Lamellendach - HK-Alutechnik","og_description":"Genie\u00dfen Sie ein stilvolles Ambiente mit einem Lamellendach von HK-Alutechnik. Individuelle Anpassungen und modernes Design.","og_url":"https:\/\/www.mediterra-veranda.de\/wps\/index.php\/lamellendach\/","og_site_name":"HK-Alutechnik","article_modified_time":"2024-06-18T11:37:56+00:00","og_image":[{"url":"https:\/\/www.mediterra-veranda.de\/wps\/wp-content\/uploads\/2021\/02\/Lamellendach5-2.jpg"}],"twitter_card":"summary_large_image","twitter_misc":{"Gesch\u00e4tzte Lesezeit":"3\u00a0Minuten"},"schema":{"@context":"https:\/\/schema.org","@graph":[{"@type":"WebPage","@id":"https:\/\/www.mediterra-veranda.de\/wps\/index.php\/lamellendach\/","url":"https:\/\/www.mediterra-veranda.de\/wps\/index.php\/lamellendach\/","name":"Lamellendach - HK-Alutechnik","isPartOf":{"@id":"https:\/\/www.mediterra-veranda.de\/wps\/#website"},"primaryImageOfPage":{"@id":"https:\/\/www.mediterra-veranda.de\/wps\/index.php\/lamellendach\/#primaryimage"},"image":{"@id":"https:\/\/www.mediterra-veranda.de\/wps\/index.php\/lamellendach\/#primaryimage"},"thumbnailUrl":"https:\/\/www.mediterra-veranda.de\/wps\/wp-content\/uploads\/2021\/02\/Lamellendach5-2.jpg","datePublished":"2021-02-27T09:18:24+00:00","dateModified":"2024-06-18T11:37:56+00:00","description":"Genie\u00dfen Sie ein stilvolles Ambiente mit einem Lamellendach von HK-Alutechnik. Individuelle Anpassungen und modernes Design.","breadcrumb":{"@id":"https:\/\/www.mediterra-veranda.de\/wps\/index.php\/lamellendach\/#breadcrumb"},"inLanguage":"de","potentialAction":[{"@type":"ReadAction","target":["https:\/\/www.mediterra-veranda.de\/wps\/index.php\/lamellendach\/"]}]},{"@type":"ImageObject","inLanguage":"de","@id":"https:\/\/www.mediterra-veranda.de\/wps\/index.php\/lamellendach\/#primaryimage","url":"https:\/\/www.mediterra-veranda.de\/wps\/wp-content\/uploads\/2021\/02\/Lamellendach5-2.jpg","contentUrl":"https:\/\/www.mediterra-veranda.de\/wps\/wp-content\/uploads\/2021\/02\/Lamellendach5-2.jpg","width":1600,"height":1200,"caption":"Modernes zweist\u00f6ckiges Haus mit gro\u00dfen Fenstern und schwarzen Fensterl\u00e4den. Eine ger\u00e4umige Terrasse verf\u00fcgt \u00fcber eine Pergola mit Sitzgelegenheiten, umgeben von einem gepflegten Rasen und dekorativen Graspflanzen. Wei\u00dfe Terrassenst\u00fchle und ein Sonnenschirm stehen in einer Ecke unter der Terrassen\u00fcberdachung. \u00dcber uns klarer blauer Himmel."},{"@type":"BreadcrumbList","@id":"https:\/\/www.mediterra-veranda.de\/wps\/index.php\/lamellendach\/#breadcrumb","itemListElement":[{"@type":"ListItem","position":1,"name":"Home","item":"https:\/\/www.mediterra-veranda.de\/wps\/"},{"@type":"ListItem","position":2,"name":"Lamellendach"}]},{"@type":"WebSite","@id":"https:\/\/www.mediterra-veranda.de\/wps\/#website","url":"https:\/\/www.mediterra-veranda.de\/wps\/","name":"HK-Alutechnik","description":"Helmut Kielmann Schwarzenfeld","publisher":{"@id":"https:\/\/www.mediterra-veranda.de\/wps\/#organization"},"potentialAction":[{"@type":"SearchAction","target":{"@type":"EntryPoint","urlTemplate":"https:\/\/www.mediterra-veranda.de\/wps\/?s={search_term_string}"},"query-input":"required name=search_term_string"}],"inLanguage":"de"},{"@type":"Organization","@id":"https:\/\/www.mediterra-veranda.de\/wps\/#organization","name":"HK-Alutechnik","url":"https:\/\/www.mediterra-veranda.de\/wps\/","logo":{"@type":"ImageObject","inLanguage":"de","@id":"https:\/\/www.mediterra-veranda.de\/wps\/#\/schema\/logo\/image\/","url":"https:\/\/www.mediterra-veranda.de\/wps\/wp-content\/uploads\/2021\/02\/Logo_Header.png","contentUrl":"https:\/\/www.mediterra-veranda.de\/wps\/wp-content\/uploads\/2021\/02\/Logo_Header.png","width":640,"height":105,"caption":"HK-Alutechnik"},"image":{"@id":"https:\/\/www.mediterra-veranda.de\/wps\/#\/schema\/logo\/image\/"}}]}},"_links":{"self":[{"href":"https:\/\/www.mediterra-veranda.de\/wps\/index.php\/wp-json\/wp\/v2\/pages\/666"}],"collection":[{"href":"https:\/\/www.mediterra-veranda.de\/wps\/index.php\/wp-json\/wp\/v2\/pages"}],"about":[{"href":"https:\/\/www.mediterra-veranda.de\/wps\/index.php\/wp-json\/wp\/v2\/types\/page"}],"author":[{"embeddable":true,"href":"https:\/\/www.mediterra-veranda.de\/wps\/index.php\/wp-json\/wp\/v2\/users\/1"}],"replies":[{"embeddable":true,"href":"https:\/\/www.mediterra-veranda.de\/wps\/index.php\/wp-json\/wp\/v2\/comments?post=666"}],"version-history":[{"count":11,"href":"https:\/\/www.mediterra-veranda.de\/wps\/index.php\/wp-json\/wp\/v2\/pages\/666\/revisions"}],"predecessor-version":[{"id":876,"href":"https:\/\/www.mediterra-veranda.de\/wps\/index.php\/wp-json\/wp\/v2\/pages\/666\/revisions\/876"}],"wp:attachment":[{"href":"https:\/\/www.mediterra-veranda.de\/wps\/index.php\/wp-json\/wp\/v2\/media?parent=666"}],"curies":[{"name":"wp","href":"https:\/\/api.w.org\/{rel}","templated":true}]}}